{"id":26,"date":"2021-07-24T13:43:51","date_gmt":"2021-07-24T13:43:51","guid":{"rendered":"https:\/\/www.cecrosario.gob.ar\/?page_id=26"},"modified":"2025-03-26T18:12:40","modified_gmt":"2025-03-26T21:12:40","slug":"archivo","status":"publish","type":"page","link":"https:\/\/www.cecrosario.gob.ar\/index.php\/archivo\/","title":{"rendered":"Archivo"},"content":{"rendered":"\t\t<div data-elementor-type=\"wp-page\" data-elementor-id=\"26\" class=\"elementor elementor-26\">\n\t\t\t\t<div class=\"elementor-element elementor-element-cffaaa6 e-flex e-con-boxed wpr-particle-no wpr-jarallax-no wpr-parallax-no wpr-sticky-section-no e-con e-parent\" data-id=\"cffaaa6\" data-element_type=\"container\" data-e-type=\"container\" data-settings=\"{&quot;background_background&quot;:&quot;classic&quot;}\">\n\t\t\t\t\t<div class=\"e-con-inner\">\n\t\t\t\t<div class=\"elementor-element elementor-element-b60fb6e elementor-widget elementor-widget-heading\" data-id=\"b60fb6e\" data-element_type=\"widget\" data-e-type=\"widget\" data-widget_type=\"heading.default\">\n\t\t\t\t<div class=\"elementor-widget-container\">\n\t\t\t\t\t<h2 class=\"elementor-heading-title elementor-size-default\">Archivo de actividades<\/h2>\t\t\t\t<\/div>\n\t\t\t\t<\/div>\n\t\t\t\t<div class=\"elementor-element elementor-element-084274e elementor-widget elementor-widget-MEC\" data-id=\"084274e\" data-element_type=\"widget\" data-e-type=\"widget\" data-widget_type=\"MEC.default\">\n\t\t\t\t<div class=\"elementor-widget-container\">\n\t\t\t\t\t<div id=\"mec_skin_3485\" class=\"mec-wrap colorskin-custom  \">\r\n\r\n    <div id=\"mec_search_form_3485\" class=\"mec-search-form mec-totalcal-box\"><div class=\"mec-dropdown-wrap\" style=\"display: none;\"><\/div><div class=\"mec-date-search\"><input type=\"hidden\" id=\"mec-filter-none\" value=\"Elegir\"><label for=\"mec_sf_month_3485\">Fecha: <\/label><i class=\"mec-sl-calendar\"><\/i>\r\n                    <select id=\"mec_sf_month_3485\" title=\"Filtrar por mes\">\r\n                        <option value=\"\">Elegir mes<\/option><option value=\"01\">enero<\/option><option value=\"02\">febrero<\/option><option value=\"03\">marzo<\/option><option value=\"04\">abril<\/option><option value=\"05\">mayo<\/option><option value=\"06\">junio<\/option><option value=\"07\">julio<\/option><option value=\"08\">agosto<\/option><option value=\"09\">septiembre<\/option><option value=\"10\">octubre<\/option><option value=\"11\">noviembre<\/option><option value=\"12\">diciembre<\/option><\/select><select id=\"mec_sf_year_3485\" title=\"Year Filter\"><option value=\"\">Select Year<\/option><option value=\"2020\" >2020<\/option><option value=\"2021\" >2021<\/option><option value=\"2022\" >2022<\/option><option value=\"2023\" >2023<\/option><option value=\"2024\" >2024<\/option><option value=\"2025\" >2025<\/option><option value=\"2026\" selected>2026<\/option><option value=\"2027\" >2027<\/option><option value=\"2028\" >2028<\/option><option value=\"2029\" >2029<\/option><option value=\"2030\" >2030<\/option><option value=\"2031\" >2031<\/option><option value=\"2032\" >2032<\/option><option value=\"2033\" >2033<\/option><option value=\"2034\" >2034<\/option><option value=\"2035\" >2035<\/option><\/select><\/div><div class=\"mec-text-input-search\"><label for=\"mec_sf_s_3485\">Texto: <\/label><i class=\"mec-sl-magnifier\"><\/i>\r\n                    <input type=\"search\" value=\"\" id=\"mec_sf_s_3485\" placeholder=\"\" title=\"\" \/>\r\n                <\/div><\/div>\r\n    <div class=\"mec-calendar mec-box-calendar\" id=\"mec_skin_events_3485_full\">\r\n        <div class=\"mec-calendar-topsec\">        <div class=\"mec-calendar-side mec-clear\">\r\n                        <div class=\"mec-skin-monthly-view-month-navigator-container\">\r\n                <div class=\"mec-month-navigator\" id=\"mec_month_navigator_3485_202603\"><div class=\"mec-previous-month mec-load-month mec-previous-month\" data-mec-year=\"2026\" data-mec-month=\"02\"><a href=\"#\" class=\"mec-load-month-link\"><i class=\"mec-sl-angle-left\"><\/i> febrero<\/a><\/div><div class=\"mec-calendar-header\"><h2>marzo 2026<\/h2><\/div><div class=\"mec-next-month mec-load-month mec-next-month\" data-mec-year=\"2026\" data-mec-month=\"04\"><a href=\"#\" class=\"mec-load-month-link\">abril <i class=\"mec-sl-angle-right\"><\/i><\/a><\/div><\/div>\r\n            <\/div>\r\n            \r\n            <div class=\"mec-calendar-table\" id=\"mec_skin_events_3485\">\r\n                <div class=\"mec-month-container mec-month-container-selected\" id=\"mec_monthly_view_month_3485_202603\" data-month-id=\"202603\"><dl class=\"mec-calendar-table-head\"><dt class=\"mec-calendar-day-head\">DO<\/dt><dt class=\"mec-calendar-day-head\">LU<\/dt><dt class=\"mec-calendar-day-head\">MA<\/dt><dt class=\"mec-calendar-day-head\">MI<\/dt><dt class=\"mec-calendar-day-head\">JU<\/dt><dt class=\"mec-calendar-day-head\">VI<\/dt><dt class=\"mec-calendar-day-head\">SA<\/dt><\/dl><dl class=\"mec-calendar-row\">\r\n    <dt class=\"mec-calendar-day mec-has-event \" data-mec-cell=\"20260301\" data-day=\"1\" data-month=\"202603\"><a href=\"#\" class=\"mec-has-event-a\">1<\/a><\/dt><\/dt><dt class=\"mec-calendar-day mec-has-event \" data-mec-cell=\"20260302\" data-day=\"2\" data-month=\"202603\"><a href=\"#\" class=\"mec-has-event-a\">2<\/a><\/dt><\/dt><dt class=\"mec-calendar-day mec-has-event \" data-mec-cell=\"20260303\" data-day=\"3\" data-month=\"202603\"><a href=\"#\" class=\"mec-has-event-a\">3<\/a><\/dt><\/dt><dt class=\"mec-calendar-day mec-has-event \" data-mec-cell=\"20260304\" data-day=\"4\" data-month=\"202603\"><a href=\"#\" class=\"mec-has-event-a\">4<\/a><\/dt><\/dt><dt class=\"mec-calendar-day mec-has-event \" data-mec-cell=\"20260305\" data-day=\"5\" data-month=\"202603\"><a href=\"#\" class=\"mec-has-event-a\">5<\/a><\/dt><\/dt><dt class=\"mec-calendar-day mec-has-event \" data-mec-cell=\"20260306\" data-day=\"6\" data-month=\"202603\"><a href=\"#\" class=\"mec-has-event-a\">6<\/a><\/dt><\/dt><dt class=\"mec-calendar-day mec-has-event \" data-mec-cell=\"20260307\" data-day=\"7\" data-month=\"202603\"><a href=\"#\" class=\"mec-has-event-a\">7<\/a><\/dt><\/dt><\/dl><dl class=\"mec-calendar-row\"><dt class=\"mec-calendar-day mec-has-event \" data-mec-cell=\"20260308\" data-day=\"8\" data-month=\"202603\"><a href=\"#\" class=\"mec-has-event-a\">8<\/a><\/dt><\/dt><dt class=\"mec-calendar-day mec-has-event \" data-mec-cell=\"20260309\" data-day=\"9\" data-month=\"202603\"><a href=\"#\" class=\"mec-has-event-a\">9<\/a><\/dt><\/dt><dt class=\"mec-calendar-day mec-has-event \" data-mec-cell=\"20260310\" data-day=\"10\" data-month=\"202603\"><a href=\"#\" class=\"mec-has-event-a\">10<\/a><\/dt><\/dt><dt class=\"mec-calendar-day mec-has-event \" data-mec-cell=\"20260311\" data-day=\"11\" data-month=\"202603\"><a href=\"#\" class=\"mec-has-event-a\">11<\/a><\/dt><\/dt><dt class=\"mec-calendar-day mec-has-event \" data-mec-cell=\"20260312\" data-day=\"12\" data-month=\"202603\"><a href=\"#\" class=\"mec-has-event-a\">12<\/a><\/dt><\/dt><dt class=\"mec-calendar-day mec-has-event \" data-mec-cell=\"20260313\" data-day=\"13\" data-month=\"202603\"><a href=\"#\" class=\"mec-has-event-a\">13<\/a><\/dt><\/dt><dt class=\"mec-calendar-day mec-has-event \" data-mec-cell=\"20260314\" data-day=\"14\" data-month=\"202603\"><a href=\"#\" class=\"mec-has-event-a\">14<\/a><\/dt><\/dt><\/dl><dl class=\"mec-calendar-row\"><dt class=\"mec-calendar-day mec-has-event \" data-mec-cell=\"20260315\" data-day=\"15\" data-month=\"202603\"><a href=\"#\" class=\"mec-has-event-a\">15<\/a><\/dt><\/dt><dt class=\"mec-calendar-day mec-has-event \" data-mec-cell=\"20260316\" data-day=\"16\" data-month=\"202603\"><a href=\"#\" class=\"mec-has-event-a\">16<\/a><\/dt><\/dt><dt class=\"mec-calendar-day mec-has-event \" data-mec-cell=\"20260317\" data-day=\"17\" data-month=\"202603\"><a href=\"#\" class=\"mec-has-event-a\">17<\/a><\/dt><\/dt><dt class=\"mec-calendar-day mec-has-event \" data-mec-cell=\"20260318\" data-day=\"18\" data-month=\"202603\"><a href=\"#\" class=\"mec-has-event-a\">18<\/a><\/dt><\/dt><dt class=\"mec-calendar-day mec-has-event \" data-mec-cell=\"20260319\" data-day=\"19\" data-month=\"202603\"><a href=\"#\" class=\"mec-has-event-a\">19<\/a><\/dt><\/dt><dt class=\"mec-calendar-day mec-has-event \" data-mec-cell=\"20260320\" data-day=\"20\" data-month=\"202603\"><a href=\"#\" class=\"mec-has-event-a\">20<\/a><\/dt><\/dt><dt class=\"mec-calendar-day mec-has-event \" data-mec-cell=\"20260321\" data-day=\"21\" data-month=\"202603\"><a href=\"#\" class=\"mec-has-event-a\">21<\/a><\/dt><\/dt><\/dl><dl class=\"mec-calendar-row\"><dt class=\"mec-calendar-day mec-has-event \" data-mec-cell=\"20260322\" data-day=\"22\" data-month=\"202603\"><a href=\"#\" class=\"mec-has-event-a\">22<\/a><\/dt><\/dt><dt class=\"mec-calendar-day mec-has-event \" data-mec-cell=\"20260323\" data-day=\"23\" data-month=\"202603\"><a href=\"#\" class=\"mec-has-event-a\">23<\/a><\/dt><\/dt><dt class=\"mec-calendar-day mec-has-event \" data-mec-cell=\"20260324\" data-day=\"24\" data-month=\"202603\"><a href=\"#\" class=\"mec-has-event-a\">24<\/a><\/dt><\/dt><dt class=\"mec-calendar-day mec-has-event  mec-selected-day\" data-mec-cell=\"20260325\" data-day=\"25\" data-month=\"202603\"><a href=\"#\" class=\"mec-has-event-a\">25<\/a><\/dt><\/dt><dt class=\"mec-calendar-day mec-has-event \" data-mec-cell=\"20260326\" data-day=\"26\" data-month=\"202603\"><a href=\"#\" class=\"mec-has-event-a\">26<\/a><\/dt><\/dt><dt class=\"mec-calendar-day mec-has-event \" data-mec-cell=\"20260327\" data-day=\"27\" data-month=\"202603\"><a href=\"#\" class=\"mec-has-event-a\">27<\/a><\/dt><\/dt><dt class=\"mec-calendar-day mec-has-event \" data-mec-cell=\"20260328\" data-day=\"28\" data-month=\"202603\"><a href=\"#\" class=\"mec-has-event-a\">28<\/a><\/dt><\/dt><\/dl><dl class=\"mec-calendar-row\"><dt class=\"mec-calendar-day mec-has-event \" data-mec-cell=\"20260329\" data-day=\"29\" data-month=\"202603\"><a href=\"#\" class=\"mec-has-event-a\">29<\/a><\/dt><\/dt><dt class=\"mec-calendar-day mec-has-event \" data-mec-cell=\"20260330\" data-day=\"30\" data-month=\"202603\"><a href=\"#\" class=\"mec-has-event-a\">30<\/a><\/dt><\/dt><dt class=\"mec-calendar-day mec-has-event \" data-mec-cell=\"20260331\" data-day=\"31\" data-month=\"202603\"><a href=\"#\" class=\"mec-has-event-a\">31<\/a><\/dt><\/dt><dt class=\"mec-calendar-day mec-has-event \" data-mec-cell=\"20260401\" data-day=\"1\" data-month=\"202603\"><a href=\"#\" class=\"mec-has-event-a\">1<\/a><\/dt><dt class=\"mec-calendar-day mec-has-event \" data-mec-cell=\"20260402\" data-day=\"2\" data-month=\"202603\"><a href=\"#\" class=\"mec-has-event-a\">2<\/a><\/dt><dt class=\"mec-calendar-day mec-has-event \" data-mec-cell=\"20260403\" data-day=\"3\" data-month=\"202603\"><a href=\"#\" class=\"mec-has-event-a\">3<\/a><\/dt><dt class=\"mec-calendar-day mec-has-event \" data-mec-cell=\"20260404\" data-day=\"4\" data-month=\"202603\"><a href=\"#\" class=\"mec-has-event-a\">4<\/a><\/dt><\/dl>\r\n<\/div>\r\n            <\/div>\r\n\r\n                    <\/div>\r\n        <div class=\"mec-calendar-events-side mec-clear\"><div class=\"mec-month-side\" id=\"mec_month_side_3485_202603\"><div class=\"mec-calendar-events-sec\" id=\"mec-calendar-events-sec-3485-20260301\" data-mec-cell=\"20260301\" ><h6 class=\"mec-table-side-title\">Eventos para <span class=\"mec-color mec-table-side-day\"> 1<\/span> marzo<\/h6><article class=\"mec-past-event mec-event-article \"><div class=\"mec-event-image\"><img fetchpriority=\"high\" decoding=\"async\" width=\"300\" height=\"300\" src=\"https:\/\/www.cecrosario.gob.ar\/wp-content\/uploads\/2026\/01\/Foto-Taller-Compartido-300x300.png\" class=\"attachment-thumblist size-thumblist wp-post-image\" alt=\"Taller compartido muestra 2026\" data-mec-postid=\"4376\" \/><\/div><div class=\"mec-monthly-contents\" style=\"width: calc(100% - 85px)\"><div class=\"mec-event-time mec-color\"><i class=\"mec-sl-clock-o\"><\/i> 18:00 - 00:00<\/div><h4 class=\"mec-event-title\"><a class=\"mec-color-hover\" data-event-id=\"4376\" href=\"https:\/\/www.cecrosario.gob.ar\/index.php\/events\/muestra-trabajos-finales-taller-compartido\/\" target=\"_self\" rel=\"noopener\"><b>Muestra \u00abLo adverso inevitable\u00bb<\/b> <br> Taller Compartido - Novena Edici\u00f3n<\/a><\/h4><div class=\"mec-event-detail\">\r\n                        <div class=\"mec-event-loc-place\"><\/div>\r\n                        \r\n                    <\/div><\/div><div style=\"clear:both\"><\/div><\/article><\/div><div class=\"mec-calendar-events-sec\" id=\"mec-calendar-events-sec-3485-20260302\" data-mec-cell=\"20260302\" ><h6 class=\"mec-table-side-title\">Eventos para <span class=\"mec-color mec-table-side-day\"> 2<\/span> marzo<\/h6><article class=\"mec-past-event mec-event-article \"><div class=\"mec-event-image\"><img fetchpriority=\"high\" decoding=\"async\" width=\"300\" height=\"300\" src=\"https:\/\/www.cecrosario.gob.ar\/wp-content\/uploads\/2026\/01\/Foto-Taller-Compartido-300x300.png\" class=\"attachment-thumblist size-thumblist wp-post-image\" alt=\"Taller compartido muestra 2026\" data-mec-postid=\"4376\" \/><\/div><div class=\"mec-monthly-contents\" style=\"width: calc(100% - 85px)\"><div class=\"mec-event-time mec-color\"><i class=\"mec-sl-clock-o\"><\/i> Todo el d\u00eda<\/div><h4 class=\"mec-event-title\"><a class=\"mec-color-hover\" data-event-id=\"4376\" href=\"https:\/\/www.cecrosario.gob.ar\/index.php\/events\/muestra-trabajos-finales-taller-compartido\/\" target=\"_self\" rel=\"noopener\"><b>Muestra \u00abLo adverso inevitable\u00bb<\/b> <br> Taller Compartido - Novena Edici\u00f3n<\/a><\/h4><div class=\"mec-event-detail\">\r\n                        <div class=\"mec-event-loc-place\"><\/div>\r\n                        \r\n                    <\/div><\/div><div style=\"clear:both\"><\/div><\/article><\/div><div class=\"mec-calendar-events-sec\" id=\"mec-calendar-events-sec-3485-20260303\" data-mec-cell=\"20260303\" ><h6 class=\"mec-table-side-title\">Eventos para <span class=\"mec-color mec-table-side-day\"> 3<\/span> marzo<\/h6><article class=\"mec-past-event mec-event-article \"><div class=\"mec-event-image\"><img fetchpriority=\"high\" decoding=\"async\" width=\"300\" height=\"300\" src=\"https:\/\/www.cecrosario.gob.ar\/wp-content\/uploads\/2026\/01\/Foto-Taller-Compartido-300x300.png\" class=\"attachment-thumblist size-thumblist wp-post-image\" alt=\"Taller compartido muestra 2026\" data-mec-postid=\"4376\" \/><\/div><div class=\"mec-monthly-contents\" style=\"width: calc(100% - 85px)\"><div class=\"mec-event-time mec-color\"><i class=\"mec-sl-clock-o\"><\/i> Todo el d\u00eda<\/div><h4 class=\"mec-event-title\"><a class=\"mec-color-hover\" data-event-id=\"4376\" href=\"https:\/\/www.cecrosario.gob.ar\/index.php\/events\/muestra-trabajos-finales-taller-compartido\/\" target=\"_self\" rel=\"noopener\"><b>Muestra \u00abLo adverso inevitable\u00bb<\/b> <br> Taller Compartido - Novena Edici\u00f3n<\/a><\/h4><div class=\"mec-event-detail\">\r\n                        <div class=\"mec-event-loc-place\"><\/div>\r\n                        \r\n                    <\/div><\/div><div style=\"clear:both\"><\/div><\/article><\/div><div class=\"mec-calendar-events-sec\" id=\"mec-calendar-events-sec-3485-20260304\" data-mec-cell=\"20260304\" ><h6 class=\"mec-table-side-title\">Eventos para <span class=\"mec-color mec-table-side-day\"> 4<\/span> marzo<\/h6><article class=\"mec-past-event mec-event-article \"><div class=\"mec-event-image\"><img fetchpriority=\"high\" decoding=\"async\" width=\"300\" height=\"300\" src=\"https:\/\/www.cecrosario.gob.ar\/wp-content\/uploads\/2026\/01\/Foto-Taller-Compartido-300x300.png\" class=\"attachment-thumblist size-thumblist wp-post-image\" alt=\"Taller compartido muestra 2026\" data-mec-postid=\"4376\" \/><\/div><div class=\"mec-monthly-contents\" style=\"width: calc(100% - 85px)\"><div class=\"mec-event-time mec-color\"><i class=\"mec-sl-clock-o\"><\/i> Todo el d\u00eda<\/div><h4 class=\"mec-event-title\"><a class=\"mec-color-hover\" data-event-id=\"4376\" href=\"https:\/\/www.cecrosario.gob.ar\/index.php\/events\/muestra-trabajos-finales-taller-compartido\/\" target=\"_self\" rel=\"noopener\"><b>Muestra \u00abLo adverso inevitable\u00bb<\/b> <br> Taller Compartido - Novena Edici\u00f3n<\/a><\/h4><div class=\"mec-event-detail\">\r\n                        <div class=\"mec-event-loc-place\"><\/div>\r\n                        \r\n                    <\/div><\/div><div style=\"clear:both\"><\/div><\/article><\/div><div class=\"mec-calendar-events-sec\" id=\"mec-calendar-events-sec-3485-20260305\" data-mec-cell=\"20260305\" ><h6 class=\"mec-table-side-title\">Eventos para <span class=\"mec-color mec-table-side-day\"> 5<\/span> marzo<\/h6><article class=\"mec-past-event mec-event-article \"><div class=\"mec-event-image\"><img fetchpriority=\"high\" decoding=\"async\" width=\"300\" height=\"300\" src=\"https:\/\/www.cecrosario.gob.ar\/wp-content\/uploads\/2026\/01\/Foto-Taller-Compartido-300x300.png\" class=\"attachment-thumblist size-thumblist wp-post-image\" alt=\"Taller compartido muestra 2026\" data-mec-postid=\"4376\" \/><\/div><div class=\"mec-monthly-contents\" style=\"width: calc(100% - 85px)\"><div class=\"mec-event-time mec-color\"><i class=\"mec-sl-clock-o\"><\/i> Todo el d\u00eda<\/div><h4 class=\"mec-event-title\"><a class=\"mec-color-hover\" data-event-id=\"4376\" href=\"https:\/\/www.cecrosario.gob.ar\/index.php\/events\/muestra-trabajos-finales-taller-compartido\/\" target=\"_self\" rel=\"noopener\"><b>Muestra \u00abLo adverso inevitable\u00bb<\/b> <br> Taller Compartido - Novena Edici\u00f3n<\/a><\/h4><div class=\"mec-event-detail\">\r\n                        <div class=\"mec-event-loc-place\"><\/div>\r\n                        \r\n                    <\/div><\/div><div style=\"clear:both\"><\/div><\/article><\/div><div class=\"mec-calendar-events-sec\" id=\"mec-calendar-events-sec-3485-20260306\" data-mec-cell=\"20260306\" ><h6 class=\"mec-table-side-title\">Eventos para <span class=\"mec-color mec-table-side-day\"> 6<\/span> marzo<\/h6><article class=\"mec-past-event mec-event-article \"><div class=\"mec-event-image\"><img decoding=\"async\" width=\"300\" height=\"300\" src=\"https:\/\/www.cecrosario.gob.ar\/wp-content\/uploads\/2026\/02\/Fotos-Gestor-Talleres-300x300.png\" class=\"attachment-thumblist size-thumblist wp-post-image\" alt=\"\" data-mec-postid=\"4390\" \/><\/div><div class=\"mec-monthly-contents\" style=\"width: calc(100% - 85px)\"><div class=\"mec-event-time mec-color\"><i class=\"mec-sl-clock-o\"><\/i> Todo el d\u00eda<\/div><h4 class=\"mec-event-title\"><a class=\"mec-color-hover\" data-event-id=\"4390\" href=\"https:\/\/www.cecrosario.gob.ar\/index.php\/events\/talleres-de-diseno\/\" target=\"_self\" rel=\"noopener\"><b>Talleres de Dise\u00f1o<\/b> <br> Aprendizaje en el CEC<\/a><\/h4><div class=\"mec-event-detail\">\r\n                        <div class=\"mec-event-loc-place\"><\/div>\r\n                        \r\n                    <\/div><\/div><div style=\"clear:both\"><\/div><\/article><article class=\"mec-past-event mec-event-article \"><div class=\"mec-event-image\"><img fetchpriority=\"high\" decoding=\"async\" width=\"300\" height=\"300\" src=\"https:\/\/www.cecrosario.gob.ar\/wp-content\/uploads\/2026\/01\/Foto-Taller-Compartido-300x300.png\" class=\"attachment-thumblist size-thumblist wp-post-image\" alt=\"Taller compartido muestra 2026\" data-mec-postid=\"4376\" \/><\/div><div class=\"mec-monthly-contents\" style=\"width: calc(100% - 85px)\"><div class=\"mec-event-time mec-color\"><i class=\"mec-sl-clock-o\"><\/i> Todo el d\u00eda<\/div><h4 class=\"mec-event-title\"><a class=\"mec-color-hover\" data-event-id=\"4376\" href=\"https:\/\/www.cecrosario.gob.ar\/index.php\/events\/muestra-trabajos-finales-taller-compartido\/\" target=\"_self\" rel=\"noopener\"><b>Muestra \u00abLo adverso inevitable\u00bb<\/b> <br> Taller Compartido - Novena Edici\u00f3n<\/a><\/h4><div class=\"mec-event-detail\">\r\n                        <div class=\"mec-event-loc-place\"><\/div>\r\n                        \r\n                    <\/div><\/div><div style=\"clear:both\"><\/div><\/article><\/div><div class=\"mec-calendar-events-sec\" id=\"mec-calendar-events-sec-3485-20260307\" data-mec-cell=\"20260307\" ><h6 class=\"mec-table-side-title\">Eventos para <span class=\"mec-color mec-table-side-day\"> 7<\/span> marzo<\/h6><article class=\"mec-past-event mec-event-article \"><div class=\"mec-event-image\"><img decoding=\"async\" width=\"300\" height=\"300\" src=\"https:\/\/www.cecrosario.gob.ar\/wp-content\/uploads\/2026\/02\/Fotos-Gestor-Talleres-300x300.png\" class=\"attachment-thumblist size-thumblist wp-post-image\" alt=\"\" data-mec-postid=\"4390\" \/><\/div><div class=\"mec-monthly-contents\" style=\"width: calc(100% - 85px)\"><div class=\"mec-event-time mec-color\"><i class=\"mec-sl-clock-o\"><\/i> Todo el d\u00eda<\/div><h4 class=\"mec-event-title\"><a class=\"mec-color-hover\" data-event-id=\"4390\" href=\"https:\/\/www.cecrosario.gob.ar\/index.php\/events\/talleres-de-diseno\/\" target=\"_self\" rel=\"noopener\"><b>Talleres de Dise\u00f1o<\/b> <br> Aprendizaje en el CEC<\/a><\/h4><div class=\"mec-event-detail\">\r\n                        <div class=\"mec-event-loc-place\"><\/div>\r\n                        \r\n                    <\/div><\/div><div style=\"clear:both\"><\/div><\/article><article class=\"mec-past-event mec-event-article \"><div class=\"mec-event-image\"><img fetchpriority=\"high\" decoding=\"async\" width=\"300\" height=\"300\" src=\"https:\/\/www.cecrosario.gob.ar\/wp-content\/uploads\/2026\/01\/Foto-Taller-Compartido-300x300.png\" class=\"attachment-thumblist size-thumblist wp-post-image\" alt=\"Taller compartido muestra 2026\" data-mec-postid=\"4376\" \/><\/div><div class=\"mec-monthly-contents\" style=\"width: calc(100% - 85px)\"><div class=\"mec-event-time mec-color\"><i class=\"mec-sl-clock-o\"><\/i> 00:00 - 21:00<\/div><h4 class=\"mec-event-title\"><a class=\"mec-color-hover\" data-event-id=\"4376\" href=\"https:\/\/www.cecrosario.gob.ar\/index.php\/events\/muestra-trabajos-finales-taller-compartido\/\" target=\"_self\" rel=\"noopener\"><b>Muestra \u00abLo adverso inevitable\u00bb<\/b> <br> Taller Compartido - Novena Edici\u00f3n<\/a><\/h4><div class=\"mec-event-detail\">\r\n                        <div class=\"mec-event-loc-place\"><\/div>\r\n                        \r\n                    <\/div><\/div><div style=\"clear:both\"><\/div><\/article><\/div><div class=\"mec-calendar-events-sec\" id=\"mec-calendar-events-sec-3485-20260308\" data-mec-cell=\"20260308\" ><h6 class=\"mec-table-side-title\">Eventos para <span class=\"mec-color mec-table-side-day\"> 8<\/span> marzo<\/h6><article class=\"mec-past-event mec-event-article \"><div class=\"mec-event-image\"><img decoding=\"async\" width=\"300\" height=\"300\" src=\"https:\/\/www.cecrosario.gob.ar\/wp-content\/uploads\/2026\/02\/Fotos-Gestor-Talleres-300x300.png\" class=\"attachment-thumblist size-thumblist wp-post-image\" alt=\"\" data-mec-postid=\"4390\" \/><\/div><div class=\"mec-monthly-contents\" style=\"width: calc(100% - 85px)\"><div class=\"mec-event-time mec-color\"><i class=\"mec-sl-clock-o\"><\/i> Todo el d\u00eda<\/div><h4 class=\"mec-event-title\"><a class=\"mec-color-hover\" data-event-id=\"4390\" href=\"https:\/\/www.cecrosario.gob.ar\/index.php\/events\/talleres-de-diseno\/\" target=\"_self\" rel=\"noopener\"><b>Talleres de Dise\u00f1o<\/b> <br> Aprendizaje en el CEC<\/a><\/h4><div class=\"mec-event-detail\">\r\n                        <div class=\"mec-event-loc-place\"><\/div>\r\n                        \r\n                    <\/div><\/div><div style=\"clear:both\"><\/div><\/article><\/div><div class=\"mec-calendar-events-sec\" id=\"mec-calendar-events-sec-3485-20260309\" data-mec-cell=\"20260309\" ><h6 class=\"mec-table-side-title\">Eventos para <span class=\"mec-color mec-table-side-day\"> 9<\/span> marzo<\/h6><article class=\"mec-past-event mec-event-article \"><div class=\"mec-event-image\"><img decoding=\"async\" width=\"300\" height=\"300\" src=\"https:\/\/www.cecrosario.gob.ar\/wp-content\/uploads\/2026\/02\/Fotos-Gestor-Talleres-300x300.png\" class=\"attachment-thumblist size-thumblist wp-post-image\" alt=\"\" data-mec-postid=\"4390\" \/><\/div><div class=\"mec-monthly-contents\" style=\"width: calc(100% - 85px)\"><div class=\"mec-event-time mec-color\"><i class=\"mec-sl-clock-o\"><\/i> Todo el d\u00eda<\/div><h4 class=\"mec-event-title\"><a class=\"mec-color-hover\" data-event-id=\"4390\" href=\"https:\/\/www.cecrosario.gob.ar\/index.php\/events\/talleres-de-diseno\/\" target=\"_self\" rel=\"noopener\"><b>Talleres de Dise\u00f1o<\/b> <br> Aprendizaje en el CEC<\/a><\/h4><div class=\"mec-event-detail\">\r\n                        <div class=\"mec-event-loc-place\"><\/div>\r\n                        \r\n                    <\/div><\/div><div style=\"clear:both\"><\/div><\/article><\/div><div class=\"mec-calendar-events-sec\" id=\"mec-calendar-events-sec-3485-20260310\" data-mec-cell=\"20260310\" ><h6 class=\"mec-table-side-title\">Eventos para <span class=\"mec-color mec-table-side-day\"> 10<\/span> marzo<\/h6><article class=\"mec-past-event mec-event-article \"><div class=\"mec-event-image\"><img decoding=\"async\" width=\"300\" height=\"300\" src=\"https:\/\/www.cecrosario.gob.ar\/wp-content\/uploads\/2026\/02\/Fotos-Gestor-Talleres-300x300.png\" class=\"attachment-thumblist size-thumblist wp-post-image\" alt=\"\" data-mec-postid=\"4390\" \/><\/div><div class=\"mec-monthly-contents\" style=\"width: calc(100% - 85px)\"><div class=\"mec-event-time mec-color\"><i class=\"mec-sl-clock-o\"><\/i> Todo el d\u00eda<\/div><h4 class=\"mec-event-title\"><a class=\"mec-color-hover\" data-event-id=\"4390\" href=\"https:\/\/www.cecrosario.gob.ar\/index.php\/events\/talleres-de-diseno\/\" target=\"_self\" rel=\"noopener\"><b>Talleres de Dise\u00f1o<\/b> <br> Aprendizaje en el CEC<\/a><\/h4><div class=\"mec-event-detail\">\r\n                        <div class=\"mec-event-loc-place\"><\/div>\r\n                        \r\n                    <\/div><\/div><div style=\"clear:both\"><\/div><\/article><\/div><div class=\"mec-calendar-events-sec\" id=\"mec-calendar-events-sec-3485-20260311\" data-mec-cell=\"20260311\" ><h6 class=\"mec-table-side-title\">Eventos para <span class=\"mec-color mec-table-side-day\"> 11<\/span> marzo<\/h6><article class=\"mec-past-event mec-event-article \"><div class=\"mec-event-image\"><img decoding=\"async\" width=\"300\" height=\"300\" src=\"https:\/\/www.cecrosario.gob.ar\/wp-content\/uploads\/2026\/02\/Fotos-Gestor-Talleres-300x300.png\" class=\"attachment-thumblist size-thumblist wp-post-image\" alt=\"\" data-mec-postid=\"4390\" \/><\/div><div class=\"mec-monthly-contents\" style=\"width: calc(100% - 85px)\"><div class=\"mec-event-time mec-color\"><i class=\"mec-sl-clock-o\"><\/i> Todo el d\u00eda<\/div><h4 class=\"mec-event-title\"><a class=\"mec-color-hover\" data-event-id=\"4390\" href=\"https:\/\/www.cecrosario.gob.ar\/index.php\/events\/talleres-de-diseno\/\" target=\"_self\" rel=\"noopener\"><b>Talleres de Dise\u00f1o<\/b> <br> Aprendizaje en el CEC<\/a><\/h4><div class=\"mec-event-detail\">\r\n                        <div class=\"mec-event-loc-place\"><\/div>\r\n                        \r\n                    <\/div><\/div><div style=\"clear:both\"><\/div><\/article><\/div><div class=\"mec-calendar-events-sec\" id=\"mec-calendar-events-sec-3485-20260312\" data-mec-cell=\"20260312\" ><h6 class=\"mec-table-side-title\">Eventos para <span class=\"mec-color mec-table-side-day\"> 12<\/span> marzo<\/h6><article class=\"mec-past-event mec-event-article \"><div class=\"mec-event-image\"><img decoding=\"async\" width=\"300\" height=\"300\" src=\"https:\/\/www.cecrosario.gob.ar\/wp-content\/uploads\/2026\/02\/Fotos-Gestor-Talleres-300x300.png\" class=\"attachment-thumblist size-thumblist wp-post-image\" alt=\"\" data-mec-postid=\"4390\" \/><\/div><div class=\"mec-monthly-contents\" style=\"width: calc(100% - 85px)\"><div class=\"mec-event-time mec-color\"><i class=\"mec-sl-clock-o\"><\/i> Todo el d\u00eda<\/div><h4 class=\"mec-event-title\"><a class=\"mec-color-hover\" data-event-id=\"4390\" href=\"https:\/\/www.cecrosario.gob.ar\/index.php\/events\/talleres-de-diseno\/\" target=\"_self\" rel=\"noopener\"><b>Talleres de Dise\u00f1o<\/b> <br> Aprendizaje en el CEC<\/a><\/h4><div class=\"mec-event-detail\">\r\n                        <div class=\"mec-event-loc-place\"><\/div>\r\n                        \r\n                    <\/div><\/div><div style=\"clear:both\"><\/div><\/article><\/div><div class=\"mec-calendar-events-sec\" id=\"mec-calendar-events-sec-3485-20260313\" data-mec-cell=\"20260313\" ><h6 class=\"mec-table-side-title\">Eventos para <span class=\"mec-color mec-table-side-day\"> 13<\/span> marzo<\/h6><article class=\"mec-past-event mec-event-article \"><div class=\"mec-event-image\"><img decoding=\"async\" width=\"300\" height=\"300\" src=\"https:\/\/www.cecrosario.gob.ar\/wp-content\/uploads\/2026\/02\/Fotos-Gestor-Talleres-300x300.png\" class=\"attachment-thumblist size-thumblist wp-post-image\" alt=\"\" data-mec-postid=\"4390\" \/><\/div><div class=\"mec-monthly-contents\" style=\"width: calc(100% - 85px)\"><div class=\"mec-event-time mec-color\"><i class=\"mec-sl-clock-o\"><\/i> Todo el d\u00eda<\/div><h4 class=\"mec-event-title\"><a class=\"mec-color-hover\" data-event-id=\"4390\" href=\"https:\/\/www.cecrosario.gob.ar\/index.php\/events\/talleres-de-diseno\/\" target=\"_self\" rel=\"noopener\"><b>Talleres de Dise\u00f1o<\/b> <br> Aprendizaje en el CEC<\/a><\/h4><div class=\"mec-event-detail\">\r\n                        <div class=\"mec-event-loc-place\"><\/div>\r\n                        \r\n                    <\/div><\/div><div style=\"clear:both\"><\/div><\/article><\/div><div class=\"mec-calendar-events-sec\" id=\"mec-calendar-events-sec-3485-20260314\" data-mec-cell=\"20260314\" ><h6 class=\"mec-table-side-title\">Eventos para <span class=\"mec-color mec-table-side-day\"> 14<\/span> marzo<\/h6><article class=\"mec-past-event mec-event-article \"><div class=\"mec-event-image\"><img decoding=\"async\" width=\"300\" height=\"300\" src=\"https:\/\/www.cecrosario.gob.ar\/wp-content\/uploads\/2026\/02\/Fotos-Gestor-Talleres-300x300.png\" class=\"attachment-thumblist size-thumblist wp-post-image\" alt=\"\" data-mec-postid=\"4390\" \/><\/div><div class=\"mec-monthly-contents\" style=\"width: calc(100% - 85px)\"><div class=\"mec-event-time mec-color\"><i class=\"mec-sl-clock-o\"><\/i> Todo el d\u00eda<\/div><h4 class=\"mec-event-title\"><a class=\"mec-color-hover\" data-event-id=\"4390\" href=\"https:\/\/www.cecrosario.gob.ar\/index.php\/events\/talleres-de-diseno\/\" target=\"_self\" rel=\"noopener\"><b>Talleres de Dise\u00f1o<\/b> <br> Aprendizaje en el CEC<\/a><\/h4><div class=\"mec-event-detail\">\r\n                        <div class=\"mec-event-loc-place\"><\/div>\r\n                        \r\n                    <\/div><\/div><div style=\"clear:both\"><\/div><\/article><article class=\"mec-past-event mec-event-article \"><div class=\"mec-event-image\"><img decoding=\"async\" width=\"300\" height=\"300\" src=\"https:\/\/www.cecrosario.gob.ar\/wp-content\/uploads\/2026\/01\/Fotos-Feria-Vecina-Gestor-300x300.png\" class=\"attachment-thumblist size-thumblist wp-post-image\" alt=\"Feria Vecina Feria Editoriales\" data-mec-postid=\"4379\" \/><\/div><div class=\"mec-monthly-contents\" style=\"width: calc(100% - 85px)\"><div class=\"mec-event-time mec-color\"><i class=\"mec-sl-clock-o\"><\/i> 15:00 - 00:00<\/div><h4 class=\"mec-event-title\"><a class=\"mec-color-hover\" data-event-id=\"4379\" href=\"https:\/\/www.cecrosario.gob.ar\/index.php\/events\/feria-vecina\/\" target=\"_self\" rel=\"noopener\"><b>Feria de editoriales independientes<\/b> <br> Feria Vecina - Primera edici\u00f3n<\/a><\/h4><div class=\"mec-event-detail\">\r\n                        <div class=\"mec-event-loc-place\"><\/div>\r\n                        \r\n                    <\/div><\/div><div style=\"clear:both\"><\/div><\/article><\/div><div class=\"mec-calendar-events-sec\" id=\"mec-calendar-events-sec-3485-20260315\" data-mec-cell=\"20260315\" ><h6 class=\"mec-table-side-title\">Eventos para <span class=\"mec-color mec-table-side-day\"> 15<\/span> marzo<\/h6><article class=\"mec-past-event mec-event-article \"><div class=\"mec-event-image\"><img decoding=\"async\" width=\"300\" height=\"300\" src=\"https:\/\/www.cecrosario.gob.ar\/wp-content\/uploads\/2026\/02\/Fotos-Gestor-Talleres-300x300.png\" class=\"attachment-thumblist size-thumblist wp-post-image\" alt=\"\" data-mec-postid=\"4390\" \/><\/div><div class=\"mec-monthly-contents\" style=\"width: calc(100% - 85px)\"><div class=\"mec-event-time mec-color\"><i class=\"mec-sl-clock-o\"><\/i> Todo el d\u00eda<\/div><h4 class=\"mec-event-title\"><a class=\"mec-color-hover\" data-event-id=\"4390\" href=\"https:\/\/www.cecrosario.gob.ar\/index.php\/events\/talleres-de-diseno\/\" target=\"_self\" rel=\"noopener\"><b>Talleres de Dise\u00f1o<\/b> <br> Aprendizaje en el CEC<\/a><\/h4><div class=\"mec-event-detail\">\r\n                        <div class=\"mec-event-loc-place\"><\/div>\r\n                        \r\n                    <\/div><\/div><div style=\"clear:both\"><\/div><\/article><article class=\"mec-past-event mec-event-article \"><div class=\"mec-event-image\"><img decoding=\"async\" width=\"300\" height=\"300\" src=\"https:\/\/www.cecrosario.gob.ar\/wp-content\/uploads\/2026\/01\/Fotos-Feria-Vecina-Gestor-300x300.png\" class=\"attachment-thumblist size-thumblist wp-post-image\" alt=\"Feria Vecina Feria Editoriales\" data-mec-postid=\"4379\" \/><\/div><div class=\"mec-monthly-contents\" style=\"width: calc(100% - 85px)\"><div class=\"mec-event-time mec-color\"><i class=\"mec-sl-clock-o\"><\/i> 00:00 - 21:00<\/div><h4 class=\"mec-event-title\"><a class=\"mec-color-hover\" data-event-id=\"4379\" href=\"https:\/\/www.cecrosario.gob.ar\/index.php\/events\/feria-vecina\/\" target=\"_self\" rel=\"noopener\"><b>Feria de editoriales independientes<\/b> <br> Feria Vecina - Primera edici\u00f3n<\/a><\/h4><div class=\"mec-event-detail\">\r\n                        <div class=\"mec-event-loc-place\"><\/div>\r\n                        \r\n                    <\/div><\/div><div style=\"clear:both\"><\/div><\/article><\/div><div class=\"mec-calendar-events-sec\" id=\"mec-calendar-events-sec-3485-20260316\" data-mec-cell=\"20260316\" ><h6 class=\"mec-table-side-title\">Eventos para <span class=\"mec-color mec-table-side-day\"> 16<\/span> marzo<\/h6><article class=\"mec-past-event mec-event-article \"><div class=\"mec-event-image\"><img decoding=\"async\" width=\"300\" height=\"300\" src=\"https:\/\/www.cecrosario.gob.ar\/wp-content\/uploads\/2026\/02\/Fotos-Gestor-Talleres-300x300.png\" class=\"attachment-thumblist size-thumblist wp-post-image\" alt=\"\" data-mec-postid=\"4390\" \/><\/div><div class=\"mec-monthly-contents\" style=\"width: calc(100% - 85px)\"><div class=\"mec-event-time mec-color\"><i class=\"mec-sl-clock-o\"><\/i> Todo el d\u00eda<\/div><h4 class=\"mec-event-title\"><a class=\"mec-color-hover\" data-event-id=\"4390\" href=\"https:\/\/www.cecrosario.gob.ar\/index.php\/events\/talleres-de-diseno\/\" target=\"_self\" rel=\"noopener\"><b>Talleres de Dise\u00f1o<\/b> <br> Aprendizaje en el CEC<\/a><\/h4><div class=\"mec-event-detail\">\r\n                        <div class=\"mec-event-loc-place\"><\/div>\r\n                        \r\n                    <\/div><\/div><div style=\"clear:both\"><\/div><\/article><article class=\"mec-event-article \"><div class=\"mec-event-image\"><img loading=\"lazy\" decoding=\"async\" width=\"300\" height=\"300\" src=\"https:\/\/www.cecrosario.gob.ar\/wp-content\/uploads\/2023\/12\/FERIA-VINTAGE-6-5-AIX-11-300x300.jpg\" class=\"attachment-thumblist size-thumblist wp-post-image\" alt=\"\" data-mec-postid=\"4409\" \/><\/div><div class=\"mec-monthly-contents\" style=\"width: calc(100% - 85px)\"><div class=\"mec-event-time mec-color\"><i class=\"mec-sl-clock-o\"><\/i> Todo el d\u00eda<\/div><h4 class=\"mec-event-title\"><a class=\"mec-color-hover\" data-event-id=\"4409\" href=\"https:\/\/www.cecrosario.gob.ar\/index.php\/events\/convocatoria-vintage\/\" target=\"_self\" rel=\"noopener\"><b>Convocatoria a proyectos vintage<\/b> <br> Dise\u00f1o Local* Rosario<\/a><\/h4><div class=\"mec-event-detail\">\r\n                        <div class=\"mec-event-loc-place\"><\/div>\r\n                        \r\n                    <\/div><\/div><div style=\"clear:both\"><\/div><\/article><\/div><div class=\"mec-calendar-events-sec\" id=\"mec-calendar-events-sec-3485-20260317\" data-mec-cell=\"20260317\" ><h6 class=\"mec-table-side-title\">Eventos para <span class=\"mec-color mec-table-side-day\"> 17<\/span> marzo<\/h6><article class=\"mec-past-event mec-event-article \"><div class=\"mec-event-image\"><img decoding=\"async\" width=\"300\" height=\"300\" src=\"https:\/\/www.cecrosario.gob.ar\/wp-content\/uploads\/2026\/02\/Fotos-Gestor-Talleres-300x300.png\" class=\"attachment-thumblist size-thumblist wp-post-image\" alt=\"\" data-mec-postid=\"4390\" \/><\/div><div class=\"mec-monthly-contents\" style=\"width: calc(100% - 85px)\"><div class=\"mec-event-time mec-color\"><i class=\"mec-sl-clock-o\"><\/i> Todo el d\u00eda<\/div><h4 class=\"mec-event-title\"><a class=\"mec-color-hover\" data-event-id=\"4390\" href=\"https:\/\/www.cecrosario.gob.ar\/index.php\/events\/talleres-de-diseno\/\" target=\"_self\" rel=\"noopener\"><b>Talleres de Dise\u00f1o<\/b> <br> Aprendizaje en el CEC<\/a><\/h4><div class=\"mec-event-detail\">\r\n                        <div class=\"mec-event-loc-place\"><\/div>\r\n                        \r\n                    <\/div><\/div><div style=\"clear:both\"><\/div><\/article><article class=\"mec-event-article \"><div class=\"mec-event-image\"><img loading=\"lazy\" decoding=\"async\" width=\"300\" height=\"300\" src=\"https:\/\/www.cecrosario.gob.ar\/wp-content\/uploads\/2023\/12\/FERIA-VINTAGE-6-5-AIX-11-300x300.jpg\" class=\"attachment-thumblist size-thumblist wp-post-image\" alt=\"\" data-mec-postid=\"4409\" \/><\/div><div class=\"mec-monthly-contents\" style=\"width: calc(100% - 85px)\"><div class=\"mec-event-time mec-color\"><i class=\"mec-sl-clock-o\"><\/i> Todo el d\u00eda<\/div><h4 class=\"mec-event-title\"><a class=\"mec-color-hover\" data-event-id=\"4409\" href=\"https:\/\/www.cecrosario.gob.ar\/index.php\/events\/convocatoria-vintage\/\" target=\"_self\" rel=\"noopener\"><b>Convocatoria a proyectos vintage<\/b> <br> Dise\u00f1o Local* Rosario<\/a><\/h4><div class=\"mec-event-detail\">\r\n                        <div class=\"mec-event-loc-place\"><\/div>\r\n                        \r\n                    <\/div><\/div><div style=\"clear:both\"><\/div><\/article><\/div><div class=\"mec-calendar-events-sec\" id=\"mec-calendar-events-sec-3485-20260318\" data-mec-cell=\"20260318\" ><h6 class=\"mec-table-side-title\">Eventos para <span class=\"mec-color mec-table-side-day\"> 18<\/span> marzo<\/h6><article class=\"mec-past-event mec-event-article \"><div class=\"mec-event-image\"><img decoding=\"async\" width=\"300\" height=\"300\" src=\"https:\/\/www.cecrosario.gob.ar\/wp-content\/uploads\/2026\/02\/Fotos-Gestor-Talleres-300x300.png\" class=\"attachment-thumblist size-thumblist wp-post-image\" alt=\"\" data-mec-postid=\"4390\" \/><\/div><div class=\"mec-monthly-contents\" style=\"width: calc(100% - 85px)\"><div class=\"mec-event-time mec-color\"><i class=\"mec-sl-clock-o\"><\/i> Todo el d\u00eda<\/div><h4 class=\"mec-event-title\"><a class=\"mec-color-hover\" data-event-id=\"4390\" href=\"https:\/\/www.cecrosario.gob.ar\/index.php\/events\/talleres-de-diseno\/\" target=\"_self\" rel=\"noopener\"><b>Talleres de Dise\u00f1o<\/b> <br> Aprendizaje en el CEC<\/a><\/h4><div class=\"mec-event-detail\">\r\n                        <div class=\"mec-event-loc-place\"><\/div>\r\n                        \r\n                    <\/div><\/div><div style=\"clear:both\"><\/div><\/article><article class=\"mec-event-article \"><div class=\"mec-event-image\"><img loading=\"lazy\" decoding=\"async\" width=\"300\" height=\"300\" src=\"https:\/\/www.cecrosario.gob.ar\/wp-content\/uploads\/2023\/12\/FERIA-VINTAGE-6-5-AIX-11-300x300.jpg\" class=\"attachment-thumblist size-thumblist wp-post-image\" alt=\"\" data-mec-postid=\"4409\" \/><\/div><div class=\"mec-monthly-contents\" style=\"width: calc(100% - 85px)\"><div class=\"mec-event-time mec-color\"><i class=\"mec-sl-clock-o\"><\/i> Todo el d\u00eda<\/div><h4 class=\"mec-event-title\"><a class=\"mec-color-hover\" data-event-id=\"4409\" href=\"https:\/\/www.cecrosario.gob.ar\/index.php\/events\/convocatoria-vintage\/\" target=\"_self\" rel=\"noopener\"><b>Convocatoria a proyectos vintage<\/b> <br> Dise\u00f1o Local* Rosario<\/a><\/h4><div class=\"mec-event-detail\">\r\n                        <div class=\"mec-event-loc-place\"><\/div>\r\n                        \r\n                    <\/div><\/div><div style=\"clear:both\"><\/div><\/article><\/div><div class=\"mec-calendar-events-sec\" id=\"mec-calendar-events-sec-3485-20260319\" data-mec-cell=\"20260319\" ><h6 class=\"mec-table-side-title\">Eventos para <span class=\"mec-color mec-table-side-day\"> 19<\/span> marzo<\/h6><article class=\"mec-past-event mec-event-article \"><div class=\"mec-event-image\"><img decoding=\"async\" width=\"300\" height=\"300\" src=\"https:\/\/www.cecrosario.gob.ar\/wp-content\/uploads\/2026\/02\/Fotos-Gestor-Talleres-300x300.png\" class=\"attachment-thumblist size-thumblist wp-post-image\" alt=\"\" data-mec-postid=\"4390\" \/><\/div><div class=\"mec-monthly-contents\" style=\"width: calc(100% - 85px)\"><div class=\"mec-event-time mec-color\"><i class=\"mec-sl-clock-o\"><\/i> Todo el d\u00eda<\/div><h4 class=\"mec-event-title\"><a class=\"mec-color-hover\" data-event-id=\"4390\" href=\"https:\/\/www.cecrosario.gob.ar\/index.php\/events\/talleres-de-diseno\/\" target=\"_self\" rel=\"noopener\"><b>Talleres de Dise\u00f1o<\/b> <br> Aprendizaje en el CEC<\/a><\/h4><div class=\"mec-event-detail\">\r\n                        <div class=\"mec-event-loc-place\"><\/div>\r\n                        \r\n                    <\/div><\/div><div style=\"clear:both\"><\/div><\/article><article class=\"mec-event-article \"><div class=\"mec-event-image\"><img loading=\"lazy\" decoding=\"async\" width=\"300\" height=\"300\" src=\"https:\/\/www.cecrosario.gob.ar\/wp-content\/uploads\/2023\/12\/FERIA-VINTAGE-6-5-AIX-11-300x300.jpg\" class=\"attachment-thumblist size-thumblist wp-post-image\" alt=\"\" data-mec-postid=\"4409\" \/><\/div><div class=\"mec-monthly-contents\" style=\"width: calc(100% - 85px)\"><div class=\"mec-event-time mec-color\"><i class=\"mec-sl-clock-o\"><\/i> Todo el d\u00eda<\/div><h4 class=\"mec-event-title\"><a class=\"mec-color-hover\" data-event-id=\"4409\" href=\"https:\/\/www.cecrosario.gob.ar\/index.php\/events\/convocatoria-vintage\/\" target=\"_self\" rel=\"noopener\"><b>Convocatoria a proyectos vintage<\/b> <br> Dise\u00f1o Local* Rosario<\/a><\/h4><div class=\"mec-event-detail\">\r\n                        <div class=\"mec-event-loc-place\"><\/div>\r\n                        \r\n                    <\/div><\/div><div style=\"clear:both\"><\/div><\/article><\/div><div class=\"mec-calendar-events-sec\" id=\"mec-calendar-events-sec-3485-20260320\" data-mec-cell=\"20260320\" ><h6 class=\"mec-table-side-title\">Eventos para <span class=\"mec-color mec-table-side-day\"> 20<\/span> marzo<\/h6><article class=\"mec-past-event mec-event-article \"><div class=\"mec-event-image\"><img decoding=\"async\" width=\"300\" height=\"300\" src=\"https:\/\/www.cecrosario.gob.ar\/wp-content\/uploads\/2026\/02\/Fotos-Gestor-Talleres-300x300.png\" class=\"attachment-thumblist size-thumblist wp-post-image\" alt=\"\" data-mec-postid=\"4390\" \/><\/div><div class=\"mec-monthly-contents\" style=\"width: calc(100% - 85px)\"><div class=\"mec-event-time mec-color\"><i class=\"mec-sl-clock-o\"><\/i> Todo el d\u00eda<\/div><h4 class=\"mec-event-title\"><a class=\"mec-color-hover\" data-event-id=\"4390\" href=\"https:\/\/www.cecrosario.gob.ar\/index.php\/events\/talleres-de-diseno\/\" target=\"_self\" rel=\"noopener\"><b>Talleres de Dise\u00f1o<\/b> <br> Aprendizaje en el CEC<\/a><\/h4><div class=\"mec-event-detail\">\r\n                        <div class=\"mec-event-loc-place\"><\/div>\r\n                        \r\n                    <\/div><\/div><div style=\"clear:both\"><\/div><\/article><article class=\"mec-event-article \"><div class=\"mec-event-image\"><img loading=\"lazy\" decoding=\"async\" width=\"300\" height=\"300\" src=\"https:\/\/www.cecrosario.gob.ar\/wp-content\/uploads\/2023\/12\/FERIA-VINTAGE-6-5-AIX-11-300x300.jpg\" class=\"attachment-thumblist size-thumblist wp-post-image\" alt=\"\" data-mec-postid=\"4409\" \/><\/div><div class=\"mec-monthly-contents\" style=\"width: calc(100% - 85px)\"><div class=\"mec-event-time mec-color\"><i class=\"mec-sl-clock-o\"><\/i> Todo el d\u00eda<\/div><h4 class=\"mec-event-title\"><a class=\"mec-color-hover\" data-event-id=\"4409\" href=\"https:\/\/www.cecrosario.gob.ar\/index.php\/events\/convocatoria-vintage\/\" target=\"_self\" rel=\"noopener\"><b>Convocatoria a proyectos vintage<\/b> <br> Dise\u00f1o Local* Rosario<\/a><\/h4><div class=\"mec-event-detail\">\r\n                        <div class=\"mec-event-loc-place\"><\/div>\r\n                        \r\n                    <\/div><\/div><div style=\"clear:both\"><\/div><\/article><article class=\"mec-past-event mec-event-article \"><div class=\"mec-event-image\"><img loading=\"lazy\" decoding=\"async\" width=\"300\" height=\"300\" src=\"https:\/\/www.cecrosario.gob.ar\/wp-content\/uploads\/2026\/03\/Fotos-Gestor-Memoria-300x300.png\" class=\"attachment-thumblist size-thumblist wp-post-image\" alt=\"\" data-mec-postid=\"4403\" \/><\/div><div class=\"mec-monthly-contents\" style=\"width: calc(100% - 85px)\"><div class=\"mec-event-time mec-color\"><i class=\"mec-sl-clock-o\"><\/i> 16:00 - 00:00<\/div><h4 class=\"mec-event-title\"><a class=\"mec-color-hover\" data-event-id=\"4403\" href=\"https:\/\/www.cecrosario.gob.ar\/index.php\/events\/fin-de-semana-memoria\/\" target=\"_self\" rel=\"noopener\"><b>Fin de semana de la Memoria<\/b> <br> A 50 a\u00f1os del golpe<\/a><\/h4><div class=\"mec-event-detail\">\r\n                        <div class=\"mec-event-loc-place\"><\/div>\r\n                        \r\n                    <\/div><\/div><div style=\"clear:both\"><\/div><\/article><\/div><div class=\"mec-calendar-events-sec\" id=\"mec-calendar-events-sec-3485-20260321\" data-mec-cell=\"20260321\" ><h6 class=\"mec-table-side-title\">Eventos para <span class=\"mec-color mec-table-side-day\"> 21<\/span> marzo<\/h6><article class=\"mec-past-event mec-event-article \"><div class=\"mec-event-image\"><img decoding=\"async\" width=\"300\" height=\"300\" src=\"https:\/\/www.cecrosario.gob.ar\/wp-content\/uploads\/2026\/02\/Fotos-Gestor-Talleres-300x300.png\" class=\"attachment-thumblist size-thumblist wp-post-image\" alt=\"\" data-mec-postid=\"4390\" \/><\/div><div class=\"mec-monthly-contents\" style=\"width: calc(100% - 85px)\"><div class=\"mec-event-time mec-color\"><i class=\"mec-sl-clock-o\"><\/i> Todo el d\u00eda<\/div><h4 class=\"mec-event-title\"><a class=\"mec-color-hover\" data-event-id=\"4390\" href=\"https:\/\/www.cecrosario.gob.ar\/index.php\/events\/talleres-de-diseno\/\" target=\"_self\" rel=\"noopener\"><b>Talleres de Dise\u00f1o<\/b> <br> Aprendizaje en el CEC<\/a><\/h4><div class=\"mec-event-detail\">\r\n                        <div class=\"mec-event-loc-place\"><\/div>\r\n                        \r\n                    <\/div><\/div><div style=\"clear:both\"><\/div><\/article><article class=\"mec-event-article \"><div class=\"mec-event-image\"><img loading=\"lazy\" decoding=\"async\" width=\"300\" height=\"300\" src=\"https:\/\/www.cecrosario.gob.ar\/wp-content\/uploads\/2023\/12\/FERIA-VINTAGE-6-5-AIX-11-300x300.jpg\" class=\"attachment-thumblist size-thumblist wp-post-image\" alt=\"\" data-mec-postid=\"4409\" \/><\/div><div class=\"mec-monthly-contents\" style=\"width: calc(100% - 85px)\"><div class=\"mec-event-time mec-color\"><i class=\"mec-sl-clock-o\"><\/i> Todo el d\u00eda<\/div><h4 class=\"mec-event-title\"><a class=\"mec-color-hover\" data-event-id=\"4409\" href=\"https:\/\/www.cecrosario.gob.ar\/index.php\/events\/convocatoria-vintage\/\" target=\"_self\" rel=\"noopener\"><b>Convocatoria a proyectos vintage<\/b> <br> Dise\u00f1o Local* Rosario<\/a><\/h4><div class=\"mec-event-detail\">\r\n                        <div class=\"mec-event-loc-place\"><\/div>\r\n                        \r\n                    <\/div><\/div><div style=\"clear:both\"><\/div><\/article><article class=\"mec-past-event mec-event-article \"><div class=\"mec-event-image\"><img loading=\"lazy\" decoding=\"async\" width=\"300\" height=\"300\" src=\"https:\/\/www.cecrosario.gob.ar\/wp-content\/uploads\/2026\/03\/Fotos-Gestor-Memoria-300x300.png\" class=\"attachment-thumblist size-thumblist wp-post-image\" alt=\"\" data-mec-postid=\"4403\" \/><\/div><div class=\"mec-monthly-contents\" style=\"width: calc(100% - 85px)\"><div class=\"mec-event-time mec-color\"><i class=\"mec-sl-clock-o\"><\/i> Todo el d\u00eda<\/div><h4 class=\"mec-event-title\"><a class=\"mec-color-hover\" data-event-id=\"4403\" href=\"https:\/\/www.cecrosario.gob.ar\/index.php\/events\/fin-de-semana-memoria\/\" target=\"_self\" rel=\"noopener\"><b>Fin de semana de la Memoria<\/b> <br> A 50 a\u00f1os del golpe<\/a><\/h4><div class=\"mec-event-detail\">\r\n                        <div class=\"mec-event-loc-place\"><\/div>\r\n                        \r\n                    <\/div><\/div><div style=\"clear:both\"><\/div><\/article><\/div><div class=\"mec-calendar-events-sec\" id=\"mec-calendar-events-sec-3485-20260322\" data-mec-cell=\"20260322\" ><h6 class=\"mec-table-side-title\">Eventos para <span class=\"mec-color mec-table-side-day\"> 22<\/span> marzo<\/h6><article class=\"mec-past-event mec-event-article \"><div class=\"mec-event-image\"><img decoding=\"async\" width=\"300\" height=\"300\" src=\"https:\/\/www.cecrosario.gob.ar\/wp-content\/uploads\/2026\/02\/Fotos-Gestor-Talleres-300x300.png\" class=\"attachment-thumblist size-thumblist wp-post-image\" alt=\"\" data-mec-postid=\"4390\" \/><\/div><div class=\"mec-monthly-contents\" style=\"width: calc(100% - 85px)\"><div class=\"mec-event-time mec-color\"><i class=\"mec-sl-clock-o\"><\/i> Todo el d\u00eda<\/div><h4 class=\"mec-event-title\"><a class=\"mec-color-hover\" data-event-id=\"4390\" href=\"https:\/\/www.cecrosario.gob.ar\/index.php\/events\/talleres-de-diseno\/\" target=\"_self\" rel=\"noopener\"><b>Talleres de Dise\u00f1o<\/b> <br> Aprendizaje en el CEC<\/a><\/h4><div class=\"mec-event-detail\">\r\n                        <div class=\"mec-event-loc-place\"><\/div>\r\n                        \r\n                    <\/div><\/div><div style=\"clear:both\"><\/div><\/article><article class=\"mec-event-article \"><div class=\"mec-event-image\"><img loading=\"lazy\" decoding=\"async\" width=\"300\" height=\"300\" src=\"https:\/\/www.cecrosario.gob.ar\/wp-content\/uploads\/2023\/12\/FERIA-VINTAGE-6-5-AIX-11-300x300.jpg\" class=\"attachment-thumblist size-thumblist wp-post-image\" alt=\"\" data-mec-postid=\"4409\" \/><\/div><div class=\"mec-monthly-contents\" style=\"width: calc(100% - 85px)\"><div class=\"mec-event-time mec-color\"><i class=\"mec-sl-clock-o\"><\/i> Todo el d\u00eda<\/div><h4 class=\"mec-event-title\"><a class=\"mec-color-hover\" data-event-id=\"4409\" href=\"https:\/\/www.cecrosario.gob.ar\/index.php\/events\/convocatoria-vintage\/\" target=\"_self\" rel=\"noopener\"><b>Convocatoria a proyectos vintage<\/b> <br> Dise\u00f1o Local* Rosario<\/a><\/h4><div class=\"mec-event-detail\">\r\n                        <div class=\"mec-event-loc-place\"><\/div>\r\n                        \r\n                    <\/div><\/div><div style=\"clear:both\"><\/div><\/article><article class=\"mec-past-event mec-event-article \"><div class=\"mec-event-image\"><img loading=\"lazy\" decoding=\"async\" width=\"300\" height=\"300\" src=\"https:\/\/www.cecrosario.gob.ar\/wp-content\/uploads\/2026\/03\/Fotos-Gestor-Memoria-300x300.png\" class=\"attachment-thumblist size-thumblist wp-post-image\" alt=\"\" data-mec-postid=\"4403\" \/><\/div><div class=\"mec-monthly-contents\" style=\"width: calc(100% - 85px)\"><div class=\"mec-event-time mec-color\"><i class=\"mec-sl-clock-o\"><\/i> 00:00 - 20:00<\/div><h4 class=\"mec-event-title\"><a class=\"mec-color-hover\" data-event-id=\"4403\" href=\"https:\/\/www.cecrosario.gob.ar\/index.php\/events\/fin-de-semana-memoria\/\" target=\"_self\" rel=\"noopener\"><b>Fin de semana de la Memoria<\/b> <br> A 50 a\u00f1os del golpe<\/a><\/h4><div class=\"mec-event-detail\">\r\n                        <div class=\"mec-event-loc-place\"><\/div>\r\n                        \r\n                    <\/div><\/div><div style=\"clear:both\"><\/div><\/article><\/div><div class=\"mec-calendar-events-sec\" id=\"mec-calendar-events-sec-3485-20260323\" data-mec-cell=\"20260323\" ><h6 class=\"mec-table-side-title\">Eventos para <span class=\"mec-color mec-table-side-day\"> 23<\/span> marzo<\/h6><article class=\"mec-past-event mec-event-article \"><div class=\"mec-event-image\"><img decoding=\"async\" width=\"300\" height=\"300\" src=\"https:\/\/www.cecrosario.gob.ar\/wp-content\/uploads\/2026\/02\/Fotos-Gestor-Talleres-300x300.png\" class=\"attachment-thumblist size-thumblist wp-post-image\" alt=\"\" data-mec-postid=\"4390\" \/><\/div><div class=\"mec-monthly-contents\" style=\"width: calc(100% - 85px)\"><div class=\"mec-event-time mec-color\"><i class=\"mec-sl-clock-o\"><\/i> Todo el d\u00eda<\/div><h4 class=\"mec-event-title\"><a class=\"mec-color-hover\" data-event-id=\"4390\" href=\"https:\/\/www.cecrosario.gob.ar\/index.php\/events\/talleres-de-diseno\/\" target=\"_self\" rel=\"noopener\"><b>Talleres de Dise\u00f1o<\/b> <br> Aprendizaje en el CEC<\/a><\/h4><div class=\"mec-event-detail\">\r\n                        <div class=\"mec-event-loc-place\"><\/div>\r\n                        \r\n                    <\/div><\/div><div style=\"clear:both\"><\/div><\/article><article class=\"mec-event-article \"><div class=\"mec-event-image\"><img loading=\"lazy\" decoding=\"async\" width=\"300\" height=\"300\" src=\"https:\/\/www.cecrosario.gob.ar\/wp-content\/uploads\/2023\/12\/FERIA-VINTAGE-6-5-AIX-11-300x300.jpg\" class=\"attachment-thumblist size-thumblist wp-post-image\" alt=\"\" data-mec-postid=\"4409\" \/><\/div><div class=\"mec-monthly-contents\" style=\"width: calc(100% - 85px)\"><div class=\"mec-event-time mec-color\"><i class=\"mec-sl-clock-o\"><\/i> Todo el d\u00eda<\/div><h4 class=\"mec-event-title\"><a class=\"mec-color-hover\" data-event-id=\"4409\" href=\"https:\/\/www.cecrosario.gob.ar\/index.php\/events\/convocatoria-vintage\/\" target=\"_self\" rel=\"noopener\"><b>Convocatoria a proyectos vintage<\/b> <br> Dise\u00f1o Local* Rosario<\/a><\/h4><div class=\"mec-event-detail\">\r\n                        <div class=\"mec-event-loc-place\"><\/div>\r\n                        \r\n                    <\/div><\/div><div style=\"clear:both\"><\/div><\/article><\/div><div class=\"mec-calendar-events-sec\" id=\"mec-calendar-events-sec-3485-20260324\" data-mec-cell=\"20260324\" ><h6 class=\"mec-table-side-title\">Eventos para <span class=\"mec-color mec-table-side-day\"> 24<\/span> marzo<\/h6><article class=\"mec-past-event mec-event-article \"><div class=\"mec-event-image\"><img decoding=\"async\" width=\"300\" height=\"300\" src=\"https:\/\/www.cecrosario.gob.ar\/wp-content\/uploads\/2026\/02\/Fotos-Gestor-Talleres-300x300.png\" class=\"attachment-thumblist size-thumblist wp-post-image\" alt=\"\" data-mec-postid=\"4390\" \/><\/div><div class=\"mec-monthly-contents\" style=\"width: calc(100% - 85px)\"><div class=\"mec-event-time mec-color\"><i class=\"mec-sl-clock-o\"><\/i> Todo el d\u00eda<\/div><h4 class=\"mec-event-title\"><a class=\"mec-color-hover\" data-event-id=\"4390\" href=\"https:\/\/www.cecrosario.gob.ar\/index.php\/events\/talleres-de-diseno\/\" target=\"_self\" rel=\"noopener\"><b>Talleres de Dise\u00f1o<\/b> <br> Aprendizaje en el CEC<\/a><\/h4><div class=\"mec-event-detail\">\r\n                        <div class=\"mec-event-loc-place\"><\/div>\r\n                        \r\n                    <\/div><\/div><div style=\"clear:both\"><\/div><\/article><article class=\"mec-event-article \"><div class=\"mec-event-image\"><img loading=\"lazy\" decoding=\"async\" width=\"300\" height=\"300\" src=\"https:\/\/www.cecrosario.gob.ar\/wp-content\/uploads\/2023\/12\/FERIA-VINTAGE-6-5-AIX-11-300x300.jpg\" class=\"attachment-thumblist size-thumblist wp-post-image\" alt=\"\" data-mec-postid=\"4409\" \/><\/div><div class=\"mec-monthly-contents\" style=\"width: calc(100% - 85px)\"><div class=\"mec-event-time mec-color\"><i class=\"mec-sl-clock-o\"><\/i> Todo el d\u00eda<\/div><h4 class=\"mec-event-title\"><a class=\"mec-color-hover\" data-event-id=\"4409\" href=\"https:\/\/www.cecrosario.gob.ar\/index.php\/events\/convocatoria-vintage\/\" target=\"_self\" rel=\"noopener\"><b>Convocatoria a proyectos vintage<\/b> <br> Dise\u00f1o Local* Rosario<\/a><\/h4><div class=\"mec-event-detail\">\r\n                        <div class=\"mec-event-loc-place\"><\/div>\r\n                        \r\n                    <\/div><\/div><div style=\"clear:both\"><\/div><\/article><\/div><div class=\"mec-calendar-events-sec\" id=\"mec-calendar-events-sec-3485-20260325\" data-mec-cell=\"20260325\"  style=\"display: block;\"><h6 class=\"mec-table-side-title\">Eventos para <span class=\"mec-color mec-table-side-day\"> 25<\/span> marzo<\/h6><article class=\"mec-past-event mec-event-article \"><div class=\"mec-event-image\"><img decoding=\"async\" width=\"300\" height=\"300\" src=\"https:\/\/www.cecrosario.gob.ar\/wp-content\/uploads\/2026\/02\/Fotos-Gestor-Talleres-300x300.png\" class=\"attachment-thumblist size-thumblist wp-post-image\" alt=\"\" data-mec-postid=\"4390\" \/><\/div><div class=\"mec-monthly-contents\" style=\"width: calc(100% - 85px)\"><div class=\"mec-event-time mec-color\"><i class=\"mec-sl-clock-o\"><\/i> Todo el d\u00eda<\/div><h4 class=\"mec-event-title\"><a class=\"mec-color-hover\" data-event-id=\"4390\" href=\"https:\/\/www.cecrosario.gob.ar\/index.php\/events\/talleres-de-diseno\/\" target=\"_self\" rel=\"noopener\"><b>Talleres de Dise\u00f1o<\/b> <br> Aprendizaje en el CEC<\/a><\/h4><div class=\"mec-event-detail\">\r\n                        <div class=\"mec-event-loc-place\"><\/div>\r\n                        \r\n                    <\/div><\/div><div style=\"clear:both\"><\/div><\/article><article class=\"mec-event-article \"><div class=\"mec-event-image\"><img loading=\"lazy\" decoding=\"async\" width=\"300\" height=\"300\" src=\"https:\/\/www.cecrosario.gob.ar\/wp-content\/uploads\/2023\/12\/FERIA-VINTAGE-6-5-AIX-11-300x300.jpg\" class=\"attachment-thumblist size-thumblist wp-post-image\" alt=\"\" data-mec-postid=\"4409\" \/><\/div><div class=\"mec-monthly-contents\" style=\"width: calc(100% - 85px)\"><div class=\"mec-event-time mec-color\"><i class=\"mec-sl-clock-o\"><\/i> Todo el d\u00eda<\/div><h4 class=\"mec-event-title\"><a class=\"mec-color-hover\" data-event-id=\"4409\" href=\"https:\/\/www.cecrosario.gob.ar\/index.php\/events\/convocatoria-vintage\/\" target=\"_self\" rel=\"noopener\"><b>Convocatoria a proyectos vintage<\/b> <br> Dise\u00f1o Local* Rosario<\/a><\/h4><div class=\"mec-event-detail\">\r\n                        <div class=\"mec-event-loc-place\"><\/div>\r\n                        \r\n                    <\/div><\/div><div style=\"clear:both\"><\/div><\/article><\/div><div class=\"mec-calendar-events-sec\" id=\"mec-calendar-events-sec-3485-20260326\" data-mec-cell=\"20260326\" ><h6 class=\"mec-table-side-title\">Eventos para <span class=\"mec-color mec-table-side-day\"> 26<\/span> marzo<\/h6><article class=\"mec-past-event mec-event-article \"><div class=\"mec-event-image\"><img decoding=\"async\" width=\"300\" height=\"300\" src=\"https:\/\/www.cecrosario.gob.ar\/wp-content\/uploads\/2026\/02\/Fotos-Gestor-Talleres-300x300.png\" class=\"attachment-thumblist size-thumblist wp-post-image\" alt=\"\" data-mec-postid=\"4390\" \/><\/div><div class=\"mec-monthly-contents\" style=\"width: calc(100% - 85px)\"><div class=\"mec-event-time mec-color\"><i class=\"mec-sl-clock-o\"><\/i> Todo el d\u00eda<\/div><h4 class=\"mec-event-title\"><a class=\"mec-color-hover\" data-event-id=\"4390\" href=\"https:\/\/www.cecrosario.gob.ar\/index.php\/events\/talleres-de-diseno\/\" target=\"_self\" rel=\"noopener\"><b>Talleres de Dise\u00f1o<\/b> <br> Aprendizaje en el CEC<\/a><\/h4><div class=\"mec-event-detail\">\r\n                        <div class=\"mec-event-loc-place\"><\/div>\r\n                        \r\n                    <\/div><\/div><div style=\"clear:both\"><\/div><\/article><article class=\"mec-event-article \"><div class=\"mec-event-image\"><img loading=\"lazy\" decoding=\"async\" width=\"300\" height=\"300\" src=\"https:\/\/www.cecrosario.gob.ar\/wp-content\/uploads\/2023\/12\/FERIA-VINTAGE-6-5-AIX-11-300x300.jpg\" class=\"attachment-thumblist size-thumblist wp-post-image\" alt=\"\" data-mec-postid=\"4409\" \/><\/div><div class=\"mec-monthly-contents\" style=\"width: calc(100% - 85px)\"><div class=\"mec-event-time mec-color\"><i class=\"mec-sl-clock-o\"><\/i> Todo el d\u00eda<\/div><h4 class=\"mec-event-title\"><a class=\"mec-color-hover\" data-event-id=\"4409\" href=\"https:\/\/www.cecrosario.gob.ar\/index.php\/events\/convocatoria-vintage\/\" target=\"_self\" rel=\"noopener\"><b>Convocatoria a proyectos vintage<\/b> <br> Dise\u00f1o Local* Rosario<\/a><\/h4><div class=\"mec-event-detail\">\r\n                        <div class=\"mec-event-loc-place\"><\/div>\r\n                        \r\n                    <\/div><\/div><div style=\"clear:both\"><\/div><\/article><\/div><div class=\"mec-calendar-events-sec\" id=\"mec-calendar-events-sec-3485-20260327\" data-mec-cell=\"20260327\" ><h6 class=\"mec-table-side-title\">Eventos para <span class=\"mec-color mec-table-side-day\"> 27<\/span> marzo<\/h6><article class=\"mec-past-event mec-event-article \"><div class=\"mec-event-image\"><img decoding=\"async\" width=\"300\" height=\"300\" src=\"https:\/\/www.cecrosario.gob.ar\/wp-content\/uploads\/2026\/02\/Fotos-Gestor-Talleres-300x300.png\" class=\"attachment-thumblist size-thumblist wp-post-image\" alt=\"\" data-mec-postid=\"4390\" \/><\/div><div class=\"mec-monthly-contents\" style=\"width: calc(100% - 85px)\"><div class=\"mec-event-time mec-color\"><i class=\"mec-sl-clock-o\"><\/i> Todo el d\u00eda<\/div><h4 class=\"mec-event-title\"><a class=\"mec-color-hover\" data-event-id=\"4390\" href=\"https:\/\/www.cecrosario.gob.ar\/index.php\/events\/talleres-de-diseno\/\" target=\"_self\" rel=\"noopener\"><b>Talleres de Dise\u00f1o<\/b> <br> Aprendizaje en el CEC<\/a><\/h4><div class=\"mec-event-detail\">\r\n                        <div class=\"mec-event-loc-place\"><\/div>\r\n                        \r\n                    <\/div><\/div><div style=\"clear:both\"><\/div><\/article><article class=\"mec-event-article \"><div class=\"mec-event-image\"><img loading=\"lazy\" decoding=\"async\" width=\"300\" height=\"300\" src=\"https:\/\/www.cecrosario.gob.ar\/wp-content\/uploads\/2023\/12\/FERIA-VINTAGE-6-5-AIX-11-300x300.jpg\" class=\"attachment-thumblist size-thumblist wp-post-image\" alt=\"\" data-mec-postid=\"4409\" \/><\/div><div class=\"mec-monthly-contents\" style=\"width: calc(100% - 85px)\"><div class=\"mec-event-time mec-color\"><i class=\"mec-sl-clock-o\"><\/i> Todo el d\u00eda<\/div><h4 class=\"mec-event-title\"><a class=\"mec-color-hover\" data-event-id=\"4409\" href=\"https:\/\/www.cecrosario.gob.ar\/index.php\/events\/convocatoria-vintage\/\" target=\"_self\" rel=\"noopener\"><b>Convocatoria a proyectos vintage<\/b> <br> Dise\u00f1o Local* Rosario<\/a><\/h4><div class=\"mec-event-detail\">\r\n                        <div class=\"mec-event-loc-place\"><\/div>\r\n                        \r\n                    <\/div><\/div><div style=\"clear:both\"><\/div><\/article><\/div><div class=\"mec-calendar-events-sec\" id=\"mec-calendar-events-sec-3485-20260328\" data-mec-cell=\"20260328\" ><h6 class=\"mec-table-side-title\">Eventos para <span class=\"mec-color mec-table-side-day\"> 28<\/span> marzo<\/h6><article class=\"mec-past-event mec-event-article \"><div class=\"mec-event-image\"><img decoding=\"async\" width=\"300\" height=\"300\" src=\"https:\/\/www.cecrosario.gob.ar\/wp-content\/uploads\/2026\/02\/Fotos-Gestor-Talleres-300x300.png\" class=\"attachment-thumblist size-thumblist wp-post-image\" alt=\"\" data-mec-postid=\"4390\" \/><\/div><div class=\"mec-monthly-contents\" style=\"width: calc(100% - 85px)\"><div class=\"mec-event-time mec-color\"><i class=\"mec-sl-clock-o\"><\/i> Todo el d\u00eda<\/div><h4 class=\"mec-event-title\"><a class=\"mec-color-hover\" data-event-id=\"4390\" href=\"https:\/\/www.cecrosario.gob.ar\/index.php\/events\/talleres-de-diseno\/\" target=\"_self\" rel=\"noopener\"><b>Talleres de Dise\u00f1o<\/b> <br> Aprendizaje en el CEC<\/a><\/h4><div class=\"mec-event-detail\">\r\n                        <div class=\"mec-event-loc-place\"><\/div>\r\n                        \r\n                    <\/div><\/div><div style=\"clear:both\"><\/div><\/article><article class=\"mec-event-article \"><div class=\"mec-event-image\"><img loading=\"lazy\" decoding=\"async\" width=\"300\" height=\"300\" src=\"https:\/\/www.cecrosario.gob.ar\/wp-content\/uploads\/2023\/12\/FERIA-VINTAGE-6-5-AIX-11-300x300.jpg\" class=\"attachment-thumblist size-thumblist wp-post-image\" alt=\"\" data-mec-postid=\"4409\" \/><\/div><div class=\"mec-monthly-contents\" style=\"width: calc(100% - 85px)\"><div class=\"mec-event-time mec-color\"><i class=\"mec-sl-clock-o\"><\/i> Todo el d\u00eda<\/div><h4 class=\"mec-event-title\"><a class=\"mec-color-hover\" data-event-id=\"4409\" href=\"https:\/\/www.cecrosario.gob.ar\/index.php\/events\/convocatoria-vintage\/\" target=\"_self\" rel=\"noopener\"><b>Convocatoria a proyectos vintage<\/b> <br> Dise\u00f1o Local* Rosario<\/a><\/h4><div class=\"mec-event-detail\">\r\n                        <div class=\"mec-event-loc-place\"><\/div>\r\n                        \r\n                    <\/div><\/div><div style=\"clear:both\"><\/div><\/article><article class=\"mec-past-event mec-event-article \"><div class=\"mec-event-image\"><img loading=\"lazy\" decoding=\"async\" width=\"300\" height=\"300\" src=\"https:\/\/www.cecrosario.gob.ar\/wp-content\/uploads\/2026\/03\/Fotos-Gestor-Tatuadoras-300x300.png\" class=\"attachment-thumblist size-thumblist wp-post-image\" alt=\"Ciclo de tatuadoras en el CEC\" data-mec-postid=\"4382\" \/><\/div><div class=\"mec-monthly-contents\" style=\"width: calc(100% - 85px)\"><div class=\"mec-event-time mec-color\"><i class=\"mec-sl-clock-o\"><\/i> 12:00 - 00:00<\/div><h4 class=\"mec-event-title\"><a class=\"mec-color-hover\" data-event-id=\"4382\" href=\"https:\/\/www.cecrosario.gob.ar\/index.php\/events\/ciclo-de-tatuadoras\/\" target=\"_self\" rel=\"noopener\"><b>Ciclo de Tatuadoras<\/b> <br> 6ta edici\u00f3n<\/a><\/h4><div class=\"mec-event-detail\">\r\n                        <div class=\"mec-event-loc-place\"><\/div>\r\n                        \r\n                    <\/div><\/div><div style=\"clear:both\"><\/div><\/article><\/div><div class=\"mec-calendar-events-sec\" id=\"mec-calendar-events-sec-3485-20260329\" data-mec-cell=\"20260329\" ><h6 class=\"mec-table-side-title\">Eventos para <span class=\"mec-color mec-table-side-day\"> 29<\/span> marzo<\/h6><article class=\"mec-past-event mec-event-article \"><div class=\"mec-event-image\"><img decoding=\"async\" width=\"300\" height=\"300\" src=\"https:\/\/www.cecrosario.gob.ar\/wp-content\/uploads\/2026\/02\/Fotos-Gestor-Talleres-300x300.png\" class=\"attachment-thumblist size-thumblist wp-post-image\" alt=\"\" data-mec-postid=\"4390\" \/><\/div><div class=\"mec-monthly-contents\" style=\"width: calc(100% - 85px)\"><div class=\"mec-event-time mec-color\"><i class=\"mec-sl-clock-o\"><\/i> Todo el d\u00eda<\/div><h4 class=\"mec-event-title\"><a class=\"mec-color-hover\" data-event-id=\"4390\" href=\"https:\/\/www.cecrosario.gob.ar\/index.php\/events\/talleres-de-diseno\/\" target=\"_self\" rel=\"noopener\"><b>Talleres de Dise\u00f1o<\/b> <br> Aprendizaje en el CEC<\/a><\/h4><div class=\"mec-event-detail\">\r\n                        <div class=\"mec-event-loc-place\"><\/div>\r\n                        \r\n                    <\/div><\/div><div style=\"clear:both\"><\/div><\/article><article class=\"mec-event-article \"><div class=\"mec-event-image\"><img loading=\"lazy\" decoding=\"async\" width=\"300\" height=\"300\" src=\"https:\/\/www.cecrosario.gob.ar\/wp-content\/uploads\/2023\/12\/FERIA-VINTAGE-6-5-AIX-11-300x300.jpg\" class=\"attachment-thumblist size-thumblist wp-post-image\" alt=\"\" data-mec-postid=\"4409\" \/><\/div><div class=\"mec-monthly-contents\" style=\"width: calc(100% - 85px)\"><div class=\"mec-event-time mec-color\"><i class=\"mec-sl-clock-o\"><\/i> Todo el d\u00eda<\/div><h4 class=\"mec-event-title\"><a class=\"mec-color-hover\" data-event-id=\"4409\" href=\"https:\/\/www.cecrosario.gob.ar\/index.php\/events\/convocatoria-vintage\/\" target=\"_self\" rel=\"noopener\"><b>Convocatoria a proyectos vintage<\/b> <br> Dise\u00f1o Local* Rosario<\/a><\/h4><div class=\"mec-event-detail\">\r\n                        <div class=\"mec-event-loc-place\"><\/div>\r\n                        \r\n                    <\/div><\/div><div style=\"clear:both\"><\/div><\/article><article class=\"mec-past-event mec-event-article \"><div class=\"mec-event-image\"><img loading=\"lazy\" decoding=\"async\" width=\"300\" height=\"300\" src=\"https:\/\/www.cecrosario.gob.ar\/wp-content\/uploads\/2026\/03\/Fotos-Gestor-Tatuadoras-300x300.png\" class=\"attachment-thumblist size-thumblist wp-post-image\" alt=\"Ciclo de tatuadoras en el CEC\" data-mec-postid=\"4382\" \/><\/div><div class=\"mec-monthly-contents\" style=\"width: calc(100% - 85px)\"><div class=\"mec-event-time mec-color\"><i class=\"mec-sl-clock-o\"><\/i> 00:00 - 21:00<\/div><h4 class=\"mec-event-title\"><a class=\"mec-color-hover\" data-event-id=\"4382\" href=\"https:\/\/www.cecrosario.gob.ar\/index.php\/events\/ciclo-de-tatuadoras\/\" target=\"_self\" rel=\"noopener\"><b>Ciclo de Tatuadoras<\/b> <br> 6ta edici\u00f3n<\/a><\/h4><div class=\"mec-event-detail\">\r\n                        <div class=\"mec-event-loc-place\"><\/div>\r\n                        \r\n                    <\/div><\/div><div style=\"clear:both\"><\/div><\/article><\/div><div class=\"mec-calendar-events-sec\" id=\"mec-calendar-events-sec-3485-20260330\" data-mec-cell=\"20260330\" ><h6 class=\"mec-table-side-title\">Eventos para <span class=\"mec-color mec-table-side-day\"> 30<\/span> marzo<\/h6><article class=\"mec-past-event mec-event-article \"><div class=\"mec-event-image\"><img decoding=\"async\" width=\"300\" height=\"300\" src=\"https:\/\/www.cecrosario.gob.ar\/wp-content\/uploads\/2026\/02\/Fotos-Gestor-Talleres-300x300.png\" class=\"attachment-thumblist size-thumblist wp-post-image\" alt=\"\" data-mec-postid=\"4390\" \/><\/div><div class=\"mec-monthly-contents\" style=\"width: calc(100% - 85px)\"><div class=\"mec-event-time mec-color\"><i class=\"mec-sl-clock-o\"><\/i> Todo el d\u00eda<\/div><h4 class=\"mec-event-title\"><a class=\"mec-color-hover\" data-event-id=\"4390\" href=\"https:\/\/www.cecrosario.gob.ar\/index.php\/events\/talleres-de-diseno\/\" target=\"_self\" rel=\"noopener\"><b>Talleres de Dise\u00f1o<\/b> <br> Aprendizaje en el CEC<\/a><\/h4><div class=\"mec-event-detail\">\r\n                        <div class=\"mec-event-loc-place\"><\/div>\r\n                        \r\n                    <\/div><\/div><div style=\"clear:both\"><\/div><\/article><article class=\"mec-event-article \"><div class=\"mec-event-image\"><img loading=\"lazy\" decoding=\"async\" width=\"300\" height=\"300\" src=\"https:\/\/www.cecrosario.gob.ar\/wp-content\/uploads\/2023\/12\/FERIA-VINTAGE-6-5-AIX-11-300x300.jpg\" class=\"attachment-thumblist size-thumblist wp-post-image\" alt=\"\" data-mec-postid=\"4409\" \/><\/div><div class=\"mec-monthly-contents\" style=\"width: calc(100% - 85px)\"><div class=\"mec-event-time mec-color\"><i class=\"mec-sl-clock-o\"><\/i> Todo el d\u00eda<\/div><h4 class=\"mec-event-title\"><a class=\"mec-color-hover\" data-event-id=\"4409\" href=\"https:\/\/www.cecrosario.gob.ar\/index.php\/events\/convocatoria-vintage\/\" target=\"_self\" rel=\"noopener\"><b>Convocatoria a proyectos vintage<\/b> <br> Dise\u00f1o Local* Rosario<\/a><\/h4><div class=\"mec-event-detail\">\r\n                        <div class=\"mec-event-loc-place\"><\/div>\r\n                        \r\n                    <\/div><\/div><div style=\"clear:both\"><\/div><\/article><\/div><div class=\"mec-calendar-events-sec\" id=\"mec-calendar-events-sec-3485-20260331\" data-mec-cell=\"20260331\" ><h6 class=\"mec-table-side-title\">Eventos para <span class=\"mec-color mec-table-side-day\"> 31<\/span> marzo<\/h6><article class=\"mec-past-event mec-event-article \"><div class=\"mec-event-image\"><img decoding=\"async\" width=\"300\" height=\"300\" src=\"https:\/\/www.cecrosario.gob.ar\/wp-content\/uploads\/2026\/02\/Fotos-Gestor-Talleres-300x300.png\" class=\"attachment-thumblist size-thumblist wp-post-image\" alt=\"\" data-mec-postid=\"4390\" \/><\/div><div class=\"mec-monthly-contents\" style=\"width: calc(100% - 85px)\"><div class=\"mec-event-time mec-color\"><i class=\"mec-sl-clock-o\"><\/i> Todo el d\u00eda<\/div><h4 class=\"mec-event-title\"><a class=\"mec-color-hover\" data-event-id=\"4390\" href=\"https:\/\/www.cecrosario.gob.ar\/index.php\/events\/talleres-de-diseno\/\" target=\"_self\" rel=\"noopener\"><b>Talleres de Dise\u00f1o<\/b> <br> Aprendizaje en el CEC<\/a><\/h4><div class=\"mec-event-detail\">\r\n                        <div class=\"mec-event-loc-place\"><\/div>\r\n                        \r\n                    <\/div><\/div><div style=\"clear:both\"><\/div><\/article><article class=\"mec-event-article \"><div class=\"mec-event-image\"><img loading=\"lazy\" decoding=\"async\" width=\"300\" height=\"300\" src=\"https:\/\/www.cecrosario.gob.ar\/wp-content\/uploads\/2023\/12\/FERIA-VINTAGE-6-5-AIX-11-300x300.jpg\" class=\"attachment-thumblist size-thumblist wp-post-image\" alt=\"\" data-mec-postid=\"4409\" \/><\/div><div class=\"mec-monthly-contents\" style=\"width: calc(100% - 85px)\"><div class=\"mec-event-time mec-color\"><i class=\"mec-sl-clock-o\"><\/i> Todo el d\u00eda<\/div><h4 class=\"mec-event-title\"><a class=\"mec-color-hover\" data-event-id=\"4409\" href=\"https:\/\/www.cecrosario.gob.ar\/index.php\/events\/convocatoria-vintage\/\" target=\"_self\" rel=\"noopener\"><b>Convocatoria a proyectos vintage<\/b> <br> Dise\u00f1o Local* Rosario<\/a><\/h4><div class=\"mec-event-detail\">\r\n                        <div class=\"mec-event-loc-place\"><\/div>\r\n                        \r\n                    <\/div><\/div><div style=\"clear:both\"><\/div><\/article><\/div><div class=\"mec-calendar-events-sec\" id=\"mec-calendar-events-sec-3485-20260401\" data-mec-cell=\"20260401\" ><h6 class=\"mec-table-side-title\">Eventos para <span class=\"mec-color mec-table-side-day\"> 1<\/span> abril<\/h6><article class=\"mec-past-event mec-event-article \"><div class=\"mec-event-image\"><img decoding=\"async\" width=\"300\" height=\"300\" src=\"https:\/\/www.cecrosario.gob.ar\/wp-content\/uploads\/2026\/02\/Fotos-Gestor-Talleres-300x300.png\" class=\"attachment-thumblist size-thumblist wp-post-image\" alt=\"\" data-mec-postid=\"4390\" \/><\/div><div class=\"mec-monthly-contents\" style=\"width: calc(100% - 85px)\"><div class=\"mec-event-time mec-color\"><i class=\"mec-sl-clock-o\"><\/i> Todo el d\u00eda<\/div><h4 class=\"mec-event-title\"><a class=\"mec-color-hover\" data-event-id=\"4390\" href=\"https:\/\/www.cecrosario.gob.ar\/index.php\/events\/talleres-de-diseno\/\" target=\"_self\" rel=\"noopener\"><b>Talleres de Dise\u00f1o<\/b> <br> Aprendizaje en el CEC<\/a><\/h4><div class=\"mec-event-detail\">\r\n                            <div class=\"mec-event-loc-place\"><\/div>\r\n                            \r\n                        <\/div><\/div><div style=\"clear:both\"><\/div><\/article><article class=\"mec-event-article \"><div class=\"mec-event-image\"><img loading=\"lazy\" decoding=\"async\" width=\"300\" height=\"300\" src=\"https:\/\/www.cecrosario.gob.ar\/wp-content\/uploads\/2023\/12\/FERIA-VINTAGE-6-5-AIX-11-300x300.jpg\" class=\"attachment-thumblist size-thumblist wp-post-image\" alt=\"\" data-mec-postid=\"4409\" \/><\/div><div class=\"mec-monthly-contents\" style=\"width: calc(100% - 85px)\"><div class=\"mec-event-time mec-color\"><i class=\"mec-sl-clock-o\"><\/i> Todo el d\u00eda<\/div><h4 class=\"mec-event-title\"><a class=\"mec-color-hover\" data-event-id=\"4409\" href=\"https:\/\/www.cecrosario.gob.ar\/index.php\/events\/convocatoria-vintage\/\" target=\"_self\" rel=\"noopener\"><b>Convocatoria a proyectos vintage<\/b> <br> Dise\u00f1o Local* Rosario<\/a><\/h4><div class=\"mec-event-detail\">\r\n                            <div class=\"mec-event-loc-place\"><\/div>\r\n                            \r\n                        <\/div><\/div><div style=\"clear:both\"><\/div><\/article><article class=\"mec-event-article \"><div class=\"mec-event-image\"><img loading=\"lazy\" decoding=\"async\" width=\"300\" height=\"300\" src=\"https:\/\/www.cecrosario.gob.ar\/wp-content\/uploads\/2026\/03\/Fotos-Gestor-5-300x300.png\" class=\"attachment-thumblist size-thumblist wp-post-image\" alt=\"\" data-mec-postid=\"4412\" \/><\/div><div class=\"mec-monthly-contents\" style=\"width: calc(100% - 85px)\"><div class=\"mec-event-time mec-color\"><i class=\"mec-sl-clock-o\"><\/i> Todo el d\u00eda<\/div><h4 class=\"mec-event-title\"><a class=\"mec-color-hover\" data-event-id=\"4412\" href=\"https:\/\/www.cecrosario.gob.ar\/index.php\/events\/abril-mes-del-diseno\/\" target=\"_self\" rel=\"noopener\"><b>Agenda Completa<\/b> <br> Mes del dise\u00f1o<\/a><\/h4><div class=\"mec-event-detail\">\r\n                            <div class=\"mec-event-loc-place\"><\/div>\r\n                            \r\n                        <\/div><\/div><div style=\"clear:both\"><\/div><\/article><\/div><div class=\"mec-calendar-events-sec\" id=\"mec-calendar-events-sec-3485-20260402\" data-mec-cell=\"20260402\" ><h6 class=\"mec-table-side-title\">Eventos para <span class=\"mec-color mec-table-side-day\"> 2<\/span> abril<\/h6><article class=\"mec-past-event mec-event-article \"><div class=\"mec-event-image\"><img decoding=\"async\" width=\"300\" height=\"300\" src=\"https:\/\/www.cecrosario.gob.ar\/wp-content\/uploads\/2026\/02\/Fotos-Gestor-Talleres-300x300.png\" class=\"attachment-thumblist size-thumblist wp-post-image\" alt=\"\" data-mec-postid=\"4390\" \/><\/div><div class=\"mec-monthly-contents\" style=\"width: calc(100% - 85px)\"><div class=\"mec-event-time mec-color\"><i class=\"mec-sl-clock-o\"><\/i> Todo el d\u00eda<\/div><h4 class=\"mec-event-title\"><a class=\"mec-color-hover\" data-event-id=\"4390\" href=\"https:\/\/www.cecrosario.gob.ar\/index.php\/events\/talleres-de-diseno\/\" target=\"_self\" rel=\"noopener\"><b>Talleres de Dise\u00f1o<\/b> <br> Aprendizaje en el CEC<\/a><\/h4><div class=\"mec-event-detail\">\r\n                            <div class=\"mec-event-loc-place\"><\/div>\r\n                            \r\n                        <\/div><\/div><div style=\"clear:both\"><\/div><\/article><article class=\"mec-event-article \"><div class=\"mec-event-image\"><img loading=\"lazy\" decoding=\"async\" width=\"300\" height=\"300\" src=\"https:\/\/www.cecrosario.gob.ar\/wp-content\/uploads\/2023\/12\/FERIA-VINTAGE-6-5-AIX-11-300x300.jpg\" class=\"attachment-thumblist size-thumblist wp-post-image\" alt=\"\" data-mec-postid=\"4409\" \/><\/div><div class=\"mec-monthly-contents\" style=\"width: calc(100% - 85px)\"><div class=\"mec-event-time mec-color\"><i class=\"mec-sl-clock-o\"><\/i> Todo el d\u00eda<\/div><h4 class=\"mec-event-title\"><a class=\"mec-color-hover\" data-event-id=\"4409\" href=\"https:\/\/www.cecrosario.gob.ar\/index.php\/events\/convocatoria-vintage\/\" target=\"_self\" rel=\"noopener\"><b>Convocatoria a proyectos vintage<\/b> <br> Dise\u00f1o Local* Rosario<\/a><\/h4><div class=\"mec-event-detail\">\r\n                            <div class=\"mec-event-loc-place\"><\/div>\r\n                            \r\n                        <\/div><\/div><div style=\"clear:both\"><\/div><\/article><article class=\"mec-event-article \"><div class=\"mec-event-image\"><img loading=\"lazy\" decoding=\"async\" width=\"300\" height=\"300\" src=\"https:\/\/www.cecrosario.gob.ar\/wp-content\/uploads\/2026\/03\/Fotos-Gestor-5-300x300.png\" class=\"attachment-thumblist size-thumblist wp-post-image\" alt=\"\" data-mec-postid=\"4412\" \/><\/div><div class=\"mec-monthly-contents\" style=\"width: calc(100% - 85px)\"><div class=\"mec-event-time mec-color\"><i class=\"mec-sl-clock-o\"><\/i> Todo el d\u00eda<\/div><h4 class=\"mec-event-title\"><a class=\"mec-color-hover\" data-event-id=\"4412\" href=\"https:\/\/www.cecrosario.gob.ar\/index.php\/events\/abril-mes-del-diseno\/\" target=\"_self\" rel=\"noopener\"><b>Agenda Completa<\/b> <br> Mes del dise\u00f1o<\/a><\/h4><div class=\"mec-event-detail\">\r\n                            <div class=\"mec-event-loc-place\"><\/div>\r\n                            \r\n                        <\/div><\/div><div style=\"clear:both\"><\/div><\/article><\/div><div class=\"mec-calendar-events-sec\" id=\"mec-calendar-events-sec-3485-20260403\" data-mec-cell=\"20260403\" ><h6 class=\"mec-table-side-title\">Eventos para <span class=\"mec-color mec-table-side-day\"> 3<\/span> abril<\/h6><article class=\"mec-past-event mec-event-article \"><div class=\"mec-event-image\"><img decoding=\"async\" width=\"300\" height=\"300\" src=\"https:\/\/www.cecrosario.gob.ar\/wp-content\/uploads\/2026\/02\/Fotos-Gestor-Talleres-300x300.png\" class=\"attachment-thumblist size-thumblist wp-post-image\" alt=\"\" data-mec-postid=\"4390\" \/><\/div><div class=\"mec-monthly-contents\" style=\"width: calc(100% - 85px)\"><div class=\"mec-event-time mec-color\"><i class=\"mec-sl-clock-o\"><\/i> Todo el d\u00eda<\/div><h4 class=\"mec-event-title\"><a class=\"mec-color-hover\" data-event-id=\"4390\" href=\"https:\/\/www.cecrosario.gob.ar\/index.php\/events\/talleres-de-diseno\/\" target=\"_self\" rel=\"noopener\"><b>Talleres de Dise\u00f1o<\/b> <br> Aprendizaje en el CEC<\/a><\/h4><div class=\"mec-event-detail\">\r\n                            <div class=\"mec-event-loc-place\"><\/div>\r\n                            \r\n                        <\/div><\/div><div style=\"clear:both\"><\/div><\/article><article class=\"mec-event-article \"><div class=\"mec-event-image\"><img loading=\"lazy\" decoding=\"async\" width=\"300\" height=\"300\" src=\"https:\/\/www.cecrosario.gob.ar\/wp-content\/uploads\/2023\/12\/FERIA-VINTAGE-6-5-AIX-11-300x300.jpg\" class=\"attachment-thumblist size-thumblist wp-post-image\" alt=\"\" data-mec-postid=\"4409\" \/><\/div><div class=\"mec-monthly-contents\" style=\"width: calc(100% - 85px)\"><div class=\"mec-event-time mec-color\"><i class=\"mec-sl-clock-o\"><\/i> Todo el d\u00eda<\/div><h4 class=\"mec-event-title\"><a class=\"mec-color-hover\" data-event-id=\"4409\" href=\"https:\/\/www.cecrosario.gob.ar\/index.php\/events\/convocatoria-vintage\/\" target=\"_self\" rel=\"noopener\"><b>Convocatoria a proyectos vintage<\/b> <br> Dise\u00f1o Local* Rosario<\/a><\/h4><div class=\"mec-event-detail\">\r\n                            <div class=\"mec-event-loc-place\"><\/div>\r\n                            \r\n                        <\/div><\/div><div style=\"clear:both\"><\/div><\/article><article class=\"mec-event-article \"><div class=\"mec-event-image\"><img loading=\"lazy\" decoding=\"async\" width=\"300\" height=\"300\" src=\"https:\/\/www.cecrosario.gob.ar\/wp-content\/uploads\/2026\/03\/Fotos-Gestor-5-300x300.png\" class=\"attachment-thumblist size-thumblist wp-post-image\" alt=\"\" data-mec-postid=\"4412\" \/><\/div><div class=\"mec-monthly-contents\" style=\"width: calc(100% - 85px)\"><div class=\"mec-event-time mec-color\"><i class=\"mec-sl-clock-o\"><\/i> Todo el d\u00eda<\/div><h4 class=\"mec-event-title\"><a class=\"mec-color-hover\" data-event-id=\"4412\" href=\"https:\/\/www.cecrosario.gob.ar\/index.php\/events\/abril-mes-del-diseno\/\" target=\"_self\" rel=\"noopener\"><b>Agenda Completa<\/b> <br> Mes del dise\u00f1o<\/a><\/h4><div class=\"mec-event-detail\">\r\n                            <div class=\"mec-event-loc-place\"><\/div>\r\n                            \r\n                        <\/div><\/div><div style=\"clear:both\"><\/div><\/article><\/div><div class=\"mec-calendar-events-sec\" id=\"mec-calendar-events-sec-3485-20260404\" data-mec-cell=\"20260404\" ><h6 class=\"mec-table-side-title\">Eventos para <span class=\"mec-color mec-table-side-day\"> 4<\/span> abril<\/h6><article class=\"mec-past-event mec-event-article \"><div class=\"mec-event-image\"><img decoding=\"async\" width=\"300\" height=\"300\" src=\"https:\/\/www.cecrosario.gob.ar\/wp-content\/uploads\/2026\/02\/Fotos-Gestor-Talleres-300x300.png\" class=\"attachment-thumblist size-thumblist wp-post-image\" alt=\"\" data-mec-postid=\"4390\" \/><\/div><div class=\"mec-monthly-contents\" style=\"width: calc(100% - 85px)\"><div class=\"mec-event-time mec-color\"><i class=\"mec-sl-clock-o\"><\/i> Todo el d\u00eda<\/div><h4 class=\"mec-event-title\"><a class=\"mec-color-hover\" data-event-id=\"4390\" href=\"https:\/\/www.cecrosario.gob.ar\/index.php\/events\/talleres-de-diseno\/\" target=\"_self\" rel=\"noopener\"><b>Talleres de Dise\u00f1o<\/b> <br> Aprendizaje en el CEC<\/a><\/h4><div class=\"mec-event-detail\">\r\n                            <div class=\"mec-event-loc-place\"><\/div>\r\n                            \r\n                        <\/div><\/div><div style=\"clear:both\"><\/div><\/article><article class=\"mec-event-article \"><div class=\"mec-event-image\"><img loading=\"lazy\" decoding=\"async\" width=\"300\" height=\"300\" src=\"https:\/\/www.cecrosario.gob.ar\/wp-content\/uploads\/2023\/12\/FERIA-VINTAGE-6-5-AIX-11-300x300.jpg\" class=\"attachment-thumblist size-thumblist wp-post-image\" alt=\"\" data-mec-postid=\"4409\" \/><\/div><div class=\"mec-monthly-contents\" style=\"width: calc(100% - 85px)\"><div class=\"mec-event-time mec-color\"><i class=\"mec-sl-clock-o\"><\/i> Todo el d\u00eda<\/div><h4 class=\"mec-event-title\"><a class=\"mec-color-hover\" data-event-id=\"4409\" href=\"https:\/\/www.cecrosario.gob.ar\/index.php\/events\/convocatoria-vintage\/\" target=\"_self\" rel=\"noopener\"><b>Convocatoria a proyectos vintage<\/b> <br> Dise\u00f1o Local* Rosario<\/a><\/h4><div class=\"mec-event-detail\">\r\n                            <div class=\"mec-event-loc-place\"><\/div>\r\n                            \r\n                        <\/div><\/div><div style=\"clear:both\"><\/div><\/article><article class=\"mec-event-article \"><div class=\"mec-event-image\"><img loading=\"lazy\" decoding=\"async\" width=\"300\" height=\"300\" src=\"https:\/\/www.cecrosario.gob.ar\/wp-content\/uploads\/2026\/03\/Fotos-Gestor-5-300x300.png\" class=\"attachment-thumblist size-thumblist wp-post-image\" alt=\"\" data-mec-postid=\"4412\" \/><\/div><div class=\"mec-monthly-contents\" style=\"width: calc(100% - 85px)\"><div class=\"mec-event-time mec-color\"><i class=\"mec-sl-clock-o\"><\/i> Todo el d\u00eda<\/div><h4 class=\"mec-event-title\"><a class=\"mec-color-hover\" data-event-id=\"4412\" href=\"https:\/\/www.cecrosario.gob.ar\/index.php\/events\/abril-mes-del-diseno\/\" target=\"_self\" rel=\"noopener\"><b>Agenda Completa<\/b> <br> Mes del dise\u00f1o<\/a><\/h4><div class=\"mec-event-detail\">\r\n                            <div class=\"mec-event-loc-place\"><\/div>\r\n                            \r\n                        <\/div><\/div><div style=\"clear:both\"><\/div><\/article><\/div><\/div><\/div><\/div><div class=\"mec-event-footer\"><\/div>    <\/div>\r\n\r\n        \r\n        <div class=\"mec-modal-result\"><\/div>\r\n\r\n<\/div>\t\t\t\t<\/div>\n\t\t\t\t<\/div>\n\t\t\t\t\t<\/div>\n\t\t\t\t<\/div>\n\t\t\t\t<\/div>\n\t\t","protected":false},"excerpt":{"rendered":"<p>Archivo de actividades Fecha: Elegir mesenerofebreromarzoabrilmayojuniojulioagostoseptiembreoctubrenoviembrediciembreSelect Year202020212022202320242025Texto: enero febrero 2025 marzo DO LU MA MI JU VI SA 26 27 28 29 30 31 1 2 3 4 5 6 7 8 9 10 11 12 13 14 15 16 17 18 19 20 21 22 23 24 25 26 27 28 1 Eventos para 26 enero Todo el d\u00eda Emergentes 2025 Todo el d\u00eda Convocatoria cerrada &#8211; dise\u00f1adores independientes Eventos para 27 enero Todo el d\u00eda Emergentes 2025 Todo el d\u00eda Convocatoria cerrada &#8211; dise\u00f1adores independientes Eventos para 28 enero Todo el d\u00eda Emergentes 2025 Todo el d\u00eda Convocatoria cerrada &#8211; dise\u00f1adores independientes Eventos para 29 enero Todo el d\u00eda Emergentes 2025 Todo el d\u00eda Convocatoria cerrada &#8211; dise\u00f1adores independientes Eventos para 30 enero Todo el d\u00eda Emergentes 2025 Todo el d\u00eda Convocatoria cerrada &#8211; dise\u00f1adores independientes Eventos para 31 enero Todo el d\u00eda Emergentes 2025 Todo el d\u00eda Convocatoria cerrada &#8211; dise\u00f1adores independientes Eventos para 1 febrero Talleres CEC Todo el d\u00eda Emergentes 2025 Todo el d\u00eda Convocatoria cerrada &#8211; dise\u00f1adores independientes Eventos para 2 febrero Talleres CEC Todo el d\u00eda Emergentes 2025 Todo el d\u00eda Convocatoria cerrada &#8211; dise\u00f1adores independientes Eventos para 3 febrero Talleres CEC Todo el d\u00eda Emergentes 2025 Todo el d\u00eda Convocatoria cerrada &#8211; dise\u00f1adores independientes Eventos para 4 febrero Talleres CEC Todo el d\u00eda Emergentes 2025 Todo el d\u00eda Convocatoria cerrada &#8211; dise\u00f1adores independientes 10:00 Activar la Mirada Eventos para 5 febrero Talleres CEC Todo el d\u00eda Emergentes 2025 Todo el d\u00eda Convocatoria cerrada &#8211; dise\u00f1adores independientes Todo el d\u00eda Activar la Mirada 10:00 &#8211; 00:00 RCP: Recuperaci\u00f3n Creativa de Prendas 18:00 Cuerpo Vivo Eventos para 6 febrero Talleres CEC Todo el d\u00eda Emergentes 2025 Todo el d\u00eda Convocatoria cerrada &#8211; dise\u00f1adores independientes Todo el d\u00eda Activar la Mirada Todo el d\u00eda RCP: Recuperaci\u00f3n Creativa de Prendas Todo el d\u00eda Cuerpo Vivo 18:00 &#8211; 00:00 Gr\u00e1fica Comprometida Eventos para 7 febrero Talleres CEC Todo el d\u00eda Emergentes 2025 Todo el d\u00eda Convocatoria cerrada &#8211; dise\u00f1adores independientes Todo el d\u00eda Activar la Mirada Todo el d\u00eda RCP: Recuperaci\u00f3n Creativa de Prendas Todo el d\u00eda Cuerpo Vivo Todo el d\u00eda Gr\u00e1fica Comprometida Todo el d\u00eda Provisorio Permanente: Esta piedra lleva tu nombre 19:00 &#8211; 00:00 Provisorio Permanente: Esta piedra lleva tu nombre 19:00 Once y CEC 19:00 Conexi\u00f3n: r\u00edo\/ciudad de Hern\u00e1n Roperto + amenizaci\u00f3n sonora 19:00 &#8211; 00:00 Intervenci\u00f3n: Hogar Sint\u00e1xis Eventos para 8 febrero Talleres CEC Todo el d\u00eda Emergentes 2025 Todo el d\u00eda Convocatoria cerrada &#8211; dise\u00f1adores independientes Todo el d\u00eda Activar la Mirada Todo el d\u00eda RCP: Recuperaci\u00f3n Creativa de Prendas Todo el d\u00eda Cuerpo Vivo Todo el d\u00eda Gr\u00e1fica Comprometida Todo el d\u00eda Provisorio Permanente: Esta piedra lleva tu nombre Todo el d\u00eda Provisorio Permanente: Esta piedra lleva tu nombre Todo el d\u00eda Once y CEC Todo el d\u00eda Conexi\u00f3n: r\u00edo\/ciudad de Hern\u00e1n Roperto + amenizaci\u00f3n sonora Todo el d\u00eda Intervenci\u00f3n: Hogar Sint\u00e1xis Eventos para 9 febrero Talleres CEC Todo el d\u00eda Emergentes 2025 Todo el d\u00eda Convocatoria cerrada &#8211; dise\u00f1adores independientes Todo el d\u00eda Activar la Mirada Todo el d\u00eda RCP: Recuperaci\u00f3n Creativa de Prendas Todo el d\u00eda Cuerpo Vivo Todo el d\u00eda Gr\u00e1fica Comprometida Todo el d\u00eda Provisorio Permanente: Esta piedra lleva tu nombre Todo el d\u00eda Provisorio Permanente: Esta piedra lleva tu nombre Todo el d\u00eda Once y CEC Todo el d\u00eda Conexi\u00f3n: r\u00edo\/ciudad de Hern\u00e1n Roperto + amenizaci\u00f3n sonora Todo el d\u00eda Intervenci\u00f3n: Hogar Sint\u00e1xis Eventos para 10 febrero Talleres CEC Todo el d\u00eda Emergentes 2025 Todo el d\u00eda Convocatoria cerrada &#8211; dise\u00f1adores independientes Todo el d\u00eda Activar la Mirada Todo el d\u00eda RCP: Recuperaci\u00f3n Creativa de Prendas Todo el d\u00eda Cuerpo Vivo Todo el d\u00eda Gr\u00e1fica Comprometida Todo el d\u00eda Provisorio Permanente: Esta piedra lleva tu nombre Todo el d\u00eda Provisorio Permanente: Esta piedra lleva tu nombre Todo el d\u00eda Once y CEC Todo el d\u00eda Conexi\u00f3n: r\u00edo\/ciudad de Hern\u00e1n Roperto + amenizaci\u00f3n sonora Todo el d\u00eda Intervenci\u00f3n: Hogar Sint\u00e1xis Eventos para 11 febrero Talleres CEC Todo el d\u00eda Emergentes 2025 Todo el d\u00eda Convocatoria cerrada &#8211; dise\u00f1adores independientes Todo el d\u00eda Activar la Mirada Todo el d\u00eda RCP: Recuperaci\u00f3n Creativa de Prendas Todo el d\u00eda Cuerpo Vivo Todo el d\u00eda Gr\u00e1fica Comprometida Todo el d\u00eda Provisorio Permanente: Esta piedra lleva tu nombre Todo el d\u00eda Provisorio Permanente: Esta piedra lleva tu nombre Todo el d\u00eda Once y CEC Todo el d\u00eda Conexi\u00f3n: r\u00edo\/ciudad de Hern\u00e1n Roperto + amenizaci\u00f3n sonora Todo el d\u00eda Intervenci\u00f3n: Hogar Sint\u00e1xis Eventos para 12 febrero Talleres CEC Todo el d\u00eda Emergentes 2025 Todo el d\u00eda Convocatoria cerrada &#8211; dise\u00f1adores independientes Todo el d\u00eda Activar la Mirada Todo el d\u00eda RCP: Recuperaci\u00f3n Creativa de Prendas Todo el d\u00eda Cuerpo Vivo Todo el d\u00eda Gr\u00e1fica Comprometida Todo el d\u00eda Provisorio Permanente: Esta piedra lleva tu nombre Todo el d\u00eda Provisorio Permanente: Esta piedra lleva tu nombre Todo el d\u00eda Once y CEC Todo el d\u00eda Conexi\u00f3n: r\u00edo\/ciudad de Hern\u00e1n Roperto + amenizaci\u00f3n sonora Todo el d\u00eda Intervenci\u00f3n: Hogar Sint\u00e1xis Eventos para 13 febrero Talleres CEC Todo el d\u00eda Emergentes 2025 Todo el d\u00eda Convocatoria cerrada &#8211; dise\u00f1adores independientes Todo el d\u00eda Activar la Mirada Todo el d\u00eda RCP: Recuperaci\u00f3n Creativa de Prendas Todo el d\u00eda Cuerpo Vivo Todo el d\u00eda Gr\u00e1fica Comprometida Todo el d\u00eda Provisorio Permanente: Esta piedra lleva tu nombre Todo el d\u00eda Provisorio Permanente: Esta piedra lleva tu nombre Todo el d\u00eda Once y CEC Todo el d\u00eda Conexi\u00f3n: r\u00edo\/ciudad de Hern\u00e1n Roperto + amenizaci\u00f3n sonora Todo el d\u00eda Intervenci\u00f3n: Hogar Sint\u00e1xis Eventos para 14 febrero Talleres CEC Todo el d\u00eda Emergentes 2025 Todo el d\u00eda Convocatoria cerrada &#8211; dise\u00f1adores independientes Todo el d\u00eda Activar la Mirada Todo el d\u00eda RCP: Recuperaci\u00f3n Creativa de Prendas Todo el d\u00eda Cuerpo Vivo Todo el d\u00eda Gr\u00e1fica Comprometida Todo el d\u00eda Provisorio Permanente: Esta piedra lleva tu nombre Todo el d\u00eda Provisorio Permanente: Esta piedra lleva tu nombre 00:00 Once y CEC 00:00 Conexi\u00f3n: r\u00edo\/ciudad de Hern\u00e1n Roperto + amenizaci\u00f3n sonora 00:00 &#8211; 23:00 Intervenci\u00f3n: Hogar Sint\u00e1xis Eventos para 15 febrero Talleres<\/p>\n","protected":false},"author":1,"featured_media":0,"parent":0,"menu_order":0,"comment_status":"closed","ping_status":"closed","template":"","meta":{"_monsterinsights_skip_tracking":false,"_monsterinsights_sitenote_active":false,"_monsterinsights_sitenote_note":"","_monsterinsights_sitenote_category":0,"site-sidebar-layout":"no-sidebar","site-content-layout":"page-builder","ast-site-content-layout":"full-width-container","site-content-style":"default","site-sidebar-style":"default","ast-global-header-display":"","ast-banner-title-visibility":"","ast-main-header-display":"","ast-hfb-above-header-display":"","ast-hfb-below-header-display":"","ast-hfb-mobile-header-display":"","site-post-title":"disabled","ast-breadcrumbs-content":"","ast-featured-img":"disabled","footer-sml-layout":"","theme-transparent-header-meta":"default","adv-header-id-meta":"","stick-header-meta":"","header-above-stick-meta":"","header-main-stick-meta":"","header-below-stick-meta":"","astra-migrate-meta-layouts":"default","ast-page-background-enabled":"default","ast-page-background-meta":{"desktop":{"background-color":"var(--ast-global-color-4)","background-image":"","background-repeat":"repeat","background-position":"center center","background-size":"auto","background-attachment":"scroll","background-type":"","background-media":"","overlay-type":"","overlay-color":"","overlay-opacity":"","overlay-gradient":""},"tablet":{"background-color":"","background-image":"","background-repeat":"repeat","background-position":"center center","background-size":"auto","background-attachment":"scroll","background-type":"","background-media":"","overlay-type":"","overlay-color":"","overlay-opacity":"","overlay-gradient":""},"mobile":{"background-color":"","background-image":"","background-repeat":"repeat","background-position":"center center","background-size":"auto","background-attachment":"scroll","background-type":"","background-media":"","overlay-type":"","overlay-color":"","overlay-opacity":"","overlay-gradient":""}},"ast-content-background-meta":{"desktop":{"background-color":"var(--ast-global-color-5)","background-image":"","background-repeat":"repeat","background-position":"center center","background-size":"auto","background-attachment":"scroll","background-type":"","background-media":"","overlay-type":"","overlay-color":"","overlay-opacity":"","overlay-gradient":""},"tablet":{"background-color":"var(--ast-global-color-5)","background-image":"","background-repeat":"repeat","background-position":"center center","background-size":"auto","background-attachment":"scroll","background-type":"","background-media":"","overlay-type":"","overlay-color":"","overlay-opacity":"","overlay-gradient":""},"mobile":{"background-color":"var(--ast-global-color-5)","background-image":"","background-repeat":"repeat","background-position":"center center","background-size":"auto","background-attachment":"scroll","background-type":"","background-media":"","overlay-type":"","overlay-color":"","overlay-opacity":"","overlay-gradient":""}},"footnotes":""},"class_list":["post-26","page","type-page","status-publish","hentry"],"yoast_head":"<!-- This site is optimized with the Yoast SEO plugin v27.4 - https:\/\/yoast.com\/product\/yoast-seo-wordpress\/ -->\n<title>Archivo - CEC<\/title>\n<meta name=\"robots\" content=\"index, follow, max-snippet:-1, max-image-preview:large, max-video-preview:-1\" \/>\n<link rel=\"canonical\" href=\"https:\/\/www.cecrosario.gob.ar\/index.php\/archivo\/\" \/>\n<meta property=\"og:locale\" content=\"es_ES\" \/>\n<meta property=\"og:type\" content=\"article\" \/>\n<meta property=\"og:title\" content=\"Archivo - CEC\" \/>\n<meta property=\"og:description\" content=\"Archivo de actividades Fecha: Elegir mesenerofebreromarzoabrilmayojuniojulioagostoseptiembreoctubrenoviembrediciembreSelect Year202020212022202320242025Texto: enero febrero 2025 marzo DO LU MA MI JU VI SA 26 27 28 29 30 31 1 2 3 4 5 6 7 8 9 10 11 12 13 14 15 16 17 18 19 20 21 22 23 24 25 26 27 28 1 Eventos para 26 enero Todo el d\u00eda Emergentes 2025 Todo el d\u00eda Convocatoria cerrada &#8211; dise\u00f1adores independientes Eventos para 27 enero Todo el d\u00eda Emergentes 2025 Todo el d\u00eda Convocatoria cerrada &#8211; dise\u00f1adores independientes Eventos para 28 enero Todo el d\u00eda Emergentes 2025 Todo el d\u00eda Convocatoria cerrada &#8211; dise\u00f1adores independientes Eventos para 29 enero Todo el d\u00eda Emergentes 2025 Todo el d\u00eda Convocatoria cerrada &#8211; dise\u00f1adores independientes Eventos para 30 enero Todo el d\u00eda Emergentes 2025 Todo el d\u00eda Convocatoria cerrada &#8211; dise\u00f1adores independientes Eventos para 31 enero Todo el d\u00eda Emergentes 2025 Todo el d\u00eda Convocatoria cerrada &#8211; dise\u00f1adores independientes Eventos para 1 febrero Talleres CEC Todo el d\u00eda Emergentes 2025 Todo el d\u00eda Convocatoria cerrada &#8211; dise\u00f1adores independientes Eventos para 2 febrero Talleres CEC Todo el d\u00eda Emergentes 2025 Todo el d\u00eda Convocatoria cerrada &#8211; dise\u00f1adores independientes Eventos para 3 febrero Talleres CEC Todo el d\u00eda Emergentes 2025 Todo el d\u00eda Convocatoria cerrada &#8211; dise\u00f1adores independientes Eventos para 4 febrero Talleres CEC Todo el d\u00eda Emergentes 2025 Todo el d\u00eda Convocatoria cerrada &#8211; dise\u00f1adores independientes 10:00 Activar la Mirada Eventos para 5 febrero Talleres CEC Todo el d\u00eda Emergentes 2025 Todo el d\u00eda Convocatoria cerrada &#8211; dise\u00f1adores independientes Todo el d\u00eda Activar la Mirada 10:00 &#8211; 00:00 RCP: Recuperaci\u00f3n Creativa de Prendas 18:00 Cuerpo Vivo Eventos para 6 febrero Talleres CEC Todo el d\u00eda Emergentes 2025 Todo el d\u00eda Convocatoria cerrada &#8211; dise\u00f1adores independientes Todo el d\u00eda Activar la Mirada Todo el d\u00eda RCP: Recuperaci\u00f3n Creativa de Prendas Todo el d\u00eda Cuerpo Vivo 18:00 &#8211; 00:00 Gr\u00e1fica Comprometida Eventos para 7 febrero Talleres CEC Todo el d\u00eda Emergentes 2025 Todo el d\u00eda Convocatoria cerrada &#8211; dise\u00f1adores independientes Todo el d\u00eda Activar la Mirada Todo el d\u00eda RCP: Recuperaci\u00f3n Creativa de Prendas Todo el d\u00eda Cuerpo Vivo Todo el d\u00eda Gr\u00e1fica Comprometida Todo el d\u00eda Provisorio Permanente: Esta piedra lleva tu nombre 19:00 &#8211; 00:00 Provisorio Permanente: Esta piedra lleva tu nombre 19:00 Once y CEC 19:00 Conexi\u00f3n: r\u00edo\/ciudad de Hern\u00e1n Roperto + amenizaci\u00f3n sonora 19:00 &#8211; 00:00 Intervenci\u00f3n: Hogar Sint\u00e1xis Eventos para 8 febrero Talleres CEC Todo el d\u00eda Emergentes 2025 Todo el d\u00eda Convocatoria cerrada &#8211; dise\u00f1adores independientes Todo el d\u00eda Activar la Mirada Todo el d\u00eda RCP: Recuperaci\u00f3n Creativa de Prendas Todo el d\u00eda Cuerpo Vivo Todo el d\u00eda Gr\u00e1fica Comprometida Todo el d\u00eda Provisorio Permanente: Esta piedra lleva tu nombre Todo el d\u00eda Provisorio Permanente: Esta piedra lleva tu nombre Todo el d\u00eda Once y CEC Todo el d\u00eda Conexi\u00f3n: r\u00edo\/ciudad de Hern\u00e1n Roperto + amenizaci\u00f3n sonora Todo el d\u00eda Intervenci\u00f3n: Hogar Sint\u00e1xis Eventos para 9 febrero Talleres CEC Todo el d\u00eda Emergentes 2025 Todo el d\u00eda Convocatoria cerrada &#8211; dise\u00f1adores independientes Todo el d\u00eda Activar la Mirada Todo el d\u00eda RCP: Recuperaci\u00f3n Creativa de Prendas Todo el d\u00eda Cuerpo Vivo Todo el d\u00eda Gr\u00e1fica Comprometida Todo el d\u00eda Provisorio Permanente: Esta piedra lleva tu nombre Todo el d\u00eda Provisorio Permanente: Esta piedra lleva tu nombre Todo el d\u00eda Once y CEC Todo el d\u00eda Conexi\u00f3n: r\u00edo\/ciudad de Hern\u00e1n Roperto + amenizaci\u00f3n sonora Todo el d\u00eda Intervenci\u00f3n: Hogar Sint\u00e1xis Eventos para 10 febrero Talleres CEC Todo el d\u00eda Emergentes 2025 Todo el d\u00eda Convocatoria cerrada &#8211; dise\u00f1adores independientes Todo el d\u00eda Activar la Mirada Todo el d\u00eda RCP: Recuperaci\u00f3n Creativa de Prendas Todo el d\u00eda Cuerpo Vivo Todo el d\u00eda Gr\u00e1fica Comprometida Todo el d\u00eda Provisorio Permanente: Esta piedra lleva tu nombre Todo el d\u00eda Provisorio Permanente: Esta piedra lleva tu nombre Todo el d\u00eda Once y CEC Todo el d\u00eda Conexi\u00f3n: r\u00edo\/ciudad de Hern\u00e1n Roperto + amenizaci\u00f3n sonora Todo el d\u00eda Intervenci\u00f3n: Hogar Sint\u00e1xis Eventos para 11 febrero Talleres CEC Todo el d\u00eda Emergentes 2025 Todo el d\u00eda Convocatoria cerrada &#8211; dise\u00f1adores independientes Todo el d\u00eda Activar la Mirada Todo el d\u00eda RCP: Recuperaci\u00f3n Creativa de Prendas Todo el d\u00eda Cuerpo Vivo Todo el d\u00eda Gr\u00e1fica Comprometida Todo el d\u00eda Provisorio Permanente: Esta piedra lleva tu nombre Todo el d\u00eda Provisorio Permanente: Esta piedra lleva tu nombre Todo el d\u00eda Once y CEC Todo el d\u00eda Conexi\u00f3n: r\u00edo\/ciudad de Hern\u00e1n Roperto + amenizaci\u00f3n sonora Todo el d\u00eda Intervenci\u00f3n: Hogar Sint\u00e1xis Eventos para 12 febrero Talleres CEC Todo el d\u00eda Emergentes 2025 Todo el d\u00eda Convocatoria cerrada &#8211; dise\u00f1adores independientes Todo el d\u00eda Activar la Mirada Todo el d\u00eda RCP: Recuperaci\u00f3n Creativa de Prendas Todo el d\u00eda Cuerpo Vivo Todo el d\u00eda Gr\u00e1fica Comprometida Todo el d\u00eda Provisorio Permanente: Esta piedra lleva tu nombre Todo el d\u00eda Provisorio Permanente: Esta piedra lleva tu nombre Todo el d\u00eda Once y CEC Todo el d\u00eda Conexi\u00f3n: r\u00edo\/ciudad de Hern\u00e1n Roperto + amenizaci\u00f3n sonora Todo el d\u00eda Intervenci\u00f3n: Hogar Sint\u00e1xis Eventos para 13 febrero Talleres CEC Todo el d\u00eda Emergentes 2025 Todo el d\u00eda Convocatoria cerrada &#8211; dise\u00f1adores independientes Todo el d\u00eda Activar la Mirada Todo el d\u00eda RCP: Recuperaci\u00f3n Creativa de Prendas Todo el d\u00eda Cuerpo Vivo Todo el d\u00eda Gr\u00e1fica Comprometida Todo el d\u00eda Provisorio Permanente: Esta piedra lleva tu nombre Todo el d\u00eda Provisorio Permanente: Esta piedra lleva tu nombre Todo el d\u00eda Once y CEC Todo el d\u00eda Conexi\u00f3n: r\u00edo\/ciudad de Hern\u00e1n Roperto + amenizaci\u00f3n sonora Todo el d\u00eda Intervenci\u00f3n: Hogar Sint\u00e1xis Eventos para 14 febrero Talleres CEC Todo el d\u00eda Emergentes 2025 Todo el d\u00eda Convocatoria cerrada &#8211; dise\u00f1adores independientes Todo el d\u00eda Activar la Mirada Todo el d\u00eda RCP: Recuperaci\u00f3n Creativa de Prendas Todo el d\u00eda Cuerpo Vivo Todo el d\u00eda Gr\u00e1fica Comprometida Todo el d\u00eda Provisorio Permanente: Esta piedra lleva tu nombre Todo el d\u00eda Provisorio Permanente: Esta piedra lleva tu nombre 00:00 Once y CEC 00:00 Conexi\u00f3n: r\u00edo\/ciudad de Hern\u00e1n Roperto + amenizaci\u00f3n sonora 00:00 &#8211; 23:00 Intervenci\u00f3n: Hogar Sint\u00e1xis Eventos para 15 febrero Talleres\" \/>\n<meta property=\"og:url\" content=\"https:\/\/www.cecrosario.gob.ar\/index.php\/archivo\/\" \/>\n<meta property=\"og:site_name\" content=\"CEC\" \/>\n<meta property=\"article:publisher\" content=\"https:\/\/www.facebook.com\/centrodeexpresionescontemporaneas\" \/>\n<meta property=\"article:modified_time\" content=\"2025-03-26T21:12:40+00:00\" \/>\n<meta property=\"og:image\" content=\"https:\/\/www.cecrosario.gob.ar\/wp-content\/uploads\/2024\/12\/Emergentes-Web-300x300.jpg\" \/>\n<meta name=\"twitter:card\" content=\"summary_large_image\" \/>\n<meta name=\"twitter:site\" content=\"@CEC_Rosario\" \/>\n<meta name=\"twitter:label1\" content=\"Tiempo de lectura\" \/>\n\t<meta name=\"twitter:data1\" content=\"55 minutos\" \/>\n<script type=\"application\/ld+json\" class=\"yoast-schema-graph\">{\"@context\":\"https:\\\/\\\/schema.org\",\"@graph\":[{\"@type\":\"WebPage\",\"@id\":\"https:\\\/\\\/www.cecrosario.gob.ar\\\/index.php\\\/archivo\\\/\",\"url\":\"https:\\\/\\\/www.cecrosario.gob.ar\\\/index.php\\\/archivo\\\/\",\"name\":\"Archivo - CEC\",\"isPartOf\":{\"@id\":\"https:\\\/\\\/www.cecrosario.gob.ar\\\/#website\"},\"primaryImageOfPage\":{\"@id\":\"https:\\\/\\\/www.cecrosario.gob.ar\\\/index.php\\\/archivo\\\/#primaryimage\"},\"image\":{\"@id\":\"https:\\\/\\\/www.cecrosario.gob.ar\\\/index.php\\\/archivo\\\/#primaryimage\"},\"thumbnailUrl\":\"https:\\\/\\\/www.cecrosario.gob.ar\\\/wp-content\\\/uploads\\\/2024\\\/12\\\/Emergentes-Web-300x300.jpg\",\"datePublished\":\"2021-07-24T13:43:51+00:00\",\"dateModified\":\"2025-03-26T21:12:40+00:00\",\"breadcrumb\":{\"@id\":\"https:\\\/\\\/www.cecrosario.gob.ar\\\/index.php\\\/archivo\\\/#breadcrumb\"},\"inLanguage\":\"es\",\"potentialAction\":[{\"@type\":\"ReadAction\",\"target\":[\"https:\\\/\\\/www.cecrosario.gob.ar\\\/index.php\\\/archivo\\\/\"]}]},{\"@type\":\"ImageObject\",\"inLanguage\":\"es\",\"@id\":\"https:\\\/\\\/www.cecrosario.gob.ar\\\/index.php\\\/archivo\\\/#primaryimage\",\"url\":\"https:\\\/\\\/www.cecrosario.gob.ar\\\/wp-content\\\/uploads\\\/2024\\\/12\\\/Emergentes-Web.jpg\",\"contentUrl\":\"https:\\\/\\\/www.cecrosario.gob.ar\\\/wp-content\\\/uploads\\\/2024\\\/12\\\/Emergentes-Web.jpg\",\"width\":900,\"height\":600},{\"@type\":\"BreadcrumbList\",\"@id\":\"https:\\\/\\\/www.cecrosario.gob.ar\\\/index.php\\\/archivo\\\/#breadcrumb\",\"itemListElement\":[{\"@type\":\"ListItem\",\"position\":1,\"name\":\"Portada\",\"item\":\"https:\\\/\\\/www.cecrosario.gob.ar\\\/\"},{\"@type\":\"ListItem\",\"position\":2,\"name\":\"Archivo\"}]},{\"@type\":\"WebSite\",\"@id\":\"https:\\\/\\\/www.cecrosario.gob.ar\\\/#website\",\"url\":\"https:\\\/\\\/www.cecrosario.gob.ar\\\/\",\"name\":\"CEC\",\"description\":\"\",\"publisher\":{\"@id\":\"https:\\\/\\\/www.cecrosario.gob.ar\\\/#organization\"},\"potentialAction\":[{\"@type\":\"SearchAction\",\"target\":{\"@type\":\"EntryPoint\",\"urlTemplate\":\"https:\\\/\\\/www.cecrosario.gob.ar\\\/?s={search_term_string}\"},\"query-input\":{\"@type\":\"PropertyValueSpecification\",\"valueRequired\":true,\"valueName\":\"search_term_string\"}}],\"inLanguage\":\"es\"},{\"@type\":\"Organization\",\"@id\":\"https:\\\/\\\/www.cecrosario.gob.ar\\\/#organization\",\"name\":\"CEC Rosario\",\"url\":\"https:\\\/\\\/www.cecrosario.gob.ar\\\/\",\"logo\":{\"@type\":\"ImageObject\",\"inLanguage\":\"es\",\"@id\":\"https:\\\/\\\/www.cecrosario.gob.ar\\\/#\\\/schema\\\/logo\\\/image\\\/\",\"url\":\"https:\\\/\\\/www.cecrosario.gob.ar\\\/wp-content\\\/uploads\\\/2021\\\/08\\\/cec-01.png\",\"contentUrl\":\"https:\\\/\\\/www.cecrosario.gob.ar\\\/wp-content\\\/uploads\\\/2021\\\/08\\\/cec-01.png\",\"width\":2000,\"height\":976,\"caption\":\"CEC Rosario\"},\"image\":{\"@id\":\"https:\\\/\\\/www.cecrosario.gob.ar\\\/#\\\/schema\\\/logo\\\/image\\\/\"},\"sameAs\":[\"https:\\\/\\\/www.facebook.com\\\/centrodeexpresionescontemporaneas\",\"https:\\\/\\\/x.com\\\/CEC_Rosario\",\"https:\\\/\\\/www.instagram.com\\\/cec_rosario\\\/\"]}]}<\/script>\n<!-- \/ Yoast SEO plugin. -->","yoast_head_json":{"title":"Archivo - CEC","robots":{"index":"index","follow":"follow","max-snippet":"max-snippet:-1","max-image-preview":"max-image-preview:large","max-video-preview":"max-video-preview:-1"},"canonical":"https:\/\/www.cecrosario.gob.ar\/index.php\/archivo\/","og_locale":"es_ES","og_type":"article","og_title":"Archivo - CEC","og_description":"Archivo de actividades Fecha: Elegir mesenerofebreromarzoabrilmayojuniojulioagostoseptiembreoctubrenoviembrediciembreSelect Year202020212022202320242025Texto: enero febrero 2025 marzo DO LU MA MI JU VI SA 26 27 28 29 30 31 1 2 3 4 5 6 7 8 9 10 11 12 13 14 15 16 17 18 19 20 21 22 23 24 25 26 27 28 1 Eventos para 26 enero Todo el d\u00eda Emergentes 2025 Todo el d\u00eda Convocatoria cerrada &#8211; dise\u00f1adores independientes Eventos para 27 enero Todo el d\u00eda Emergentes 2025 Todo el d\u00eda Convocatoria cerrada &#8211; dise\u00f1adores independientes Eventos para 28 enero Todo el d\u00eda Emergentes 2025 Todo el d\u00eda Convocatoria cerrada &#8211; dise\u00f1adores independientes Eventos para 29 enero Todo el d\u00eda Emergentes 2025 Todo el d\u00eda Convocatoria cerrada &#8211; dise\u00f1adores independientes Eventos para 30 enero Todo el d\u00eda Emergentes 2025 Todo el d\u00eda Convocatoria cerrada &#8211; dise\u00f1adores independientes Eventos para 31 enero Todo el d\u00eda Emergentes 2025 Todo el d\u00eda Convocatoria cerrada &#8211; dise\u00f1adores independientes Eventos para 1 febrero Talleres CEC Todo el d\u00eda Emergentes 2025 Todo el d\u00eda Convocatoria cerrada &#8211; dise\u00f1adores independientes Eventos para 2 febrero Talleres CEC Todo el d\u00eda Emergentes 2025 Todo el d\u00eda Convocatoria cerrada &#8211; dise\u00f1adores independientes Eventos para 3 febrero Talleres CEC Todo el d\u00eda Emergentes 2025 Todo el d\u00eda Convocatoria cerrada &#8211; dise\u00f1adores independientes Eventos para 4 febrero Talleres CEC Todo el d\u00eda Emergentes 2025 Todo el d\u00eda Convocatoria cerrada &#8211; dise\u00f1adores independientes 10:00 Activar la Mirada Eventos para 5 febrero Talleres CEC Todo el d\u00eda Emergentes 2025 Todo el d\u00eda Convocatoria cerrada &#8211; dise\u00f1adores independientes Todo el d\u00eda Activar la Mirada 10:00 &#8211; 00:00 RCP: Recuperaci\u00f3n Creativa de Prendas 18:00 Cuerpo Vivo Eventos para 6 febrero Talleres CEC Todo el d\u00eda Emergentes 2025 Todo el d\u00eda Convocatoria cerrada &#8211; dise\u00f1adores independientes Todo el d\u00eda Activar la Mirada Todo el d\u00eda RCP: Recuperaci\u00f3n Creativa de Prendas Todo el d\u00eda Cuerpo Vivo 18:00 &#8211; 00:00 Gr\u00e1fica Comprometida Eventos para 7 febrero Talleres CEC Todo el d\u00eda Emergentes 2025 Todo el d\u00eda Convocatoria cerrada &#8211; dise\u00f1adores independientes Todo el d\u00eda Activar la Mirada Todo el d\u00eda RCP: Recuperaci\u00f3n Creativa de Prendas Todo el d\u00eda Cuerpo Vivo Todo el d\u00eda Gr\u00e1fica Comprometida Todo el d\u00eda Provisorio Permanente: Esta piedra lleva tu nombre 19:00 &#8211; 00:00 Provisorio Permanente: Esta piedra lleva tu nombre 19:00 Once y CEC 19:00 Conexi\u00f3n: r\u00edo\/ciudad de Hern\u00e1n Roperto + amenizaci\u00f3n sonora 19:00 &#8211; 00:00 Intervenci\u00f3n: Hogar Sint\u00e1xis Eventos para 8 febrero Talleres CEC Todo el d\u00eda Emergentes 2025 Todo el d\u00eda Convocatoria cerrada &#8211; dise\u00f1adores independientes Todo el d\u00eda Activar la Mirada Todo el d\u00eda RCP: Recuperaci\u00f3n Creativa de Prendas Todo el d\u00eda Cuerpo Vivo Todo el d\u00eda Gr\u00e1fica Comprometida Todo el d\u00eda Provisorio Permanente: Esta piedra lleva tu nombre Todo el d\u00eda Provisorio Permanente: Esta piedra lleva tu nombre Todo el d\u00eda Once y CEC Todo el d\u00eda Conexi\u00f3n: r\u00edo\/ciudad de Hern\u00e1n Roperto + amenizaci\u00f3n sonora Todo el d\u00eda Intervenci\u00f3n: Hogar Sint\u00e1xis Eventos para 9 febrero Talleres CEC Todo el d\u00eda Emergentes 2025 Todo el d\u00eda Convocatoria cerrada &#8211; dise\u00f1adores independientes Todo el d\u00eda Activar la Mirada Todo el d\u00eda RCP: Recuperaci\u00f3n Creativa de Prendas Todo el d\u00eda Cuerpo Vivo Todo el d\u00eda Gr\u00e1fica Comprometida Todo el d\u00eda Provisorio Permanente: Esta piedra lleva tu nombre Todo el d\u00eda Provisorio Permanente: Esta piedra lleva tu nombre Todo el d\u00eda Once y CEC Todo el d\u00eda Conexi\u00f3n: r\u00edo\/ciudad de Hern\u00e1n Roperto + amenizaci\u00f3n sonora Todo el d\u00eda Intervenci\u00f3n: Hogar Sint\u00e1xis Eventos para 10 febrero Talleres CEC Todo el d\u00eda Emergentes 2025 Todo el d\u00eda Convocatoria cerrada &#8211; dise\u00f1adores independientes Todo el d\u00eda Activar la Mirada Todo el d\u00eda RCP: Recuperaci\u00f3n Creativa de Prendas Todo el d\u00eda Cuerpo Vivo Todo el d\u00eda Gr\u00e1fica Comprometida Todo el d\u00eda Provisorio Permanente: Esta piedra lleva tu nombre Todo el d\u00eda Provisorio Permanente: Esta piedra lleva tu nombre Todo el d\u00eda Once y CEC Todo el d\u00eda Conexi\u00f3n: r\u00edo\/ciudad de Hern\u00e1n Roperto + amenizaci\u00f3n sonora Todo el d\u00eda Intervenci\u00f3n: Hogar Sint\u00e1xis Eventos para 11 febrero Talleres CEC Todo el d\u00eda Emergentes 2025 Todo el d\u00eda Convocatoria cerrada &#8211; dise\u00f1adores independientes Todo el d\u00eda Activar la Mirada Todo el d\u00eda RCP: Recuperaci\u00f3n Creativa de Prendas Todo el d\u00eda Cuerpo Vivo Todo el d\u00eda Gr\u00e1fica Comprometida Todo el d\u00eda Provisorio Permanente: Esta piedra lleva tu nombre Todo el d\u00eda Provisorio Permanente: Esta piedra lleva tu nombre Todo el d\u00eda Once y CEC Todo el d\u00eda Conexi\u00f3n: r\u00edo\/ciudad de Hern\u00e1n Roperto + amenizaci\u00f3n sonora Todo el d\u00eda Intervenci\u00f3n: Hogar Sint\u00e1xis Eventos para 12 febrero Talleres CEC Todo el d\u00eda Emergentes 2025 Todo el d\u00eda Convocatoria cerrada &#8211; dise\u00f1adores independientes Todo el d\u00eda Activar la Mirada Todo el d\u00eda RCP: Recuperaci\u00f3n Creativa de Prendas Todo el d\u00eda Cuerpo Vivo Todo el d\u00eda Gr\u00e1fica Comprometida Todo el d\u00eda Provisorio Permanente: Esta piedra lleva tu nombre Todo el d\u00eda Provisorio Permanente: Esta piedra lleva tu nombre Todo el d\u00eda Once y CEC Todo el d\u00eda Conexi\u00f3n: r\u00edo\/ciudad de Hern\u00e1n Roperto + amenizaci\u00f3n sonora Todo el d\u00eda Intervenci\u00f3n: Hogar Sint\u00e1xis Eventos para 13 febrero Talleres CEC Todo el d\u00eda Emergentes 2025 Todo el d\u00eda Convocatoria cerrada &#8211; dise\u00f1adores independientes Todo el d\u00eda Activar la Mirada Todo el d\u00eda RCP: Recuperaci\u00f3n Creativa de Prendas Todo el d\u00eda Cuerpo Vivo Todo el d\u00eda Gr\u00e1fica Comprometida Todo el d\u00eda Provisorio Permanente: Esta piedra lleva tu nombre Todo el d\u00eda Provisorio Permanente: Esta piedra lleva tu nombre Todo el d\u00eda Once y CEC Todo el d\u00eda Conexi\u00f3n: r\u00edo\/ciudad de Hern\u00e1n Roperto + amenizaci\u00f3n sonora Todo el d\u00eda Intervenci\u00f3n: Hogar Sint\u00e1xis Eventos para 14 febrero Talleres CEC Todo el d\u00eda Emergentes 2025 Todo el d\u00eda Convocatoria cerrada &#8211; dise\u00f1adores independientes Todo el d\u00eda Activar la Mirada Todo el d\u00eda RCP: Recuperaci\u00f3n Creativa de Prendas Todo el d\u00eda Cuerpo Vivo Todo el d\u00eda Gr\u00e1fica Comprometida Todo el d\u00eda Provisorio Permanente: Esta piedra lleva tu nombre Todo el d\u00eda Provisorio Permanente: Esta piedra lleva tu nombre 00:00 Once y CEC 00:00 Conexi\u00f3n: r\u00edo\/ciudad de Hern\u00e1n Roperto + amenizaci\u00f3n sonora 00:00 &#8211; 23:00 Intervenci\u00f3n: Hogar Sint\u00e1xis Eventos para 15 febrero Talleres","og_url":"https:\/\/www.cecrosario.gob.ar\/index.php\/archivo\/","og_site_name":"CEC","article_publisher":"https:\/\/www.facebook.com\/centrodeexpresionescontemporaneas","article_modified_time":"2025-03-26T21:12:40+00:00","og_image":[{"url":"https:\/\/www.cecrosario.gob.ar\/wp-content\/uploads\/2024\/12\/Emergentes-Web-300x300.jpg","type":"","width":"","height":""}],"twitter_card":"summary_large_image","twitter_site":"@CEC_Rosario","twitter_misc":{"Tiempo de lectura":"55 minutos"},"schema":{"@context":"https:\/\/schema.org","@graph":[{"@type":"WebPage","@id":"https:\/\/www.cecrosario.gob.ar\/index.php\/archivo\/","url":"https:\/\/www.cecrosario.gob.ar\/index.php\/archivo\/","name":"Archivo - CEC","isPartOf":{"@id":"https:\/\/www.cecrosario.gob.ar\/#website"},"primaryImageOfPage":{"@id":"https:\/\/www.cecrosario.gob.ar\/index.php\/archivo\/#primaryimage"},"image":{"@id":"https:\/\/www.cecrosario.gob.ar\/index.php\/archivo\/#primaryimage"},"thumbnailUrl":"https:\/\/www.cecrosario.gob.ar\/wp-content\/uploads\/2024\/12\/Emergentes-Web-300x300.jpg","datePublished":"2021-07-24T13:43:51+00:00","dateModified":"2025-03-26T21:12:40+00:00","breadcrumb":{"@id":"https:\/\/www.cecrosario.gob.ar\/index.php\/archivo\/#breadcrumb"},"inLanguage":"es","potentialAction":[{"@type":"ReadAction","target":["https:\/\/www.cecrosario.gob.ar\/index.php\/archivo\/"]}]},{"@type":"ImageObject","inLanguage":"es","@id":"https:\/\/www.cecrosario.gob.ar\/index.php\/archivo\/#primaryimage","url":"https:\/\/www.cecrosario.gob.ar\/wp-content\/uploads\/2024\/12\/Emergentes-Web.jpg","contentUrl":"https:\/\/www.cecrosario.gob.ar\/wp-content\/uploads\/2024\/12\/Emergentes-Web.jpg","width":900,"height":600},{"@type":"BreadcrumbList","@id":"https:\/\/www.cecrosario.gob.ar\/index.php\/archivo\/#breadcrumb","itemListElement":[{"@type":"ListItem","position":1,"name":"Portada","item":"https:\/\/www.cecrosario.gob.ar\/"},{"@type":"ListItem","position":2,"name":"Archivo"}]},{"@type":"WebSite","@id":"https:\/\/www.cecrosario.gob.ar\/#website","url":"https:\/\/www.cecrosario.gob.ar\/","name":"CEC","description":"","publisher":{"@id":"https:\/\/www.cecrosario.gob.ar\/#organization"},"potentialAction":[{"@type":"SearchAction","target":{"@type":"EntryPoint","urlTemplate":"https:\/\/www.cecrosario.gob.ar\/?s={search_term_string}"},"query-input":{"@type":"PropertyValueSpecification","valueRequired":true,"valueName":"search_term_string"}}],"inLanguage":"es"},{"@type":"Organization","@id":"https:\/\/www.cecrosario.gob.ar\/#organization","name":"CEC Rosario","url":"https:\/\/www.cecrosario.gob.ar\/","logo":{"@type":"ImageObject","inLanguage":"es","@id":"https:\/\/www.cecrosario.gob.ar\/#\/schema\/logo\/image\/","url":"https:\/\/www.cecrosario.gob.ar\/wp-content\/uploads\/2021\/08\/cec-01.png","contentUrl":"https:\/\/www.cecrosario.gob.ar\/wp-content\/uploads\/2021\/08\/cec-01.png","width":2000,"height":976,"caption":"CEC Rosario"},"image":{"@id":"https:\/\/www.cecrosario.gob.ar\/#\/schema\/logo\/image\/"},"sameAs":["https:\/\/www.facebook.com\/centrodeexpresionescontemporaneas","https:\/\/x.com\/CEC_Rosario","https:\/\/www.instagram.com\/cec_rosario\/"]}]}},"_links":{"self":[{"href":"https:\/\/www.cecrosario.gob.ar\/index.php\/wp-json\/wp\/v2\/pages\/26","targetHints":{"allow":["GET"]}}],"collection":[{"href":"https:\/\/www.cecrosario.gob.ar\/index.php\/wp-json\/wp\/v2\/pages"}],"about":[{"href":"https:\/\/www.cecrosario.gob.ar\/index.php\/wp-json\/wp\/v2\/types\/page"}],"author":[{"embeddable":true,"href":"https:\/\/www.cecrosario.gob.ar\/index.php\/wp-json\/wp\/v2\/users\/1"}],"replies":[{"embeddable":true,"href":"https:\/\/www.cecrosario.gob.ar\/index.php\/wp-json\/wp\/v2\/comments?post=26"}],"version-history":[{"count":7,"href":"https:\/\/www.cecrosario.gob.ar\/index.php\/wp-json\/wp\/v2\/pages\/26\/revisions"}],"predecessor-version":[{"id":3809,"href":"https:\/\/www.cecrosario.gob.ar\/index.php\/wp-json\/wp\/v2\/pages\/26\/revisions\/3809"}],"wp:attachment":[{"href":"https:\/\/www.cecrosario.gob.ar\/index.php\/wp-json\/wp\/v2\/media?parent=26"}],"curies":[{"name":"wp","href":"https:\/\/api.w.org\/{rel}","templated":true}]}}