{"id":830,"date":"2021-11-25T10:52:29","date_gmt":"2021-11-25T13:52:29","guid":{"rendered":"https:\/\/www.cecrosario.gob.ar\/?post_type=mec-events&#038;p=830"},"modified":"2021-11-25T10:59:44","modified_gmt":"2021-11-25T13:59:44","slug":"muestra-taller-de-encuadernacion-artesanal","status":"publish","type":"mec-events","link":"https:\/\/www.cecrosario.gob.ar\/index.php\/events\/muestra-taller-de-encuadernacion-artesanal\/","title":{"rendered":"<b>Muestra Taller de Encuadernaci\u00f3n artesanal<\/b> <br> Trayecto de aprendizaje"},"content":{"rendered":"<p>El mi\u00e9rcoles 1 de diciembre a las 19.30 hs se expone la muestra del Taller de Encuadernaci\u00f3n artesanal del a\u00f1o 2021 coordinado por Ver\u00f3nica Scarafiocca.<\/p>\n<p>En la muestra se muestran las distintas t\u00e9cnicas trabajadas durante este a\u00f1o: Japonesa, Copta, Carton\u00e9, Belga y Costura expuesta con tapa montada.<\/p>\n","protected":false},"excerpt":{"rendered":"<p>El mi\u00e9rcoles 1 de diciembre a las 19.30 hs se expone la muestra del Taller de Encuadernaci\u00f3n artesanal del a\u00f1o 2021 coordinado por Ver\u00f3nica Scarafiocca. En la muestra se muestran las distintas t\u00e9cnicas trabajadas durante este a\u00f1o: Japonesa, Copta, Carton\u00e9, Belga y Costura expuesta con tapa montada.<\/p>\n","protected":false},"author":4,"featured_media":623,"comment_status":"closed","ping_status":"closed","template":"","meta":{"_monsterinsights_skip_tracking":false,"_monsterinsights_sitenote_active":false,"_monsterinsights_sitenote_note":"","_monsterinsights_sitenote_category":0,"site-sidebar-layout":"default","site-content-layout":"default","ast-site-content-layout":"","site-content-style":"default","site-sidebar-style":"default","ast-global-header-display":"","ast-banner-title-visibility":"","ast-main-header-display":"","ast-hfb-above-header-display":"","ast-hfb-below-header-display":"","ast-hfb-mobile-header-display":"","site-post-title":"","ast-breadcrumbs-content":"","ast-featured-img":"","footer-sml-layout":"","theme-transparent-header-meta":"default","adv-header-id-meta":"","stick-header-meta":"","header-above-stick-meta":"","header-main-stick-meta":"","header-below-stick-meta":"","astra-migrate-meta-layouts":"default","ast-page-background-enabled":"default","ast-page-background-meta":{"desktop":{"background-color":"var(--ast-global-color-4)","background-image":"","background-repeat":"repeat","background-position":"center center","background-size":"auto","background-attachment":"scroll","background-type":"","background-media":"","overlay-type":"","overlay-color":"","overlay-opacity":"","overlay-gradient":""},"tablet":{"background-color":"","background-image":"","background-repeat":"repeat","background-position":"center center","background-size":"auto","background-attachment":"scroll","background-type":"","background-media":"","overlay-type":"","overlay-color":"","overlay-opacity":"","overlay-gradient":""},"mobile":{"background-color":"","background-image":"","background-repeat":"repeat","background-position":"center center","background-size":"auto","background-attachment":"scroll","background-type":"","background-media":"","overlay-type":"","overlay-color":"","overlay-opacity":"","overlay-gradient":""}},"ast-content-background-meta":{"desktop":{"background-color":"var(--ast-global-color-5)","background-image":"","background-repeat":"repeat","background-position":"center center","background-size":"auto","background-attachment":"scroll","background-type":"","background-media":"","overlay-type":"","overlay-color":"","overlay-opacity":"","overlay-gradient":""},"tablet":{"background-color":"var(--ast-global-color-5)","background-image":"","background-repeat":"repeat","background-position":"center center","background-size":"auto","background-attachment":"scroll","background-type":"","background-media":"","overlay-type":"","overlay-color":"","overlay-opacity":"","overlay-gradient":""},"mobile":{"background-color":"var(--ast-global-color-5)","background-image":"","background-repeat":"repeat","background-position":"center center","background-size":"auto","background-attachment":"scroll","background-type":"","background-media":"","overlay-type":"","overlay-color":"","overlay-opacity":"","overlay-gradient":""}}},"tags":[],"mec_category":[5,4],"class_list":["post-830","mec-events","type-mec-events","status-publish","has-post-thumbnail","hentry","mec_category-agenda","mec_category-aprendizaje"],"yoast_head":"<!-- This site is optimized with the Yoast SEO plugin v27.5 - https:\/\/yoast.com\/product\/yoast-seo-wordpress\/ -->\n<title>Muestra Taller de Encuadernaci\u00f3n artesanal - CEC<\/title>\n<meta name=\"robots\" content=\"index, follow, max-snippet:-1, max-image-preview:large, max-video-preview:-1\" \/>\n<link rel=\"canonical\" href=\"https:\/\/www.cecrosario.gob.ar\/index.php\/events\/muestra-taller-de-encuadernacion-artesanal\/\" \/>\n<meta property=\"og:locale\" content=\"es_ES\" \/>\n<meta property=\"og:type\" content=\"article\" \/>\n<meta property=\"og:title\" content=\"Muestra Taller de Encuadernaci\u00f3n artesanal - CEC\" \/>\n<meta property=\"og:description\" content=\"El mi\u00e9rcoles 1 de diciembre a las 19.30 hs se expone la muestra del Taller de Encuadernaci\u00f3n artesanal del a\u00f1o 2021 coordinado por Ver\u00f3nica Scarafiocca. En la muestra se muestran las distintas t\u00e9cnicas trabajadas durante este a\u00f1o: Japonesa, Copta, Carton\u00e9, Belga y Costura expuesta con tapa montada.\" \/>\n<meta property=\"og:url\" content=\"https:\/\/www.cecrosario.gob.ar\/index.php\/events\/muestra-taller-de-encuadernacion-artesanal\/\" \/>\n<meta property=\"og:site_name\" content=\"CEC\" \/>\n<meta property=\"article:publisher\" content=\"https:\/\/www.facebook.com\/centrodeexpresionescontemporaneas\" \/>\n<meta property=\"article:modified_time\" content=\"2021-11-25T13:59:44+00:00\" \/>\n<meta property=\"og:image\" content=\"https:\/\/www.cecrosario.gob.ar\/wp-content\/uploads\/2021\/09\/Encuadernacion-artesanal-scaled.jpg\" \/>\n\t<meta property=\"og:image:width\" content=\"2560\" \/>\n\t<meta property=\"og:image:height\" content=\"1707\" \/>\n\t<meta property=\"og:image:type\" content=\"image\/jpeg\" \/>\n<meta name=\"twitter:card\" content=\"summary_large_image\" \/>\n<meta name=\"twitter:site\" content=\"@CEC_Rosario\" \/>\n<script type=\"application\/ld+json\" class=\"yoast-schema-graph\">{\"@context\":\"https:\\\/\\\/schema.org\",\"@graph\":[{\"@type\":\"WebPage\",\"@id\":\"https:\\\/\\\/www.cecrosario.gob.ar\\\/index.php\\\/events\\\/muestra-taller-de-encuadernacion-artesanal\\\/\",\"url\":\"https:\\\/\\\/www.cecrosario.gob.ar\\\/index.php\\\/events\\\/muestra-taller-de-encuadernacion-artesanal\\\/\",\"name\":\"Muestra Taller de Encuadernaci\u00f3n artesanal - CEC\",\"isPartOf\":{\"@id\":\"https:\\\/\\\/www.cecrosario.gob.ar\\\/#website\"},\"primaryImageOfPage\":{\"@id\":\"https:\\\/\\\/www.cecrosario.gob.ar\\\/index.php\\\/events\\\/muestra-taller-de-encuadernacion-artesanal\\\/#primaryimage\"},\"image\":{\"@id\":\"https:\\\/\\\/www.cecrosario.gob.ar\\\/index.php\\\/events\\\/muestra-taller-de-encuadernacion-artesanal\\\/#primaryimage\"},\"thumbnailUrl\":\"https:\\\/\\\/www.cecrosario.gob.ar\\\/wp-content\\\/uploads\\\/2021\\\/09\\\/Encuadernacion-artesanal-scaled.jpg\",\"datePublished\":\"2021-11-25T13:52:29+00:00\",\"dateModified\":\"2021-11-25T13:59:44+00:00\",\"breadcrumb\":{\"@id\":\"https:\\\/\\\/www.cecrosario.gob.ar\\\/index.php\\\/events\\\/muestra-taller-de-encuadernacion-artesanal\\\/#breadcrumb\"},\"inLanguage\":\"es\",\"potentialAction\":[{\"@type\":\"ReadAction\",\"target\":[\"https:\\\/\\\/www.cecrosario.gob.ar\\\/index.php\\\/events\\\/muestra-taller-de-encuadernacion-artesanal\\\/\"]}]},{\"@type\":\"ImageObject\",\"inLanguage\":\"es\",\"@id\":\"https:\\\/\\\/www.cecrosario.gob.ar\\\/index.php\\\/events\\\/muestra-taller-de-encuadernacion-artesanal\\\/#primaryimage\",\"url\":\"https:\\\/\\\/www.cecrosario.gob.ar\\\/wp-content\\\/uploads\\\/2021\\\/09\\\/Encuadernacion-artesanal-scaled.jpg\",\"contentUrl\":\"https:\\\/\\\/www.cecrosario.gob.ar\\\/wp-content\\\/uploads\\\/2021\\\/09\\\/Encuadernacion-artesanal-scaled.jpg\",\"width\":2560,\"height\":1707},{\"@type\":\"BreadcrumbList\",\"@id\":\"https:\\\/\\\/www.cecrosario.gob.ar\\\/index.php\\\/events\\\/muestra-taller-de-encuadernacion-artesanal\\\/#breadcrumb\",\"itemListElement\":[{\"@type\":\"ListItem\",\"position\":1,\"name\":\"Portada\",\"item\":\"https:\\\/\\\/www.cecrosario.gob.ar\\\/\"},{\"@type\":\"ListItem\",\"position\":2,\"name\":\"Eventos\",\"item\":\"https:\\\/\\\/www.cecrosario.gob.ar\\\/index.php\\\/events\\\/\"},{\"@type\":\"ListItem\",\"position\":3,\"name\":\"Muestra Taller de Encuadernaci\u00f3n artesanal\"}]},{\"@type\":\"WebSite\",\"@id\":\"https:\\\/\\\/www.cecrosario.gob.ar\\\/#website\",\"url\":\"https:\\\/\\\/www.cecrosario.gob.ar\\\/\",\"name\":\"CEC\",\"description\":\"\",\"publisher\":{\"@id\":\"https:\\\/\\\/www.cecrosario.gob.ar\\\/#organization\"},\"potentialAction\":[{\"@type\":\"SearchAction\",\"target\":{\"@type\":\"EntryPoint\",\"urlTemplate\":\"https:\\\/\\\/www.cecrosario.gob.ar\\\/?s={search_term_string}\"},\"query-input\":{\"@type\":\"PropertyValueSpecification\",\"valueRequired\":true,\"valueName\":\"search_term_string\"}}],\"inLanguage\":\"es\"},{\"@type\":\"Organization\",\"@id\":\"https:\\\/\\\/www.cecrosario.gob.ar\\\/#organization\",\"name\":\"CEC Rosario\",\"url\":\"https:\\\/\\\/www.cecrosario.gob.ar\\\/\",\"logo\":{\"@type\":\"ImageObject\",\"inLanguage\":\"es\",\"@id\":\"https:\\\/\\\/www.cecrosario.gob.ar\\\/#\\\/schema\\\/logo\\\/image\\\/\",\"url\":\"https:\\\/\\\/www.cecrosario.gob.ar\\\/wp-content\\\/uploads\\\/2021\\\/08\\\/cec-01.png\",\"contentUrl\":\"https:\\\/\\\/www.cecrosario.gob.ar\\\/wp-content\\\/uploads\\\/2021\\\/08\\\/cec-01.png\",\"width\":2000,\"height\":976,\"caption\":\"CEC Rosario\"},\"image\":{\"@id\":\"https:\\\/\\\/www.cecrosario.gob.ar\\\/#\\\/schema\\\/logo\\\/image\\\/\"},\"sameAs\":[\"https:\\\/\\\/www.facebook.com\\\/centrodeexpresionescontemporaneas\",\"https:\\\/\\\/x.com\\\/CEC_Rosario\",\"https:\\\/\\\/www.instagram.com\\\/cec_rosario\\\/\"]}]}<\/script>\n<!-- \/ Yoast SEO plugin. -->","yoast_head_json":{"title":"Muestra Taller de Encuadernaci\u00f3n artesanal - CEC","robots":{"index":"index","follow":"follow","max-snippet":"max-snippet:-1","max-image-preview":"max-image-preview:large","max-video-preview":"max-video-preview:-1"},"canonical":"https:\/\/www.cecrosario.gob.ar\/index.php\/events\/muestra-taller-de-encuadernacion-artesanal\/","og_locale":"es_ES","og_type":"article","og_title":"Muestra Taller de Encuadernaci\u00f3n artesanal - CEC","og_description":"El mi\u00e9rcoles 1 de diciembre a las 19.30 hs se expone la muestra del Taller de Encuadernaci\u00f3n artesanal del a\u00f1o 2021 coordinado por Ver\u00f3nica Scarafiocca. En la muestra se muestran las distintas t\u00e9cnicas trabajadas durante este a\u00f1o: Japonesa, Copta, Carton\u00e9, Belga y Costura expuesta con tapa montada.","og_url":"https:\/\/www.cecrosario.gob.ar\/index.php\/events\/muestra-taller-de-encuadernacion-artesanal\/","og_site_name":"CEC","article_publisher":"https:\/\/www.facebook.com\/centrodeexpresionescontemporaneas","article_modified_time":"2021-11-25T13:59:44+00:00","og_image":[{"width":2560,"height":1707,"url":"https:\/\/www.cecrosario.gob.ar\/wp-content\/uploads\/2021\/09\/Encuadernacion-artesanal-scaled.jpg","type":"image\/jpeg"}],"twitter_card":"summary_large_image","twitter_site":"@CEC_Rosario","schema":{"@context":"https:\/\/schema.org","@graph":[{"@type":"WebPage","@id":"https:\/\/www.cecrosario.gob.ar\/index.php\/events\/muestra-taller-de-encuadernacion-artesanal\/","url":"https:\/\/www.cecrosario.gob.ar\/index.php\/events\/muestra-taller-de-encuadernacion-artesanal\/","name":"Muestra Taller de Encuadernaci\u00f3n artesanal - CEC","isPartOf":{"@id":"https:\/\/www.cecrosario.gob.ar\/#website"},"primaryImageOfPage":{"@id":"https:\/\/www.cecrosario.gob.ar\/index.php\/events\/muestra-taller-de-encuadernacion-artesanal\/#primaryimage"},"image":{"@id":"https:\/\/www.cecrosario.gob.ar\/index.php\/events\/muestra-taller-de-encuadernacion-artesanal\/#primaryimage"},"thumbnailUrl":"https:\/\/www.cecrosario.gob.ar\/wp-content\/uploads\/2021\/09\/Encuadernacion-artesanal-scaled.jpg","datePublished":"2021-11-25T13:52:29+00:00","dateModified":"2021-11-25T13:59:44+00:00","breadcrumb":{"@id":"https:\/\/www.cecrosario.gob.ar\/index.php\/events\/muestra-taller-de-encuadernacion-artesanal\/#breadcrumb"},"inLanguage":"es","potentialAction":[{"@type":"ReadAction","target":["https:\/\/www.cecrosario.gob.ar\/index.php\/events\/muestra-taller-de-encuadernacion-artesanal\/"]}]},{"@type":"ImageObject","inLanguage":"es","@id":"https:\/\/www.cecrosario.gob.ar\/index.php\/events\/muestra-taller-de-encuadernacion-artesanal\/#primaryimage","url":"https:\/\/www.cecrosario.gob.ar\/wp-content\/uploads\/2021\/09\/Encuadernacion-artesanal-scaled.jpg","contentUrl":"https:\/\/www.cecrosario.gob.ar\/wp-content\/uploads\/2021\/09\/Encuadernacion-artesanal-scaled.jpg","width":2560,"height":1707},{"@type":"BreadcrumbList","@id":"https:\/\/www.cecrosario.gob.ar\/index.php\/events\/muestra-taller-de-encuadernacion-artesanal\/#breadcrumb","itemListElement":[{"@type":"ListItem","position":1,"name":"Portada","item":"https:\/\/www.cecrosario.gob.ar\/"},{"@type":"ListItem","position":2,"name":"Eventos","item":"https:\/\/www.cecrosario.gob.ar\/index.php\/events\/"},{"@type":"ListItem","position":3,"name":"Muestra Taller de Encuadernaci\u00f3n artesanal"}]},{"@type":"WebSite","@id":"https:\/\/www.cecrosario.gob.ar\/#website","url":"https:\/\/www.cecrosario.gob.ar\/","name":"CEC","description":"","publisher":{"@id":"https:\/\/www.cecrosario.gob.ar\/#organization"},"potentialAction":[{"@type":"SearchAction","target":{"@type":"EntryPoint","urlTemplate":"https:\/\/www.cecrosario.gob.ar\/?s={search_term_string}"},"query-input":{"@type":"PropertyValueSpecification","valueRequired":true,"valueName":"search_term_string"}}],"inLanguage":"es"},{"@type":"Organization","@id":"https:\/\/www.cecrosario.gob.ar\/#organization","name":"CEC Rosario","url":"https:\/\/www.cecrosario.gob.ar\/","logo":{"@type":"ImageObject","inLanguage":"es","@id":"https:\/\/www.cecrosario.gob.ar\/#\/schema\/logo\/image\/","url":"https:\/\/www.cecrosario.gob.ar\/wp-content\/uploads\/2021\/08\/cec-01.png","contentUrl":"https:\/\/www.cecrosario.gob.ar\/wp-content\/uploads\/2021\/08\/cec-01.png","width":2000,"height":976,"caption":"CEC Rosario"},"image":{"@id":"https:\/\/www.cecrosario.gob.ar\/#\/schema\/logo\/image\/"},"sameAs":["https:\/\/www.facebook.com\/centrodeexpresionescontemporaneas","https:\/\/x.com\/CEC_Rosario","https:\/\/www.instagram.com\/cec_rosario\/"]}]}},"_links":{"self":[{"href":"https:\/\/www.cecrosario.gob.ar\/index.php\/wp-json\/wp\/v2\/mec-events\/830","targetHints":{"allow":["GET"]}}],"collection":[{"href":"https:\/\/www.cecrosario.gob.ar\/index.php\/wp-json\/wp\/v2\/mec-events"}],"about":[{"href":"https:\/\/www.cecrosario.gob.ar\/index.php\/wp-json\/wp\/v2\/types\/mec-events"}],"author":[{"embeddable":true,"href":"https:\/\/www.cecrosario.gob.ar\/index.php\/wp-json\/wp\/v2\/users\/4"}],"replies":[{"embeddable":true,"href":"https:\/\/www.cecrosario.gob.ar\/index.php\/wp-json\/wp\/v2\/comments?post=830"}],"wp:featuredmedia":[{"embeddable":true,"href":"https:\/\/www.cecrosario.gob.ar\/index.php\/wp-json\/wp\/v2\/media\/623"}],"wp:attachment":[{"href":"https:\/\/www.cecrosario.gob.ar\/index.php\/wp-json\/wp\/v2\/media?parent=830"}],"wp:term":[{"taxonomy":"post_tag","embeddable":true,"href":"https:\/\/www.cecrosario.gob.ar\/index.php\/wp-json\/wp\/v2\/tags?post=830"},{"taxonomy":"mec_category","embeddable":true,"href":"https:\/\/www.cecrosario.gob.ar\/index.php\/wp-json\/wp\/v2\/mec_category?post=830"}],"curies":[{"name":"wp","href":"https:\/\/api.w.org\/{rel}","templated":true}]}}