{"id":4027,"date":"2025-07-18T17:00:10","date_gmt":"2025-07-18T20:00:10","guid":{"rendered":"https:\/\/www.cecrosario.gob.ar\/?post_type=mec-events&#038;p=4027"},"modified":"2025-07-28T23:41:57","modified_gmt":"2025-07-29T02:41:57","slug":"abren-los-talleres","status":"publish","type":"mec-events","link":"https:\/\/www.cecrosario.gob.ar\/index.php\/events\/abren-los-talleres\/","title":{"rendered":"<b>ABREN LOS TALLERES<\/b> <br> PROGRAMA DISE\u00d1O LOCAL"},"content":{"rendered":"<p><b>ABREN LOS TALLERES<\/b><\/p>\n<p><span style=\"font-weight: 400;\">Trece talleres abrir\u00e1n sus puertas e invitan a la ciudadan\u00eda a <\/span><span style=\"font-weight: 400;\">conocer de cerca los universos donde nacen productos \u00fanicos y con identidad <\/span><span style=\"font-weight: 400;\">propia. Una oportunidad para conversar con quienes hacen, descubrir nuevas <\/span><span style=\"font-weight: 400;\">marcas y habitar espacios que habitualmente no est\u00e1n abiertos al p\u00fablico.<\/span><\/p>\n<blockquote><p>&nbsp;<\/p>\n<p><strong>El s\u00e1bado 19 de julio, de 15 a 20 h. En distintos puntos de la ciudad: zona centro, barrio<\/strong><\/p>\n<p><strong>Martin, Abasto, Pichincha, Refiner\u00eda y Arroyito.<\/strong><\/p>\n<p><span style=\"font-weight: 400;\">Consult\u00e1 las direcciones de los Talleres en este <\/span><a href=\"https:\/\/www.google.com\/maps\/d\/u\/0\/viewer?mid=1a5tYbEr1PsiE_g9pVtb3cxxptb7oUPo&amp;ll=-32.94228635072228%2C-60.649885399999995&amp;z=12\"><span style=\"font-weight: 400;\">MAPA<\/span><\/a><\/p><\/blockquote>\n<p><span style=\"font-weight: 400;\">Con el acompa\u00f1amiento del Concejo y la Municipalidad de Rosario, Abren los <\/span><span style=\"font-weight: 400;\">Talleres se suma a la agenda cultural de la ciudad, apostando a fortalecer el <\/span><span style=\"font-weight: 400;\">entramado creativo local y los v\u00ednculos entre marcas, territorios y comunidades.<\/span><span style=\"font-weight: 400;\"><br \/>\n<\/span><span style=\"font-weight: 400;\">El Dise\u00f1o Rosarino se muestra a trav\u00e9s de la recorrida de los espacios de trabajo en <\/span><span style=\"font-weight: 400;\">el marco de una propuesta colaborativa que pone el foco en los procesos creativos, <\/span><span style=\"font-weight: 400;\">revalorizando el dise\u00f1o local y el trabajo artesanal de cada proyecto.<\/span><\/p>\n<p><b>Marcas que participan:<\/b><\/p>\n<ul>\n<li style=\"font-weight: 400;\" aria-level=\"1\"><span style=\"font-weight: 400;\">Fauno &#8211; Dise\u00f1o industrial, \u00f3ptica, lentes.<\/span><\/li>\n<li style=\"font-weight: 400;\" aria-level=\"1\"><span style=\"font-weight: 400;\">Botanik &#8211; Ilustraciones de plantas nativas en textiles y papeler\u00eda<\/span><\/li>\n<li style=\"font-weight: 400;\" aria-level=\"1\"><span style=\"font-weight: 400;\">Blau &#8211; Joyer\u00eda contempor\u00e1nea en metal<\/span><\/li>\n<li style=\"font-weight: 400;\" aria-level=\"1\"><span style=\"font-weight: 400;\">Factor\u00eda de objetos &#8211; Joyer\u00eda contempor\u00e1nea en metal<\/span><\/li>\n<li style=\"font-weight: 400;\" aria-level=\"1\"><span style=\"font-weight: 400;\">Silvia valdano &#8211; Grabado<\/span><\/li>\n<li style=\"font-weight: 400;\" aria-level=\"1\"><span style=\"font-weight: 400;\">Casa Bolten, taller compartido por 5 marcas. Santa Mar\u00eda de oro 250<\/span><\/li>\n<li style=\"font-weight: 400;\" aria-level=\"1\"><span style=\"font-weight: 400;\">Del drag\u00f3n dormido &#8211; Dise\u00f1o de indumentaria<\/span><\/li>\n<li style=\"font-weight: 400;\" aria-level=\"1\"><span style=\"font-weight: 400;\">Buscapleitos &#8211; Dise\u00f1o de indumentaria<\/span><\/li>\n<li style=\"font-weight: 400;\" aria-level=\"1\"><span style=\"font-weight: 400;\">Pasca livro &#8211; Dise\u00f1o de indumentaria<\/span><\/li>\n<li style=\"font-weight: 400;\" aria-level=\"1\"><span style=\"font-weight: 400;\">Taller compartido por 3 marcas. Cordiviola 844<\/span><\/li>\n<li style=\"font-weight: 400;\" aria-level=\"1\"><span style=\"font-weight: 400;\">Descartes &#8211; Reciclado de pl\u00e1sticos &#8211; Corrientes 2631<\/span><\/li>\n<li style=\"font-weight: 400;\" aria-level=\"1\"><span style=\"font-weight: 400;\">Taco &#8211; Dise\u00f1o funcional en nylon cristal &#8211; Buenos aires 1064<\/span><\/li>\n<li style=\"font-weight: 400;\" aria-level=\"1\"><span style=\"font-weight: 400;\">La estampa pret\u00e9rita imperfecta &#8211; Serigraf\u00eda artesanal &#8211; Zeballos 758<\/span><\/li>\n<li style=\"font-weight: 400;\" aria-level=\"1\"><span style=\"font-weight: 400;\">Homeless tattoo club &#8211; Estudio de tatuajes, dise\u00f1o gr\u00e1fico, indumentaria &#8211; 9 de julio 03 (esquina chacabuco)<\/span><\/li>\n<li style=\"font-weight: 400;\" aria-level=\"1\"><span style=\"font-weight: 400;\">Titania &#8211; Joyer\u00eda textil<\/span><\/li>\n<li style=\"font-weight: 400;\" aria-level=\"1\"><span style=\"font-weight: 400;\">Moli peni &#8211; Dise\u00f1o de calzado<\/span><\/li>\n<li style=\"font-weight: 400;\" aria-level=\"1\"><span style=\"font-weight: 400;\">In two minds &#8211; Dise\u00f1o de indumentaria<\/span><\/li>\n<li style=\"font-weight: 400;\" aria-level=\"1\"><span style=\"font-weight: 400;\">Espacio Dorrego, taller compartido por 3 marcas. Dorrego 856<\/span><\/li>\n<\/ul>\n<p>&nbsp;<\/p>\n","protected":false},"excerpt":{"rendered":"<p>ABREN LOS TALLERES Trece talleres abrir\u00e1n sus puertas e invitan a la ciudadan\u00eda a conocer de cerca los universos donde nacen productos \u00fanicos y con identidad propia. Una oportunidad para conversar con quienes hacen, descubrir nuevas marcas y habitar espacios que habitualmente no est\u00e1n abiertos al p\u00fablico. &nbsp; El s\u00e1bado 19 de julio, de 15 a 20 h. En distintos puntos de la ciudad: zona centro, barrio Martin, Abasto, Pichincha, Refiner\u00eda y Arroyito. Consult\u00e1 las direcciones de los Talleres en este MAPA Con el acompa\u00f1amiento del Concejo y la Municipalidad de Rosario, Abren los Talleres se suma a la agenda cultural de la ciudad, apostando a fortalecer el entramado creativo local y los v\u00ednculos entre marcas, territorios y comunidades. El Dise\u00f1o Rosarino se muestra a trav\u00e9s de la recorrida de los espacios de trabajo en el marco de una propuesta colaborativa que pone el foco en los procesos creativos, revalorizando el dise\u00f1o local y el trabajo artesanal de cada proyecto. Marcas que participan: Fauno &#8211; Dise\u00f1o industrial, \u00f3ptica, lentes. Botanik &#8211; Ilustraciones de plantas nativas en textiles y papeler\u00eda Blau &#8211; Joyer\u00eda contempor\u00e1nea en metal Factor\u00eda de objetos &#8211; Joyer\u00eda contempor\u00e1nea en metal Silvia valdano &#8211; Grabado Casa Bolten, taller compartido por 5 marcas. Santa Mar\u00eda de oro 250 Del drag\u00f3n dormido &#8211; Dise\u00f1o de indumentaria Buscapleitos &#8211; Dise\u00f1o de indumentaria Pasca livro &#8211; Dise\u00f1o de indumentaria Taller compartido por 3 marcas. Cordiviola 844 Descartes &#8211; Reciclado de pl\u00e1sticos &#8211; Corrientes 2631 Taco &#8211; Dise\u00f1o funcional en nylon cristal &#8211; Buenos aires 1064 La estampa pret\u00e9rita imperfecta &#8211; Serigraf\u00eda artesanal &#8211; Zeballos 758 Homeless tattoo club &#8211; Estudio de tatuajes, dise\u00f1o gr\u00e1fico, indumentaria &#8211; 9 de julio 03 (esquina chacabuco) Titania &#8211; Joyer\u00eda textil Moli peni &#8211; Dise\u00f1o de calzado In two minds &#8211; Dise\u00f1o de indumentaria Espacio Dorrego, taller compartido por 3 marcas. Dorrego 856 &nbsp;<\/p>\n","protected":false},"author":3,"featured_media":4028,"comment_status":"closed","ping_status":"closed","template":"","meta":{"_monsterinsights_skip_tracking":false,"_monsterinsights_sitenote_active":false,"_monsterinsights_sitenote_note":"","_monsterinsights_sitenote_category":0,"site-sidebar-layout":"default","site-content-layout":"","ast-site-content-layout":"default","site-content-style":"default","site-sidebar-style":"default","ast-global-header-display":"","ast-banner-title-visibility":"","ast-main-header-display":"","ast-hfb-above-header-display":"","ast-hfb-below-header-display":"","ast-hfb-mobile-header-display":"","site-post-title":"","ast-breadcrumbs-content":"","ast-featured-img":"","footer-sml-layout":"","theme-transparent-header-meta":"default","adv-header-id-meta":"","stick-header-meta":"","header-above-stick-meta":"","header-main-stick-meta":"","header-below-stick-meta":"","astra-migrate-meta-layouts":"set","ast-page-background-enabled":"default","ast-page-background-meta":{"desktop":{"background-color":"var(--ast-global-color-4)","background-image":"","background-repeat":"repeat","background-position":"center center","background-size":"auto","background-attachment":"scroll","background-type":"","background-media":"","overlay-type":"","overlay-color":"","overlay-opacity":"","overlay-gradient":""},"tablet":{"background-color":"","background-image":"","background-repeat":"repeat","background-position":"center center","background-size":"auto","background-attachment":"scroll","background-type":"","background-media":"","overlay-type":"","overlay-color":"","overlay-opacity":"","overlay-gradient":""},"mobile":{"background-color":"","background-image":"","background-repeat":"repeat","background-position":"center center","background-size":"auto","background-attachment":"scroll","background-type":"","background-media":"","overlay-type":"","overlay-color":"","overlay-opacity":"","overlay-gradient":""}},"ast-content-background-meta":{"desktop":{"background-color":"var(--ast-global-color-5)","background-image":"","background-repeat":"repeat","background-position":"center center","background-size":"auto","background-attachment":"scroll","background-type":"","background-media":"","overlay-type":"","overlay-color":"","overlay-opacity":"","overlay-gradient":""},"tablet":{"background-color":"var(--ast-global-color-5)","background-image":"","background-repeat":"repeat","background-position":"center center","background-size":"auto","background-attachment":"scroll","background-type":"","background-media":"","overlay-type":"","overlay-color":"","overlay-opacity":"","overlay-gradient":""},"mobile":{"background-color":"var(--ast-global-color-5)","background-image":"","background-repeat":"repeat","background-position":"center center","background-size":"auto","background-attachment":"scroll","background-type":"","background-media":"","overlay-type":"","overlay-color":"","overlay-opacity":"","overlay-gradient":""}}},"tags":[],"mec_category":[5,9,6,37],"class_list":["post-4027","mec-events","type-mec-events","status-publish","has-post-thumbnail","hentry","mec_category-agenda","mec_category-agenda-destacado","mec_category-destacado","mec_category-diseno"],"yoast_head":"<!-- This site is optimized with the Yoast SEO plugin v27.5 - https:\/\/yoast.com\/product\/yoast-seo-wordpress\/ -->\n<title>ABREN LOS TALLERES - CEC<\/title>\n<meta name=\"robots\" content=\"index, follow, max-snippet:-1, max-image-preview:large, max-video-preview:-1\" \/>\n<link rel=\"canonical\" href=\"https:\/\/www.cecrosario.gob.ar\/index.php\/events\/abren-los-talleres\/\" \/>\n<meta property=\"og:locale\" content=\"es_ES\" \/>\n<meta property=\"og:type\" content=\"article\" \/>\n<meta property=\"og:title\" content=\"ABREN LOS TALLERES - CEC\" \/>\n<meta property=\"og:description\" content=\"ABREN LOS TALLERES Trece talleres abrir\u00e1n sus puertas e invitan a la ciudadan\u00eda a conocer de cerca los universos donde nacen productos \u00fanicos y con identidad propia. Una oportunidad para conversar con quienes hacen, descubrir nuevas marcas y habitar espacios que habitualmente no est\u00e1n abiertos al p\u00fablico. &nbsp; El s\u00e1bado 19 de julio, de 15 a 20 h. En distintos puntos de la ciudad: zona centro, barrio Martin, Abasto, Pichincha, Refiner\u00eda y Arroyito. Consult\u00e1 las direcciones de los Talleres en este MAPA Con el acompa\u00f1amiento del Concejo y la Municipalidad de Rosario, Abren los Talleres se suma a la agenda cultural de la ciudad, apostando a fortalecer el entramado creativo local y los v\u00ednculos entre marcas, territorios y comunidades. El Dise\u00f1o Rosarino se muestra a trav\u00e9s de la recorrida de los espacios de trabajo en el marco de una propuesta colaborativa que pone el foco en los procesos creativos, revalorizando el dise\u00f1o local y el trabajo artesanal de cada proyecto. Marcas que participan: Fauno &#8211; Dise\u00f1o industrial, \u00f3ptica, lentes. Botanik &#8211; Ilustraciones de plantas nativas en textiles y papeler\u00eda Blau &#8211; Joyer\u00eda contempor\u00e1nea en metal Factor\u00eda de objetos &#8211; Joyer\u00eda contempor\u00e1nea en metal Silvia valdano &#8211; Grabado Casa Bolten, taller compartido por 5 marcas. Santa Mar\u00eda de oro 250 Del drag\u00f3n dormido &#8211; Dise\u00f1o de indumentaria Buscapleitos &#8211; Dise\u00f1o de indumentaria Pasca livro &#8211; Dise\u00f1o de indumentaria Taller compartido por 3 marcas. Cordiviola 844 Descartes &#8211; Reciclado de pl\u00e1sticos &#8211; Corrientes 2631 Taco &#8211; Dise\u00f1o funcional en nylon cristal &#8211; Buenos aires 1064 La estampa pret\u00e9rita imperfecta &#8211; Serigraf\u00eda artesanal &#8211; Zeballos 758 Homeless tattoo club &#8211; Estudio de tatuajes, dise\u00f1o gr\u00e1fico, indumentaria &#8211; 9 de julio 03 (esquina chacabuco) Titania &#8211; Joyer\u00eda textil Moli peni &#8211; Dise\u00f1o de calzado In two minds &#8211; Dise\u00f1o de indumentaria Espacio Dorrego, taller compartido por 3 marcas. Dorrego 856 &nbsp;\" \/>\n<meta property=\"og:url\" content=\"https:\/\/www.cecrosario.gob.ar\/index.php\/events\/abren-los-talleres\/\" \/>\n<meta property=\"og:site_name\" content=\"CEC\" \/>\n<meta property=\"article:publisher\" content=\"https:\/\/www.facebook.com\/centrodeexpresionescontemporaneas\" \/>\n<meta property=\"article:modified_time\" content=\"2025-07-29T02:41:57+00:00\" \/>\n<meta property=\"og:image\" content=\"https:\/\/www.cecrosario.gob.ar\/wp-content\/uploads\/2025\/07\/DESCARTES-MAGDALENA-IBARRA-TROIANO-scaled.jpg\" \/>\n\t<meta property=\"og:image:width\" content=\"2560\" \/>\n\t<meta property=\"og:image:height\" content=\"1707\" \/>\n\t<meta property=\"og:image:type\" content=\"image\/jpeg\" \/>\n<meta name=\"twitter:card\" content=\"summary_large_image\" \/>\n<meta name=\"twitter:site\" content=\"@CEC_Rosario\" \/>\n<meta name=\"twitter:label1\" content=\"Tiempo de lectura\" \/>\n\t<meta name=\"twitter:data1\" content=\"2 minutos\" \/>\n<script type=\"application\/ld+json\" class=\"yoast-schema-graph\">{\"@context\":\"https:\\\/\\\/schema.org\",\"@graph\":[{\"@type\":\"WebPage\",\"@id\":\"https:\\\/\\\/www.cecrosario.gob.ar\\\/index.php\\\/events\\\/abren-los-talleres\\\/\",\"url\":\"https:\\\/\\\/www.cecrosario.gob.ar\\\/index.php\\\/events\\\/abren-los-talleres\\\/\",\"name\":\"ABREN LOS TALLERES - CEC\",\"isPartOf\":{\"@id\":\"https:\\\/\\\/www.cecrosario.gob.ar\\\/#website\"},\"primaryImageOfPage\":{\"@id\":\"https:\\\/\\\/www.cecrosario.gob.ar\\\/index.php\\\/events\\\/abren-los-talleres\\\/#primaryimage\"},\"image\":{\"@id\":\"https:\\\/\\\/www.cecrosario.gob.ar\\\/index.php\\\/events\\\/abren-los-talleres\\\/#primaryimage\"},\"thumbnailUrl\":\"https:\\\/\\\/www.cecrosario.gob.ar\\\/wp-content\\\/uploads\\\/2025\\\/07\\\/DESCARTES-MAGDALENA-IBARRA-TROIANO-scaled.jpg\",\"datePublished\":\"2025-07-18T20:00:10+00:00\",\"dateModified\":\"2025-07-29T02:41:57+00:00\",\"breadcrumb\":{\"@id\":\"https:\\\/\\\/www.cecrosario.gob.ar\\\/index.php\\\/events\\\/abren-los-talleres\\\/#breadcrumb\"},\"inLanguage\":\"es\",\"potentialAction\":[{\"@type\":\"ReadAction\",\"target\":[\"https:\\\/\\\/www.cecrosario.gob.ar\\\/index.php\\\/events\\\/abren-los-talleres\\\/\"]}]},{\"@type\":\"ImageObject\",\"inLanguage\":\"es\",\"@id\":\"https:\\\/\\\/www.cecrosario.gob.ar\\\/index.php\\\/events\\\/abren-los-talleres\\\/#primaryimage\",\"url\":\"https:\\\/\\\/www.cecrosario.gob.ar\\\/wp-content\\\/uploads\\\/2025\\\/07\\\/DESCARTES-MAGDALENA-IBARRA-TROIANO-scaled.jpg\",\"contentUrl\":\"https:\\\/\\\/www.cecrosario.gob.ar\\\/wp-content\\\/uploads\\\/2025\\\/07\\\/DESCARTES-MAGDALENA-IBARRA-TROIANO-scaled.jpg\",\"width\":2560,\"height\":1707},{\"@type\":\"BreadcrumbList\",\"@id\":\"https:\\\/\\\/www.cecrosario.gob.ar\\\/index.php\\\/events\\\/abren-los-talleres\\\/#breadcrumb\",\"itemListElement\":[{\"@type\":\"ListItem\",\"position\":1,\"name\":\"Portada\",\"item\":\"https:\\\/\\\/www.cecrosario.gob.ar\\\/\"},{\"@type\":\"ListItem\",\"position\":2,\"name\":\"Eventos\",\"item\":\"https:\\\/\\\/www.cecrosario.gob.ar\\\/index.php\\\/events\\\/\"},{\"@type\":\"ListItem\",\"position\":3,\"name\":\"ABREN LOS TALLERES\"}]},{\"@type\":\"WebSite\",\"@id\":\"https:\\\/\\\/www.cecrosario.gob.ar\\\/#website\",\"url\":\"https:\\\/\\\/www.cecrosario.gob.ar\\\/\",\"name\":\"CEC\",\"description\":\"\",\"publisher\":{\"@id\":\"https:\\\/\\\/www.cecrosario.gob.ar\\\/#organization\"},\"potentialAction\":[{\"@type\":\"SearchAction\",\"target\":{\"@type\":\"EntryPoint\",\"urlTemplate\":\"https:\\\/\\\/www.cecrosario.gob.ar\\\/?s={search_term_string}\"},\"query-input\":{\"@type\":\"PropertyValueSpecification\",\"valueRequired\":true,\"valueName\":\"search_term_string\"}}],\"inLanguage\":\"es\"},{\"@type\":\"Organization\",\"@id\":\"https:\\\/\\\/www.cecrosario.gob.ar\\\/#organization\",\"name\":\"CEC Rosario\",\"url\":\"https:\\\/\\\/www.cecrosario.gob.ar\\\/\",\"logo\":{\"@type\":\"ImageObject\",\"inLanguage\":\"es\",\"@id\":\"https:\\\/\\\/www.cecrosario.gob.ar\\\/#\\\/schema\\\/logo\\\/image\\\/\",\"url\":\"https:\\\/\\\/www.cecrosario.gob.ar\\\/wp-content\\\/uploads\\\/2021\\\/08\\\/cec-01.png\",\"contentUrl\":\"https:\\\/\\\/www.cecrosario.gob.ar\\\/wp-content\\\/uploads\\\/2021\\\/08\\\/cec-01.png\",\"width\":2000,\"height\":976,\"caption\":\"CEC Rosario\"},\"image\":{\"@id\":\"https:\\\/\\\/www.cecrosario.gob.ar\\\/#\\\/schema\\\/logo\\\/image\\\/\"},\"sameAs\":[\"https:\\\/\\\/www.facebook.com\\\/centrodeexpresionescontemporaneas\",\"https:\\\/\\\/x.com\\\/CEC_Rosario\",\"https:\\\/\\\/www.instagram.com\\\/cec_rosario\\\/\"]}]}<\/script>\n<!-- \/ Yoast SEO plugin. -->","yoast_head_json":{"title":"ABREN LOS TALLERES - CEC","robots":{"index":"index","follow":"follow","max-snippet":"max-snippet:-1","max-image-preview":"max-image-preview:large","max-video-preview":"max-video-preview:-1"},"canonical":"https:\/\/www.cecrosario.gob.ar\/index.php\/events\/abren-los-talleres\/","og_locale":"es_ES","og_type":"article","og_title":"ABREN LOS TALLERES - CEC","og_description":"ABREN LOS TALLERES Trece talleres abrir\u00e1n sus puertas e invitan a la ciudadan\u00eda a conocer de cerca los universos donde nacen productos \u00fanicos y con identidad propia. Una oportunidad para conversar con quienes hacen, descubrir nuevas marcas y habitar espacios que habitualmente no est\u00e1n abiertos al p\u00fablico. &nbsp; El s\u00e1bado 19 de julio, de 15 a 20 h. En distintos puntos de la ciudad: zona centro, barrio Martin, Abasto, Pichincha, Refiner\u00eda y Arroyito. Consult\u00e1 las direcciones de los Talleres en este MAPA Con el acompa\u00f1amiento del Concejo y la Municipalidad de Rosario, Abren los Talleres se suma a la agenda cultural de la ciudad, apostando a fortalecer el entramado creativo local y los v\u00ednculos entre marcas, territorios y comunidades. El Dise\u00f1o Rosarino se muestra a trav\u00e9s de la recorrida de los espacios de trabajo en el marco de una propuesta colaborativa que pone el foco en los procesos creativos, revalorizando el dise\u00f1o local y el trabajo artesanal de cada proyecto. Marcas que participan: Fauno &#8211; Dise\u00f1o industrial, \u00f3ptica, lentes. Botanik &#8211; Ilustraciones de plantas nativas en textiles y papeler\u00eda Blau &#8211; Joyer\u00eda contempor\u00e1nea en metal Factor\u00eda de objetos &#8211; Joyer\u00eda contempor\u00e1nea en metal Silvia valdano &#8211; Grabado Casa Bolten, taller compartido por 5 marcas. Santa Mar\u00eda de oro 250 Del drag\u00f3n dormido &#8211; Dise\u00f1o de indumentaria Buscapleitos &#8211; Dise\u00f1o de indumentaria Pasca livro &#8211; Dise\u00f1o de indumentaria Taller compartido por 3 marcas. Cordiviola 844 Descartes &#8211; Reciclado de pl\u00e1sticos &#8211; Corrientes 2631 Taco &#8211; Dise\u00f1o funcional en nylon cristal &#8211; Buenos aires 1064 La estampa pret\u00e9rita imperfecta &#8211; Serigraf\u00eda artesanal &#8211; Zeballos 758 Homeless tattoo club &#8211; Estudio de tatuajes, dise\u00f1o gr\u00e1fico, indumentaria &#8211; 9 de julio 03 (esquina chacabuco) Titania &#8211; Joyer\u00eda textil Moli peni &#8211; Dise\u00f1o de calzado In two minds &#8211; Dise\u00f1o de indumentaria Espacio Dorrego, taller compartido por 3 marcas. Dorrego 856 &nbsp;","og_url":"https:\/\/www.cecrosario.gob.ar\/index.php\/events\/abren-los-talleres\/","og_site_name":"CEC","article_publisher":"https:\/\/www.facebook.com\/centrodeexpresionescontemporaneas","article_modified_time":"2025-07-29T02:41:57+00:00","og_image":[{"width":2560,"height":1707,"url":"https:\/\/www.cecrosario.gob.ar\/wp-content\/uploads\/2025\/07\/DESCARTES-MAGDALENA-IBARRA-TROIANO-scaled.jpg","type":"image\/jpeg"}],"twitter_card":"summary_large_image","twitter_site":"@CEC_Rosario","twitter_misc":{"Tiempo de lectura":"2 minutos"},"schema":{"@context":"https:\/\/schema.org","@graph":[{"@type":"WebPage","@id":"https:\/\/www.cecrosario.gob.ar\/index.php\/events\/abren-los-talleres\/","url":"https:\/\/www.cecrosario.gob.ar\/index.php\/events\/abren-los-talleres\/","name":"ABREN LOS TALLERES - CEC","isPartOf":{"@id":"https:\/\/www.cecrosario.gob.ar\/#website"},"primaryImageOfPage":{"@id":"https:\/\/www.cecrosario.gob.ar\/index.php\/events\/abren-los-talleres\/#primaryimage"},"image":{"@id":"https:\/\/www.cecrosario.gob.ar\/index.php\/events\/abren-los-talleres\/#primaryimage"},"thumbnailUrl":"https:\/\/www.cecrosario.gob.ar\/wp-content\/uploads\/2025\/07\/DESCARTES-MAGDALENA-IBARRA-TROIANO-scaled.jpg","datePublished":"2025-07-18T20:00:10+00:00","dateModified":"2025-07-29T02:41:57+00:00","breadcrumb":{"@id":"https:\/\/www.cecrosario.gob.ar\/index.php\/events\/abren-los-talleres\/#breadcrumb"},"inLanguage":"es","potentialAction":[{"@type":"ReadAction","target":["https:\/\/www.cecrosario.gob.ar\/index.php\/events\/abren-los-talleres\/"]}]},{"@type":"ImageObject","inLanguage":"es","@id":"https:\/\/www.cecrosario.gob.ar\/index.php\/events\/abren-los-talleres\/#primaryimage","url":"https:\/\/www.cecrosario.gob.ar\/wp-content\/uploads\/2025\/07\/DESCARTES-MAGDALENA-IBARRA-TROIANO-scaled.jpg","contentUrl":"https:\/\/www.cecrosario.gob.ar\/wp-content\/uploads\/2025\/07\/DESCARTES-MAGDALENA-IBARRA-TROIANO-scaled.jpg","width":2560,"height":1707},{"@type":"BreadcrumbList","@id":"https:\/\/www.cecrosario.gob.ar\/index.php\/events\/abren-los-talleres\/#breadcrumb","itemListElement":[{"@type":"ListItem","position":1,"name":"Portada","item":"https:\/\/www.cecrosario.gob.ar\/"},{"@type":"ListItem","position":2,"name":"Eventos","item":"https:\/\/www.cecrosario.gob.ar\/index.php\/events\/"},{"@type":"ListItem","position":3,"name":"ABREN LOS TALLERES"}]},{"@type":"WebSite","@id":"https:\/\/www.cecrosario.gob.ar\/#website","url":"https:\/\/www.cecrosario.gob.ar\/","name":"CEC","description":"","publisher":{"@id":"https:\/\/www.cecrosario.gob.ar\/#organization"},"potentialAction":[{"@type":"SearchAction","target":{"@type":"EntryPoint","urlTemplate":"https:\/\/www.cecrosario.gob.ar\/?s={search_term_string}"},"query-input":{"@type":"PropertyValueSpecification","valueRequired":true,"valueName":"search_term_string"}}],"inLanguage":"es"},{"@type":"Organization","@id":"https:\/\/www.cecrosario.gob.ar\/#organization","name":"CEC Rosario","url":"https:\/\/www.cecrosario.gob.ar\/","logo":{"@type":"ImageObject","inLanguage":"es","@id":"https:\/\/www.cecrosario.gob.ar\/#\/schema\/logo\/image\/","url":"https:\/\/www.cecrosario.gob.ar\/wp-content\/uploads\/2021\/08\/cec-01.png","contentUrl":"https:\/\/www.cecrosario.gob.ar\/wp-content\/uploads\/2021\/08\/cec-01.png","width":2000,"height":976,"caption":"CEC Rosario"},"image":{"@id":"https:\/\/www.cecrosario.gob.ar\/#\/schema\/logo\/image\/"},"sameAs":["https:\/\/www.facebook.com\/centrodeexpresionescontemporaneas","https:\/\/x.com\/CEC_Rosario","https:\/\/www.instagram.com\/cec_rosario\/"]}]}},"_links":{"self":[{"href":"https:\/\/www.cecrosario.gob.ar\/index.php\/wp-json\/wp\/v2\/mec-events\/4027","targetHints":{"allow":["GET"]}}],"collection":[{"href":"https:\/\/www.cecrosario.gob.ar\/index.php\/wp-json\/wp\/v2\/mec-events"}],"about":[{"href":"https:\/\/www.cecrosario.gob.ar\/index.php\/wp-json\/wp\/v2\/types\/mec-events"}],"author":[{"embeddable":true,"href":"https:\/\/www.cecrosario.gob.ar\/index.php\/wp-json\/wp\/v2\/users\/3"}],"replies":[{"embeddable":true,"href":"https:\/\/www.cecrosario.gob.ar\/index.php\/wp-json\/wp\/v2\/comments?post=4027"}],"wp:featuredmedia":[{"embeddable":true,"href":"https:\/\/www.cecrosario.gob.ar\/index.php\/wp-json\/wp\/v2\/media\/4028"}],"wp:attachment":[{"href":"https:\/\/www.cecrosario.gob.ar\/index.php\/wp-json\/wp\/v2\/media?parent=4027"}],"wp:term":[{"taxonomy":"post_tag","embeddable":true,"href":"https:\/\/www.cecrosario.gob.ar\/index.php\/wp-json\/wp\/v2\/tags?post=4027"},{"taxonomy":"mec_category","embeddable":true,"href":"https:\/\/www.cecrosario.gob.ar\/index.php\/wp-json\/wp\/v2\/mec_category?post=4027"}],"curies":[{"name":"wp","href":"https:\/\/api.w.org\/{rel}","templated":true}]}}