{"id":3966,"date":"2025-06-04T15:35:05","date_gmt":"2025-06-04T18:35:05","guid":{"rendered":"https:\/\/www.cecrosario.gob.ar\/?post_type=mec-events&#038;p=3966"},"modified":"2025-06-18T16:06:38","modified_gmt":"2025-06-18T19:06:38","slug":"novena-edicion-de-microferia-de-arte","status":"publish","type":"mec-events","link":"https:\/\/www.cecrosario.gob.ar\/index.php\/events\/novena-edicion-de-microferia-de-arte\/","title":{"rendered":"<b>Novena edici\u00f3n de MicroFeria de Arte<\/b> <br> 9MFAR2025 I IDIOSINCRASIA"},"content":{"rendered":"<p><span style=\"font-size: 16px;\">Llega a el CEC la novena edici\u00f3n de MicroFeria de Arte de Rosario que reune a treinta y dos galer\u00edas y espacios de arte de todo el pa\u00eds. Adem\u00e1s, este a\u00f1o se puede disfrutar de visitas guiadas, activaciones, charlas, entrega de premios y actividades en toda la ciudad<\/span><strong><span style=\"font-size: 16px;\">.\u00a0<\/span><\/strong><\/p>\n<div>\n<blockquote><p>Del jueves 19 al domingo 22 de junio de 15 a 20 h<\/p>\n<p>Entrada libre y gratuita<\/p>\n<p>Inauguraci\u00f3n jueves 19 &#8211; 19.30hs. DJ Set Triga Nigga<\/p><\/blockquote>\n<p>La Secretar\u00eda de Cultura y Educaci\u00f3n de la Municipalidad de Rosario ofrece un espacio a galer\u00edas de arte que resultaron seleccionadas a trav\u00e9s de una convocatoria que fue nacional y abierta bajo el eje curatorial\u00a0\u201cIdiosincrasia\u201d. El objetivo es que las galer\u00edas participantes est\u00e9n abiertas a su entorno, lo que hace que su visibilidad sea \u00f3ptima desde casi cualquier punto del espacio y conformen duplas de \u2018invitadas\/anfitrionas\u2019 para seguir ampliando las redes que postula el programa desde su inicio.<\/p>\n<h5>Las galer\u00edas<\/h5>\n<p>Participan de esta edici\u00f3n GALER\u00cdA DE ARTE LOCAL 15 (Rosario) +\u00a0 CASAGALERIA (Salta), Espacio Barraco (Rosario) +\u00a0 P\u00f3lvora (Buenos Aires), Galer\u00eda Grasa (Buenos Aires) +\u00a0 MCMC \/ Herlitzka (Buenos Aires), Galer\u00eda Chorizo (Resistencia) +\u00a0 MOIRAS (Rosario), Rusia\/Galer\u00eda (Tucum\u00e1n) +\u00a0 Consultorio (Tucum\u00e1n), eSTUDIOG (Rosario) +\u00a0 Hotel Inminnete (C\u00f3rdoba), MINA (C\u00f3rdoba) +\u00a0 Drag\u00f3n y Rosas (C\u00f3rdoba), Jamaica ATR Gallery (Rosario) +\u00a0 Moria Galer\u00eda (Buenos Aires), Gabelich\u00a0 Contempor\u00e1neo (Rosario) +\u00a0 Musgo (Buenos Aires), Subsuelo (Rosario) + Linse Galer\u00eda (Buenos Aires), Diego Obligado Galer\u00eda de Arte (Rosario) +\u00a0 Mar\u00eda Casado Home Gallery (Beccar), Desmayo Galer\u00eda (Rosario) +\u00a0 URRA-HIPHiP (Buenos Aires), C\u00e1lamo cultural y galer\u00eda de arte (San Nicol\u00e1s) +\u00a0 Galer\u00edas Bonaerenses (Coronel Su\u00e1rez, Buenos Aires), CRUDO (Rosario) +\u00a0 Un muro (La Rioja), Sala Peluche (Buenos Aires) + Galer\u00eda CasaBrandon (Buenos Aires). Adem\u00e1s, habr\u00e1 una dupla de galer\u00edas invitadas: SASHA D espacio de arte (C\u00f3rdoba) + ALMAC\u00c9N |arte contempor\u00e1neo| (San Nicol\u00e1s).<\/p>\n<hr \/>\n<\/div>\n<div style=\"text-align: center;\"><strong><span style=\"font-size: large;\"><img fetchpriority=\"high\" decoding=\"async\" class=\"wp-image-3991 aligncenter\" src=\"https:\/\/www.cecrosario.gob.ar\/wp-content\/uploads\/2025\/06\/WhatsApp-Image-2025-06-12-at-1.26.43-PM-300x130.jpeg\" alt=\"\" width=\"828\" height=\"359\" srcset=\"https:\/\/www.cecrosario.gob.ar\/wp-content\/uploads\/2025\/06\/WhatsApp-Image-2025-06-12-at-1.26.43-PM-300x130.jpeg 300w, https:\/\/www.cecrosario.gob.ar\/wp-content\/uploads\/2025\/06\/WhatsApp-Image-2025-06-12-at-1.26.43-PM-1024x445.jpeg 1024w, https:\/\/www.cecrosario.gob.ar\/wp-content\/uploads\/2025\/06\/WhatsApp-Image-2025-06-12-at-1.26.43-PM-768x334.jpeg 768w, https:\/\/www.cecrosario.gob.ar\/wp-content\/uploads\/2025\/06\/WhatsApp-Image-2025-06-12-at-1.26.43-PM-1536x667.jpeg 1536w, https:\/\/www.cecrosario.gob.ar\/wp-content\/uploads\/2025\/06\/WhatsApp-Image-2025-06-12-at-1.26.43-PM.jpeg 1600w\" sizes=\"(max-width: 828px) 100vw, 828px\" \/><\/span><\/strong><\/div>\n<div>\n<blockquote>\n<h5 dir=\"ltr\"><strong>Mi\u00e9rcoles 18<\/strong><\/h5>\n<\/blockquote>\n<h6 dir=\"ltr\"><strong>10 h &#8211; Muestra<\/strong><\/h6>\n<p dir=\"ltr\">Lugar: Galer\u00eda Darkhaus (Corrientes 267).\u00a0Inspirada en el brutalismo arquitect\u00f3nico presenta la serie\u00a0<strong>Oniria\u00a0de mobiliario<\/strong>. Abierta de lunes a viernes de 10 a 18 h, s\u00e1bados 10 a 13 h.<\/p>\n<h6 dir=\"ltr\"><strong>19 h -Inauguraci\u00f3n<\/strong><\/h6>\n<p dir=\"ltr\">Lugar: Galer\u00eda Rivoire (C\u00f3rdoba 954 local 7).\u00a0Muestra de arte\u00a0<strong>Palitos chinos<\/strong>. Artista: Luz caprile. T\u00e9cnica: acetatos. Curadur\u00eda y texto: Guillermo Fantoni.<\/p>\n<blockquote>\n<h5 dir=\"ltr\"><strong>Jueves 19<\/strong><\/h5>\n<\/blockquote>\n<h6 dir=\"ltr\"><strong>15 a 20 h &#8211;\u00a0MicroFeria<\/strong><\/h6>\n<p dir=\"ltr\">Lugar: CEC (Paseo de las Artes y el r\u00edo).\u00a0Abierta al p\u00fablico en general con entrada libre y gratuita.<\/p>\n<h6 dir=\"ltr\"><strong>16 h &#8211; Activaci\u00f3n<\/strong><\/h6>\n<p dir=\"ltr\">Lugar: CEC (Paseo de las Artes y el r\u00edo).\u00a0Zona stands.\u00a0<strong>ALMAC\u00c9N<\/strong> |arte contempor\u00e1neo| La galer\u00eda presenta su editorial\u00a0dedicada a los libros contempor\u00e1neos con el objetivo de transmitir la importancia del registro escrito en el campo de las artes visuales.<\/p>\n<h4 dir=\"ltr\"><strong>17 h &#8211;\u00a0Visita guiada<\/strong><\/h4>\n<p dir=\"ltr\">Lugar: CEC (Paseo de las Artes y el r\u00edo). Punto de encuentro: Auditorio.\u00a0<strong>\u00bfQu\u00e9 es MicroFeria?<\/strong>\u00a0Actividad gratuita para el p\u00fablico en general.<\/p>\n<h6 dir=\"ltr\"><strong>19:30 h &#8211;\u00a0Acto de apertura MicroFeria<\/strong><\/h6>\n<p dir=\"ltr\">Lugar: CEC (Paseo de las Artes y el r\u00edo).\u00a0Se presentar\u00e1 la programaci\u00f3n para los d\u00edas de feria y se podr\u00e1 disfrutar de un dj set.<\/p>\n<blockquote>\n<h5 dir=\"ltr\"><strong>Viernes 20<\/strong><\/h5>\n<\/blockquote>\n<h6 dir=\"ltr\"><strong>11 h &#8211;\u00a0\u00a0Activaci\u00f3n<\/strong><\/h6>\n<p dir=\"ltr\">Lugar: Biblioteca y Archivo Am\u00e9rica Elda Nancy (Espa\u00f1a 2045).\u00a0\u00a0La biblioteca festeja 5 a\u00f1os\u00a0con\u00a0La Dealer\u00a0de Santa Fe + la instalaci\u00f3n, ensamble de obras y libros, y lectura perform\u00e1tica + presentaci\u00f3n de una nueva y especial edici\u00f3n de la biblioteca + proyecci\u00f3n de Creadores de Im\u00e1genes Nodo Rosario + talleres + barrita de cerveza.<\/p>\n<h6 dir=\"ltr\"><strong>15 a 20 h &#8211;\u00a0MicroFeria<\/strong><\/h6>\n<p dir=\"ltr\">Lugar: CEC (Paseo de las Artes y el r\u00edo).\u00a0Abierta al p\u00fablico en general con entrada libre y gratuita.<\/p>\n<p dir=\"ltr\"><strong>15:30 h &#8211; Radio en vivo<\/strong><br \/>\nLugar: CEC (Paseo de las Artes y el r\u00edo). Cobertura en vivo de lacanciondelpais.com.ar desde Microferia. Bernardo Maison (Perry) y Maite Acosta junto a artistas visuales y galeristas invitados.<\/p>\n<p><strong>16 h &#8211;\u00a0Activaci\u00f3n<\/strong><\/p>\n<p dir=\"ltr\">Lugar: CEC (Paseo de las Artes y el r\u00edo).\u00a0Zona auditorio.\u00a0Peluche presenta su sala\u00a0como espacio\/obra alternativa frente al ataque contra los espacios p\u00fablicos y privados de arte.<\/p>\n<h4 dir=\"ltr\"><strong>17 h &#8211;\u00a0Visita guiada<\/strong><\/h4>\n<p dir=\"ltr\">Lugar: CEC (Paseo de las Artes y el r\u00edo). Punto de encuentro: Auditorio.\u00a0<strong>\u00bfQu\u00e9 es una feria de arte contempor\u00e1neo?<\/strong>\u00a0Actividad gratuita para el p\u00fablico en general.<\/p>\n<h6 dir=\"ltr\"><strong>18 h &#8211; Charla<\/strong><\/h6>\n<p dir=\"ltr\">Lugar: CEC (Paseo de las Artes y el r\u00edo). Zona Auditorio. Siestario. Pabell\u00f3n de Argentina en la Bienal de Venecia 2025. Marco Zampieron y Sof\u00eda Desuque. El pabell\u00f3n se presenta como una oda a la ruptura moment\u00e1nea de la rutina, un refugio donde el tiempo se diluye. Resignifica el valor de la siesta.<\/p>\n<h6 dir=\"ltr\"><strong>19 h &#8211;\u00a0Presentaci\u00f3n de libro<\/strong><\/h6>\n<p dir=\"ltr\">Lugar: CEC (Paseo de las Artes y el r\u00edo). Zona Stand de Galer\u00eda Jamaica.\u00a0<strong>Perdura en m\u00ed la lejan\u00eda<\/strong>\u00a0sobre la obra de Luis Ouvrard, junto a Calvaresi y T.R.I.P.A.<\/p>\n<h6 dir=\"ltr\"><strong>20 h &#8211;\u00a0Activaci\u00f3n<\/strong><\/h6>\n<p dir=\"ltr\">Lugar: Diego Obligado Galer\u00eda de Arte (G\u00fcemes 2255).\u00a0<strong>Exposici\u00f3n 1992.<\/strong> Artistas: Andrea Ostera, Anselmo Piccoli, Jorge Vila Ortiz. Curadur\u00eda: Clarisa Appendino<\/p>\n<h6 dir=\"ltr\"><strong>22 h &#8211;\u00a0Activaci\u00f3n<\/strong><\/h6>\n<p dir=\"ltr\">Lugar: Subsuelo (Balcarce 238). Presentaci\u00f3n de la C<strong>arpeta Gr\u00e1fica Rosa Aragone<\/strong> + Brindis. Entrada libre y gratuita.<\/p>\n<blockquote>\n<h5 dir=\"ltr\"><strong>S\u00e1bado 21<\/strong><\/h5>\n<\/blockquote>\n<h6 dir=\"ltr\"><strong>10 h &#8211;\u00a0Activaci\u00f3n<\/strong><\/h6>\n<p dir=\"ltr\">Lugar: Galer\u00eda de Arte Local 15 (Pasaje Pan &#8211; C\u00f3rdoba 954).\u00a0<strong>Bodeg\u00f3n<\/strong>\u00a0de Juan Balaguer, desayuno y muestra de trastienda. Conversaci\u00f3n con artistas.<\/p>\n<h6><b>11 h &#8211; Activaci\u00f3n<\/b><\/h6>\n<p><span style=\"font-weight: 400;\">Lugar: Galer\u00eda Gabelich Contempor\u00e1neo (San Juan 911). Muestra <strong>Una nube rosa de dibujos,<\/strong> artistas varios + brunch.<\/span><\/p>\n<h6 dir=\"ltr\"><strong>15 a 20 h &#8211;\u00a0MicroFeria<\/strong><\/h6>\n<p dir=\"ltr\">Lugar: CEC (Paseo de las Artes y el r\u00edo).\u00a0Abierta al p\u00fablico en general con entrada libre y gratuita.<\/p>\n<h6 dir=\"ltr\"><strong>16 h &#8211;\u00a0\u00a0Activaci\u00f3n Espacio Sacco<\/strong><\/h6>\n<p dir=\"ltr\">Lugar: CEC (Paseo de las Artes y el r\u00edo).\u00a0Mesa de\u00a0estampado en serigraf\u00eda\u00a0(gr\u00e1fica y textil) de la obra de la artista Julia Bartulovich junto al Taller de Grabado I (Comisi\u00f3n A) de la Escuela de Bellas Artes, FHUMyA, UNR. Quienes deseen participar pueden traer una prenda o algo para estampar. Actividad gratuita para el p\u00fablico en general.<\/p>\n<h4 dir=\"ltr\"><strong>17 h &#8211;\u00a0Visita guiada<\/strong><\/h4>\n<p dir=\"ltr\">Lugar: CEC (Paseo de las Artes y el r\u00edo). Punto de encuentro: Auditorio.\u00a0<strong>\u00bfCu\u00e1nto cuesta una obra?<\/strong>\u00a0Actividad gratuita para el p\u00fablico en general.<\/p>\n<p dir=\"ltr\"><strong>18 h &#8211; Entrega de premios<\/strong><br \/>\nLugar: CEC (Paseo de las Artes y el r\u00edo). Zona Auditorio. Se realizar\u00e1 un acto de entrega de Premio in situ y Premio Pascual.<\/p>\n<h6 dir=\"ltr\"><strong>18 h &#8211; Encuentro de CaFe: Calendario Feria<\/strong><\/h6>\n<p dir=\"ltr\">Lugar: CEC (Paseo de las Artes y el r\u00edo).\u00a0Zona auditorio. Representantes de las ferias de arte del pa\u00eds hacen p\u00fablico su modo de operar y se re\u00fanen para coordinar y consensuar un cronograma. Se invita a coleccionistas, galeristas, agentes del arte y p\u00fablico en general a formar parte de esta charla.<\/p>\n<h6 dir=\"ltr\"><strong>18 h &#8211;\u00a0Activaci\u00f3n<\/strong><\/h6>\n<p dir=\"ltr\">Lugar: Centro Cultural La Toma (Tucum\u00e1n 1349).\u00a0MOIRAS presenta<strong>\u00a0Todo est\u00e1 por construir<\/strong>, muestra Colectiva Federal. CHORIZO Galer\u00eda de Arte + Grupo de Galer\u00edas Bonaerenses +\u00a0 ISIDORO Galer\u00eda de Arte + CRESTEO Red de Trabajadorxs del Arte y la Cultura en la Comarca Serrana del Sistema de Ventania + MUSGO Galer\u00eda de arte contempor\u00e1neo + EL VIVERO Galer\u00eda de arte + DOS GATOS Taller de arte + invitadas especiales + DJ set Fede y Nico.<\/p>\n<h6 dir=\"ltr\"><strong>19 h &#8211;\u00a0Inauguraci\u00f3n<\/strong><\/h6>\n<p dir=\"ltr\">Lugar: Galer\u00eda Crudo (Corrientes 314 local 18 y 19 de Galer\u00eda Dominici).\u00a0<strong>Todo respira<\/strong> junto\u00a0primera muestra individual de Celina Mundet. Con curadur\u00eda de Georgina Ricci.<\/p>\n<h6 dir=\"ltr\"><strong>19:30 h\u00a0&#8211;\u00a0Activaci\u00f3n<\/strong><\/h6>\n<p dir=\"ltr\">Lugar: Estudio Teras (Cochabamba 1054). Apertura de talleres + artistas invitados. Serigraf\u00eda en vivo. Pasaje Verano.<\/p>\n<h6 dir=\"ltr\"><strong>20 h &#8211; Inauguraci\u00f3n<\/strong><\/h6>\n<p dir=\"ltr\">Lugar: eSTUDIOG (Catamarca 1427).\u00a0<strong>Que la naturaleza no me abandone<\/strong>. Artista: Larisa Luciani. Concepto: Instalaci\u00f3n pict\u00f3rica en el espacio. #espaciovidriera: Instalaci\u00f3n Espejo de agua. Artista: Sol Quirincich. Apertura Taller 10 de Roberto Echen.\u00bb<\/p>\n<h6 dir=\"ltr\"><strong>21 h &#8211;\u00a0Activaci\u00f3n<\/strong><\/h6>\n<p dir=\"ltr\">Lugar: Espacio Barraco (Avenida Francia 2249). Muestra individual Ariel Jurado + muestra colectiva de galer\u00edas La Pontiana, Estudio de Arte Cueto, En casa, Afterpoema + trastienda P\u00f3lvora y Barraco + Vernissage, barra de tragos. Djs invitados y Vjs realizando intervenciones en la fachada.<\/p>\n<blockquote>\n<h5 dir=\"ltr\"><strong>Domingo 22<\/strong><\/h5>\n<\/blockquote>\n<h6><b>15 a 20 h &#8211; MicroFeria<\/b><\/h6>\n<p><span style=\"font-weight: 400;\">Lugar: CEC (Paseo de las Artes y el r\u00edo). Abierta al p\u00fablico en general con entrada libre y gratuita.<\/span><\/p>\n<h6><b>16 h &#8211; Activaci\u00f3n<\/b><\/h6>\n<p><span style=\"font-weight: 400;\">Lugar: CEC (Paseo de las Artes y el r\u00edo). Zona Stand eSTUDIOG.<\/span> <span style=\"font-weight: 400;\">Instalaci\u00f3n de un Totem de Julia Bartulovich de 50 x 60 x 45 cm ubicado en el stand donde adem\u00e1s de los relatos del proyecto se expondr\u00e1n las remeras con frase impresa.<\/span><\/p>\n<h6><b>17 h &#8211; Visita guiada\u00a0<\/b><\/h6>\n<p><span style=\"font-weight: 400;\">Lugar: CEC (Paseo de las Artes y el r\u00edo). Punto de encuentro: Auditorio. \u00bfPor qu\u00e9 comprar arte?. Actividad gratuita para el p\u00fablico en general.<\/span><\/p>\n<hr \/>\n<p dir=\"ltr\"><strong>Programa de Adquisiciones<\/strong>:\u00a0La novedad de la presente edici\u00f3n de MicroFeria de Arte Rosario es que se incorpora formalmente su Programa de Adquisiciones, una iniciativa que tiene como objetivo articular la participaci\u00f3n de museos p\u00fablicos, colecciones privadas, empresas y patrocinadores, generando oportunidades concretas de adquisici\u00f3n de obra, promoviendo la incorporaci\u00f3n de obras de artistas contempor\u00e1neos a acervos institucionales y colecciones particulares. Se otorgar\u00e1n dos premios:\u00a0<b>Premio In Situ.<\/b>\u00a0Creado en 2022 por Abel Guaglianone y Joaqu\u00edn Rodr\u00edguez, otorga premios incentivos en efectivo no adquisici\u00f3n.<b>\u00a0Premio Pascual.\u00a0<\/b>Se realizar\u00e1 la entrega de un premio apadrinado por Pascual Construcciones, una constructora y desarrolladora inmobiliaria que en el marco de su proyecto de fusionar arquitectura y arte, adquiere cinco obras en Microferia que se incorporar\u00e1n al Museo de arte contempor\u00e1neo de Rosario (macro).<\/p>\n<p><strong>Espacio editorial<\/strong>:\u00a0La curadur\u00eda del espacio de publicaciones de MicroFeria de Arte est\u00e1 cargo de la Editorial Municipal de Rosario, que presenta una selecci\u00f3n de libros y fanzines vinculados a las artes visuales, tanto del universo de la autoedici\u00f3n como de sellos independientes e institucionales.<\/p>\n<p><strong>Espacio Sacco<\/strong>:\u00a0<i>\u201cMe avisa.\u201d de Julia Bartulovich<\/i>. MicroFeria de Arte Rosario dedica un espacio de la feria a producciones art\u00edsticas locales y nacionales que coloquen una instancia de reflexi\u00f3n interesante dentro del campo del arte y establezcan v\u00ednculos con la sociedad. Esta propuesta surge como homenaje a Graciela Sacco, artista rosarina de proyecci\u00f3n internacional fallecida prematuramente en el apogeo de su carrera. Para esta edici\u00f3n invitamos a la artista rosarina Julia Bartulovich con su \u201cproyecto abierto\u201d y participativo basado en la proliferaci\u00f3n y diseminaci\u00f3n en distintos soportes (que incluyen una bandera, remeras, estampas serigrafiadas, entre otros) de la frase que lo dispara: \u201cSi alguien sabe algo o tiene idea de algo, me avisa.\u201d<\/p>\n<hr \/>\n<h1 dir=\"ltr\"><a href=\"https:\/\/drive.google.com\/file\/d\/1XLnNIGCUYVJ2oZPhZNNKhie4iAF1oR5x\/view?usp=sharing\">Cat\u00e1logo 2025<\/a><\/h1>\n<\/div>\n<p><a href=\"https:\/\/drive.google.com\/drive\/folders\/18Dpe_OowTy7llf9hyLmVg4BLYK5IxB1t\">Ediciones ediciones anteriores<\/a><\/p>\n","protected":false},"excerpt":{"rendered":"<p>Llega a el CEC la novena edici\u00f3n de MicroFeria de Arte de Rosario que reune a treinta y dos galer\u00edas y espacios de arte de todo el pa\u00eds. Adem\u00e1s, este a\u00f1o se puede disfrutar de visitas guiadas, activaciones, charlas, entrega de premios y actividades en toda la ciudad.\u00a0 Del jueves 19 al domingo 22 de junio de 15 a 20 h Entrada libre y gratuita Inauguraci\u00f3n jueves 19 &#8211; 19.30hs. DJ Set Triga Nigga La Secretar\u00eda de Cultura y Educaci\u00f3n de la Municipalidad de Rosario ofrece un espacio a galer\u00edas de arte que resultaron seleccionadas a trav\u00e9s de una convocatoria que fue nacional y abierta bajo el eje curatorial\u00a0\u201cIdiosincrasia\u201d. El objetivo es que las galer\u00edas participantes est\u00e9n abiertas a su entorno, lo que hace que su visibilidad sea \u00f3ptima desde casi cualquier punto del espacio y conformen duplas de \u2018invitadas\/anfitrionas\u2019 para seguir ampliando las redes que postula el programa desde su inicio. Las galer\u00edas Participan de esta edici\u00f3n GALER\u00cdA DE ARTE LOCAL 15 (Rosario) +\u00a0 CASAGALERIA (Salta), Espacio Barraco (Rosario) +\u00a0 P\u00f3lvora (Buenos Aires), Galer\u00eda Grasa (Buenos Aires) +\u00a0 MCMC \/ Herlitzka (Buenos Aires), Galer\u00eda Chorizo (Resistencia) +\u00a0 MOIRAS (Rosario), Rusia\/Galer\u00eda (Tucum\u00e1n) +\u00a0 Consultorio (Tucum\u00e1n), eSTUDIOG (Rosario) +\u00a0 Hotel Inminnete (C\u00f3rdoba), MINA (C\u00f3rdoba) +\u00a0 Drag\u00f3n y Rosas (C\u00f3rdoba), Jamaica ATR Gallery (Rosario) +\u00a0 Moria Galer\u00eda (Buenos Aires), Gabelich\u00a0 Contempor\u00e1neo (Rosario) +\u00a0 Musgo (Buenos Aires), Subsuelo (Rosario) + Linse Galer\u00eda (Buenos Aires), Diego Obligado Galer\u00eda de Arte (Rosario) +\u00a0 Mar\u00eda Casado Home Gallery (Beccar), Desmayo Galer\u00eda (Rosario) +\u00a0 URRA-HIPHiP (Buenos Aires), C\u00e1lamo cultural y galer\u00eda de arte (San Nicol\u00e1s) +\u00a0 Galer\u00edas Bonaerenses (Coronel Su\u00e1rez, Buenos Aires), CRUDO (Rosario) +\u00a0 Un muro (La Rioja), Sala Peluche (Buenos Aires) + Galer\u00eda CasaBrandon (Buenos Aires). Adem\u00e1s, habr\u00e1 una dupla de galer\u00edas invitadas: SASHA D espacio de arte (C\u00f3rdoba) + ALMAC\u00c9N |arte contempor\u00e1neo| (San Nicol\u00e1s). Mi\u00e9rcoles 18 10 h &#8211; Muestra Lugar: Galer\u00eda Darkhaus (Corrientes 267).\u00a0Inspirada en el brutalismo arquitect\u00f3nico presenta la serie\u00a0Oniria\u00a0de mobiliario. Abierta de lunes a viernes de 10 a 18 h, s\u00e1bados 10 a 13 h. 19 h -Inauguraci\u00f3n Lugar: Galer\u00eda Rivoire (C\u00f3rdoba 954 local 7).\u00a0Muestra de arte\u00a0Palitos chinos. Artista: Luz caprile. T\u00e9cnica: acetatos. Curadur\u00eda y texto: Guillermo Fantoni. Jueves 19 15 a 20 h &#8211;\u00a0MicroFeria Lugar: CEC (Paseo de las Artes y el r\u00edo).\u00a0Abierta al p\u00fablico en general con entrada libre y gratuita. 16 h &#8211; Activaci\u00f3n Lugar: CEC (Paseo de las Artes y el r\u00edo).\u00a0Zona stands.\u00a0ALMAC\u00c9N |arte contempor\u00e1neo| La galer\u00eda presenta su editorial\u00a0dedicada a los libros contempor\u00e1neos con el objetivo de transmitir la importancia del registro escrito en el campo de las artes visuales. 17 h &#8211;\u00a0Visita guiada Lugar: CEC (Paseo de las Artes y el r\u00edo). Punto de encuentro: Auditorio.\u00a0\u00bfQu\u00e9 es MicroFeria?\u00a0Actividad gratuita para el p\u00fablico en general. 19:30 h &#8211;\u00a0Acto de apertura MicroFeria Lugar: CEC (Paseo de las Artes y el r\u00edo).\u00a0Se presentar\u00e1 la programaci\u00f3n para los d\u00edas de feria y se podr\u00e1 disfrutar de un dj set. Viernes 20 11 h &#8211;\u00a0\u00a0Activaci\u00f3n Lugar: Biblioteca y Archivo Am\u00e9rica Elda Nancy (Espa\u00f1a 2045).\u00a0\u00a0La biblioteca festeja 5 a\u00f1os\u00a0con\u00a0La Dealer\u00a0de Santa Fe + la instalaci\u00f3n, ensamble de obras y libros, y lectura perform\u00e1tica + presentaci\u00f3n de una nueva y especial edici\u00f3n de la biblioteca + proyecci\u00f3n de Creadores de Im\u00e1genes Nodo Rosario + talleres + barrita de cerveza. 15 a 20 h &#8211;\u00a0MicroFeria Lugar: CEC (Paseo de las Artes y el r\u00edo).\u00a0Abierta al p\u00fablico en general con entrada libre y gratuita. 15:30 h &#8211; Radio en vivo Lugar: CEC (Paseo de las Artes y el r\u00edo). Cobertura en vivo de lacanciondelpais.com.ar desde Microferia. Bernardo Maison (Perry) y Maite Acosta junto a artistas visuales y galeristas invitados. 16 h &#8211;\u00a0Activaci\u00f3n Lugar: CEC (Paseo de las Artes y el r\u00edo).\u00a0Zona auditorio.\u00a0Peluche presenta su sala\u00a0como espacio\/obra alternativa frente al ataque contra los espacios p\u00fablicos y privados de arte. 17 h &#8211;\u00a0Visita guiada Lugar: CEC (Paseo de las Artes y el r\u00edo). Punto de encuentro: Auditorio.\u00a0\u00bfQu\u00e9 es una feria de arte contempor\u00e1neo?\u00a0Actividad gratuita para el p\u00fablico en general. 18 h &#8211; Charla Lugar: CEC (Paseo de las Artes y el r\u00edo). Zona Auditorio. Siestario. Pabell\u00f3n de Argentina en la Bienal de Venecia 2025. Marco Zampieron y Sof\u00eda Desuque. El pabell\u00f3n se presenta como una oda a la ruptura moment\u00e1nea de la rutina, un refugio donde el tiempo se diluye. Resignifica el valor de la siesta. 19 h &#8211;\u00a0Presentaci\u00f3n de libro Lugar: CEC (Paseo de las Artes y el r\u00edo). Zona Stand de Galer\u00eda Jamaica.\u00a0Perdura en m\u00ed la lejan\u00eda\u00a0sobre la obra de Luis Ouvrard, junto a Calvaresi y T.R.I.P.A. 20 h &#8211;\u00a0Activaci\u00f3n Lugar: Diego Obligado Galer\u00eda de Arte (G\u00fcemes 2255).\u00a0Exposici\u00f3n 1992. Artistas: Andrea Ostera, Anselmo Piccoli, Jorge Vila Ortiz. Curadur\u00eda: Clarisa Appendino 22 h &#8211;\u00a0Activaci\u00f3n Lugar: Subsuelo (Balcarce 238). Presentaci\u00f3n de la Carpeta Gr\u00e1fica Rosa Aragone + Brindis. Entrada libre y gratuita. S\u00e1bado 21 10 h &#8211;\u00a0Activaci\u00f3n Lugar: Galer\u00eda de Arte Local 15 (Pasaje Pan &#8211; C\u00f3rdoba 954).\u00a0Bodeg\u00f3n\u00a0de Juan Balaguer, desayuno y muestra de trastienda. Conversaci\u00f3n con artistas. 11 h &#8211; Activaci\u00f3n Lugar: Galer\u00eda Gabelich Contempor\u00e1neo (San Juan 911). Muestra Una nube rosa de dibujos, artistas varios + brunch. 15 a 20 h &#8211;\u00a0MicroFeria Lugar: CEC (Paseo de las Artes y el r\u00edo).\u00a0Abierta al p\u00fablico en general con entrada libre y gratuita. 16 h &#8211;\u00a0\u00a0Activaci\u00f3n Espacio Sacco Lugar: CEC (Paseo de las Artes y el r\u00edo).\u00a0Mesa de\u00a0estampado en serigraf\u00eda\u00a0(gr\u00e1fica y textil) de la obra de la artista Julia Bartulovich junto al Taller de Grabado I (Comisi\u00f3n A) de la Escuela de Bellas Artes, FHUMyA, UNR. Quienes deseen participar pueden traer una prenda o algo para estampar. Actividad gratuita para el p\u00fablico en general. 17 h &#8211;\u00a0Visita guiada Lugar: CEC (Paseo de las Artes y el r\u00edo). Punto de encuentro: Auditorio.\u00a0\u00bfCu\u00e1nto cuesta una obra?\u00a0Actividad gratuita para el p\u00fablico en general. 18 h &#8211; Entrega de premios Lugar: CEC (Paseo de las Artes y el r\u00edo). Zona Auditorio. Se realizar\u00e1 un acto de entrega de Premio in situ y Premio Pascual. 18 h &#8211; Encuentro de CaFe: Calendario Feria Lugar: CEC (Paseo de las Artes y el r\u00edo).\u00a0Zona auditorio. Representantes de las ferias de arte del pa\u00eds<\/p>\n","protected":false},"author":3,"featured_media":3967,"comment_status":"closed","ping_status":"closed","template":"","meta":{"_monsterinsights_skip_tracking":false,"_monsterinsights_sitenote_active":false,"_monsterinsights_sitenote_note":"","_monsterinsights_sitenote_category":0,"site-sidebar-layout":"default","site-content-layout":"","ast-site-content-layout":"default","site-content-style":"default","site-sidebar-style":"default","ast-global-header-display":"","ast-banner-title-visibility":"","ast-main-header-display":"","ast-hfb-above-header-display":"","ast-hfb-below-header-display":"","ast-hfb-mobile-header-display":"","site-post-title":"","ast-breadcrumbs-content":"","ast-featured-img":"","footer-sml-layout":"","theme-transparent-header-meta":"default","adv-header-id-meta":"","stick-header-meta":"","header-above-stick-meta":"","header-main-stick-meta":"","header-below-stick-meta":"","astra-migrate-meta-layouts":"set","ast-page-background-enabled":"default","ast-page-background-meta":{"desktop":{"background-color":"var(--ast-global-color-4)","background-image":"","background-repeat":"repeat","background-position":"center center","background-size":"auto","background-attachment":"scroll","background-type":"","background-media":"","overlay-type":"","overlay-color":"","overlay-opacity":"","overlay-gradient":""},"tablet":{"background-color":"","background-image":"","background-repeat":"repeat","background-position":"center center","background-size":"auto","background-attachment":"scroll","background-type":"","background-media":"","overlay-type":"","overlay-color":"","overlay-opacity":"","overlay-gradient":""},"mobile":{"background-color":"","background-image":"","background-repeat":"repeat","background-position":"center center","background-size":"auto","background-attachment":"scroll","background-type":"","background-media":"","overlay-type":"","overlay-color":"","overlay-opacity":"","overlay-gradient":""}},"ast-content-background-meta":{"desktop":{"background-color":"var(--ast-global-color-5)","background-image":"","background-repeat":"repeat","background-position":"center center","background-size":"auto","background-attachment":"scroll","background-type":"","background-media":"","overlay-type":"","overlay-color":"","overlay-opacity":"","overlay-gradient":""},"tablet":{"background-color":"var(--ast-global-color-5)","background-image":"","background-repeat":"repeat","background-position":"center center","background-size":"auto","background-attachment":"scroll","background-type":"","background-media":"","overlay-type":"","overlay-color":"","overlay-opacity":"","overlay-gradient":""},"mobile":{"background-color":"var(--ast-global-color-5)","background-image":"","background-repeat":"repeat","background-position":"center center","background-size":"auto","background-attachment":"scroll","background-type":"","background-media":"","overlay-type":"","overlay-color":"","overlay-opacity":"","overlay-gradient":""}}},"tags":[],"mec_category":[5,9,6],"class_list":["post-3966","mec-events","type-mec-events","status-publish","has-post-thumbnail","hentry","mec_category-agenda","mec_category-agenda-destacado","mec_category-destacado","tipo-evento-ferias"],"yoast_head":"<!-- This site is optimized with the Yoast SEO plugin v27.4 - https:\/\/yoast.com\/product\/yoast-seo-wordpress\/ -->\n<title>Novena edici\u00f3n de MicroFeria de Arte - CEC<\/title>\n<meta name=\"robots\" content=\"index, follow, max-snippet:-1, max-image-preview:large, max-video-preview:-1\" \/>\n<link rel=\"canonical\" href=\"https:\/\/www.cecrosario.gob.ar\/index.php\/events\/novena-edicion-de-microferia-de-arte\/\" \/>\n<meta property=\"og:locale\" content=\"es_ES\" \/>\n<meta property=\"og:type\" content=\"article\" \/>\n<meta property=\"og:title\" content=\"Novena edici\u00f3n de MicroFeria de Arte - CEC\" \/>\n<meta property=\"og:description\" content=\"Llega a el CEC la novena edici\u00f3n de MicroFeria de Arte de Rosario que reune a treinta y dos galer\u00edas y espacios de arte de todo el pa\u00eds. Adem\u00e1s, este a\u00f1o se puede disfrutar de visitas guiadas, activaciones, charlas, entrega de premios y actividades en toda la ciudad.\u00a0 Del jueves 19 al domingo 22 de junio de 15 a 20 h Entrada libre y gratuita Inauguraci\u00f3n jueves 19 &#8211; 19.30hs. DJ Set Triga Nigga La Secretar\u00eda de Cultura y Educaci\u00f3n de la Municipalidad de Rosario ofrece un espacio a galer\u00edas de arte que resultaron seleccionadas a trav\u00e9s de una convocatoria que fue nacional y abierta bajo el eje curatorial\u00a0\u201cIdiosincrasia\u201d. El objetivo es que las galer\u00edas participantes est\u00e9n abiertas a su entorno, lo que hace que su visibilidad sea \u00f3ptima desde casi cualquier punto del espacio y conformen duplas de \u2018invitadas\/anfitrionas\u2019 para seguir ampliando las redes que postula el programa desde su inicio. Las galer\u00edas Participan de esta edici\u00f3n GALER\u00cdA DE ARTE LOCAL 15 (Rosario) +\u00a0 CASAGALERIA (Salta), Espacio Barraco (Rosario) +\u00a0 P\u00f3lvora (Buenos Aires), Galer\u00eda Grasa (Buenos Aires) +\u00a0 MCMC \/ Herlitzka (Buenos Aires), Galer\u00eda Chorizo (Resistencia) +\u00a0 MOIRAS (Rosario), Rusia\/Galer\u00eda (Tucum\u00e1n) +\u00a0 Consultorio (Tucum\u00e1n), eSTUDIOG (Rosario) +\u00a0 Hotel Inminnete (C\u00f3rdoba), MINA (C\u00f3rdoba) +\u00a0 Drag\u00f3n y Rosas (C\u00f3rdoba), Jamaica ATR Gallery (Rosario) +\u00a0 Moria Galer\u00eda (Buenos Aires), Gabelich\u00a0 Contempor\u00e1neo (Rosario) +\u00a0 Musgo (Buenos Aires), Subsuelo (Rosario) + Linse Galer\u00eda (Buenos Aires), Diego Obligado Galer\u00eda de Arte (Rosario) +\u00a0 Mar\u00eda Casado Home Gallery (Beccar), Desmayo Galer\u00eda (Rosario) +\u00a0 URRA-HIPHiP (Buenos Aires), C\u00e1lamo cultural y galer\u00eda de arte (San Nicol\u00e1s) +\u00a0 Galer\u00edas Bonaerenses (Coronel Su\u00e1rez, Buenos Aires), CRUDO (Rosario) +\u00a0 Un muro (La Rioja), Sala Peluche (Buenos Aires) + Galer\u00eda CasaBrandon (Buenos Aires). Adem\u00e1s, habr\u00e1 una dupla de galer\u00edas invitadas: SASHA D espacio de arte (C\u00f3rdoba) + ALMAC\u00c9N |arte contempor\u00e1neo| (San Nicol\u00e1s). Mi\u00e9rcoles 18 10 h &#8211; Muestra Lugar: Galer\u00eda Darkhaus (Corrientes 267).\u00a0Inspirada en el brutalismo arquitect\u00f3nico presenta la serie\u00a0Oniria\u00a0de mobiliario. Abierta de lunes a viernes de 10 a 18 h, s\u00e1bados 10 a 13 h. 19 h -Inauguraci\u00f3n Lugar: Galer\u00eda Rivoire (C\u00f3rdoba 954 local 7).\u00a0Muestra de arte\u00a0Palitos chinos. Artista: Luz caprile. T\u00e9cnica: acetatos. Curadur\u00eda y texto: Guillermo Fantoni. Jueves 19 15 a 20 h &#8211;\u00a0MicroFeria Lugar: CEC (Paseo de las Artes y el r\u00edo).\u00a0Abierta al p\u00fablico en general con entrada libre y gratuita. 16 h &#8211; Activaci\u00f3n Lugar: CEC (Paseo de las Artes y el r\u00edo).\u00a0Zona stands.\u00a0ALMAC\u00c9N |arte contempor\u00e1neo| La galer\u00eda presenta su editorial\u00a0dedicada a los libros contempor\u00e1neos con el objetivo de transmitir la importancia del registro escrito en el campo de las artes visuales. 17 h &#8211;\u00a0Visita guiada Lugar: CEC (Paseo de las Artes y el r\u00edo). Punto de encuentro: Auditorio.\u00a0\u00bfQu\u00e9 es MicroFeria?\u00a0Actividad gratuita para el p\u00fablico en general. 19:30 h &#8211;\u00a0Acto de apertura MicroFeria Lugar: CEC (Paseo de las Artes y el r\u00edo).\u00a0Se presentar\u00e1 la programaci\u00f3n para los d\u00edas de feria y se podr\u00e1 disfrutar de un dj set. Viernes 20 11 h &#8211;\u00a0\u00a0Activaci\u00f3n Lugar: Biblioteca y Archivo Am\u00e9rica Elda Nancy (Espa\u00f1a 2045).\u00a0\u00a0La biblioteca festeja 5 a\u00f1os\u00a0con\u00a0La Dealer\u00a0de Santa Fe + la instalaci\u00f3n, ensamble de obras y libros, y lectura perform\u00e1tica + presentaci\u00f3n de una nueva y especial edici\u00f3n de la biblioteca + proyecci\u00f3n de Creadores de Im\u00e1genes Nodo Rosario + talleres + barrita de cerveza. 15 a 20 h &#8211;\u00a0MicroFeria Lugar: CEC (Paseo de las Artes y el r\u00edo).\u00a0Abierta al p\u00fablico en general con entrada libre y gratuita. 15:30 h &#8211; Radio en vivo Lugar: CEC (Paseo de las Artes y el r\u00edo). Cobertura en vivo de lacanciondelpais.com.ar desde Microferia. Bernardo Maison (Perry) y Maite Acosta junto a artistas visuales y galeristas invitados. 16 h &#8211;\u00a0Activaci\u00f3n Lugar: CEC (Paseo de las Artes y el r\u00edo).\u00a0Zona auditorio.\u00a0Peluche presenta su sala\u00a0como espacio\/obra alternativa frente al ataque contra los espacios p\u00fablicos y privados de arte. 17 h &#8211;\u00a0Visita guiada Lugar: CEC (Paseo de las Artes y el r\u00edo). Punto de encuentro: Auditorio.\u00a0\u00bfQu\u00e9 es una feria de arte contempor\u00e1neo?\u00a0Actividad gratuita para el p\u00fablico en general. 18 h &#8211; Charla Lugar: CEC (Paseo de las Artes y el r\u00edo). Zona Auditorio. Siestario. Pabell\u00f3n de Argentina en la Bienal de Venecia 2025. Marco Zampieron y Sof\u00eda Desuque. El pabell\u00f3n se presenta como una oda a la ruptura moment\u00e1nea de la rutina, un refugio donde el tiempo se diluye. Resignifica el valor de la siesta. 19 h &#8211;\u00a0Presentaci\u00f3n de libro Lugar: CEC (Paseo de las Artes y el r\u00edo). Zona Stand de Galer\u00eda Jamaica.\u00a0Perdura en m\u00ed la lejan\u00eda\u00a0sobre la obra de Luis Ouvrard, junto a Calvaresi y T.R.I.P.A. 20 h &#8211;\u00a0Activaci\u00f3n Lugar: Diego Obligado Galer\u00eda de Arte (G\u00fcemes 2255).\u00a0Exposici\u00f3n 1992. Artistas: Andrea Ostera, Anselmo Piccoli, Jorge Vila Ortiz. Curadur\u00eda: Clarisa Appendino 22 h &#8211;\u00a0Activaci\u00f3n Lugar: Subsuelo (Balcarce 238). Presentaci\u00f3n de la Carpeta Gr\u00e1fica Rosa Aragone + Brindis. Entrada libre y gratuita. S\u00e1bado 21 10 h &#8211;\u00a0Activaci\u00f3n Lugar: Galer\u00eda de Arte Local 15 (Pasaje Pan &#8211; C\u00f3rdoba 954).\u00a0Bodeg\u00f3n\u00a0de Juan Balaguer, desayuno y muestra de trastienda. Conversaci\u00f3n con artistas. 11 h &#8211; Activaci\u00f3n Lugar: Galer\u00eda Gabelich Contempor\u00e1neo (San Juan 911). Muestra Una nube rosa de dibujos, artistas varios + brunch. 15 a 20 h &#8211;\u00a0MicroFeria Lugar: CEC (Paseo de las Artes y el r\u00edo).\u00a0Abierta al p\u00fablico en general con entrada libre y gratuita. 16 h &#8211;\u00a0\u00a0Activaci\u00f3n Espacio Sacco Lugar: CEC (Paseo de las Artes y el r\u00edo).\u00a0Mesa de\u00a0estampado en serigraf\u00eda\u00a0(gr\u00e1fica y textil) de la obra de la artista Julia Bartulovich junto al Taller de Grabado I (Comisi\u00f3n A) de la Escuela de Bellas Artes, FHUMyA, UNR. Quienes deseen participar pueden traer una prenda o algo para estampar. Actividad gratuita para el p\u00fablico en general. 17 h &#8211;\u00a0Visita guiada Lugar: CEC (Paseo de las Artes y el r\u00edo). Punto de encuentro: Auditorio.\u00a0\u00bfCu\u00e1nto cuesta una obra?\u00a0Actividad gratuita para el p\u00fablico en general. 18 h &#8211; Entrega de premios Lugar: CEC (Paseo de las Artes y el r\u00edo). Zona Auditorio. Se realizar\u00e1 un acto de entrega de Premio in situ y Premio Pascual. 18 h &#8211; Encuentro de CaFe: Calendario Feria Lugar: CEC (Paseo de las Artes y el r\u00edo).\u00a0Zona auditorio. Representantes de las ferias de arte del pa\u00eds\" \/>\n<meta property=\"og:url\" content=\"https:\/\/www.cecrosario.gob.ar\/index.php\/events\/novena-edicion-de-microferia-de-arte\/\" \/>\n<meta property=\"og:site_name\" content=\"CEC\" \/>\n<meta property=\"article:publisher\" content=\"https:\/\/www.facebook.com\/centrodeexpresionescontemporaneas\" \/>\n<meta property=\"article:modified_time\" content=\"2025-06-18T19:06:38+00:00\" \/>\n<meta property=\"og:image\" content=\"https:\/\/www.cecrosario.gob.ar\/wp-content\/uploads\/2025\/06\/MicroFeria-011-Guillermo-Turin-Bootello-1-scaled.jpg\" \/>\n\t<meta property=\"og:image:width\" content=\"2560\" \/>\n\t<meta property=\"og:image:height\" content=\"1707\" \/>\n\t<meta property=\"og:image:type\" content=\"image\/jpeg\" \/>\n<meta name=\"twitter:card\" content=\"summary_large_image\" \/>\n<meta name=\"twitter:site\" content=\"@CEC_Rosario\" \/>\n<meta name=\"twitter:label1\" content=\"Tiempo de lectura\" \/>\n\t<meta name=\"twitter:data1\" content=\"8 minutos\" \/>\n<script type=\"application\/ld+json\" class=\"yoast-schema-graph\">{\"@context\":\"https:\\\/\\\/schema.org\",\"@graph\":[{\"@type\":\"WebPage\",\"@id\":\"https:\\\/\\\/www.cecrosario.gob.ar\\\/index.php\\\/events\\\/novena-edicion-de-microferia-de-arte\\\/\",\"url\":\"https:\\\/\\\/www.cecrosario.gob.ar\\\/index.php\\\/events\\\/novena-edicion-de-microferia-de-arte\\\/\",\"name\":\"Novena edici\u00f3n de MicroFeria de Arte - CEC\",\"isPartOf\":{\"@id\":\"https:\\\/\\\/www.cecrosario.gob.ar\\\/#website\"},\"primaryImageOfPage\":{\"@id\":\"https:\\\/\\\/www.cecrosario.gob.ar\\\/index.php\\\/events\\\/novena-edicion-de-microferia-de-arte\\\/#primaryimage\"},\"image\":{\"@id\":\"https:\\\/\\\/www.cecrosario.gob.ar\\\/index.php\\\/events\\\/novena-edicion-de-microferia-de-arte\\\/#primaryimage\"},\"thumbnailUrl\":\"https:\\\/\\\/www.cecrosario.gob.ar\\\/wp-content\\\/uploads\\\/2025\\\/06\\\/MicroFeria-011-Guillermo-Turin-Bootello-1-scaled.jpg\",\"datePublished\":\"2025-06-04T18:35:05+00:00\",\"dateModified\":\"2025-06-18T19:06:38+00:00\",\"breadcrumb\":{\"@id\":\"https:\\\/\\\/www.cecrosario.gob.ar\\\/index.php\\\/events\\\/novena-edicion-de-microferia-de-arte\\\/#breadcrumb\"},\"inLanguage\":\"es\",\"potentialAction\":[{\"@type\":\"ReadAction\",\"target\":[\"https:\\\/\\\/www.cecrosario.gob.ar\\\/index.php\\\/events\\\/novena-edicion-de-microferia-de-arte\\\/\"]}]},{\"@type\":\"ImageObject\",\"inLanguage\":\"es\",\"@id\":\"https:\\\/\\\/www.cecrosario.gob.ar\\\/index.php\\\/events\\\/novena-edicion-de-microferia-de-arte\\\/#primaryimage\",\"url\":\"https:\\\/\\\/www.cecrosario.gob.ar\\\/wp-content\\\/uploads\\\/2025\\\/06\\\/MicroFeria-011-Guillermo-Turin-Bootello-1-scaled.jpg\",\"contentUrl\":\"https:\\\/\\\/www.cecrosario.gob.ar\\\/wp-content\\\/uploads\\\/2025\\\/06\\\/MicroFeria-011-Guillermo-Turin-Bootello-1-scaled.jpg\",\"width\":2560,\"height\":1707},{\"@type\":\"BreadcrumbList\",\"@id\":\"https:\\\/\\\/www.cecrosario.gob.ar\\\/index.php\\\/events\\\/novena-edicion-de-microferia-de-arte\\\/#breadcrumb\",\"itemListElement\":[{\"@type\":\"ListItem\",\"position\":1,\"name\":\"Portada\",\"item\":\"https:\\\/\\\/www.cecrosario.gob.ar\\\/\"},{\"@type\":\"ListItem\",\"position\":2,\"name\":\"Eventos\",\"item\":\"https:\\\/\\\/www.cecrosario.gob.ar\\\/index.php\\\/events\\\/\"},{\"@type\":\"ListItem\",\"position\":3,\"name\":\"Novena edici\u00f3n de MicroFeria de Arte\"}]},{\"@type\":\"WebSite\",\"@id\":\"https:\\\/\\\/www.cecrosario.gob.ar\\\/#website\",\"url\":\"https:\\\/\\\/www.cecrosario.gob.ar\\\/\",\"name\":\"CEC\",\"description\":\"\",\"publisher\":{\"@id\":\"https:\\\/\\\/www.cecrosario.gob.ar\\\/#organization\"},\"potentialAction\":[{\"@type\":\"SearchAction\",\"target\":{\"@type\":\"EntryPoint\",\"urlTemplate\":\"https:\\\/\\\/www.cecrosario.gob.ar\\\/?s={search_term_string}\"},\"query-input\":{\"@type\":\"PropertyValueSpecification\",\"valueRequired\":true,\"valueName\":\"search_term_string\"}}],\"inLanguage\":\"es\"},{\"@type\":\"Organization\",\"@id\":\"https:\\\/\\\/www.cecrosario.gob.ar\\\/#organization\",\"name\":\"CEC Rosario\",\"url\":\"https:\\\/\\\/www.cecrosario.gob.ar\\\/\",\"logo\":{\"@type\":\"ImageObject\",\"inLanguage\":\"es\",\"@id\":\"https:\\\/\\\/www.cecrosario.gob.ar\\\/#\\\/schema\\\/logo\\\/image\\\/\",\"url\":\"https:\\\/\\\/www.cecrosario.gob.ar\\\/wp-content\\\/uploads\\\/2021\\\/08\\\/cec-01.png\",\"contentUrl\":\"https:\\\/\\\/www.cecrosario.gob.ar\\\/wp-content\\\/uploads\\\/2021\\\/08\\\/cec-01.png\",\"width\":2000,\"height\":976,\"caption\":\"CEC Rosario\"},\"image\":{\"@id\":\"https:\\\/\\\/www.cecrosario.gob.ar\\\/#\\\/schema\\\/logo\\\/image\\\/\"},\"sameAs\":[\"https:\\\/\\\/www.facebook.com\\\/centrodeexpresionescontemporaneas\",\"https:\\\/\\\/x.com\\\/CEC_Rosario\",\"https:\\\/\\\/www.instagram.com\\\/cec_rosario\\\/\"]}]}<\/script>\n<!-- \/ Yoast SEO plugin. -->","yoast_head_json":{"title":"Novena edici\u00f3n de MicroFeria de Arte - CEC","robots":{"index":"index","follow":"follow","max-snippet":"max-snippet:-1","max-image-preview":"max-image-preview:large","max-video-preview":"max-video-preview:-1"},"canonical":"https:\/\/www.cecrosario.gob.ar\/index.php\/events\/novena-edicion-de-microferia-de-arte\/","og_locale":"es_ES","og_type":"article","og_title":"Novena edici\u00f3n de MicroFeria de Arte - CEC","og_description":"Llega a el CEC la novena edici\u00f3n de MicroFeria de Arte de Rosario que reune a treinta y dos galer\u00edas y espacios de arte de todo el pa\u00eds. Adem\u00e1s, este a\u00f1o se puede disfrutar de visitas guiadas, activaciones, charlas, entrega de premios y actividades en toda la ciudad.\u00a0 Del jueves 19 al domingo 22 de junio de 15 a 20 h Entrada libre y gratuita Inauguraci\u00f3n jueves 19 &#8211; 19.30hs. DJ Set Triga Nigga La Secretar\u00eda de Cultura y Educaci\u00f3n de la Municipalidad de Rosario ofrece un espacio a galer\u00edas de arte que resultaron seleccionadas a trav\u00e9s de una convocatoria que fue nacional y abierta bajo el eje curatorial\u00a0\u201cIdiosincrasia\u201d. El objetivo es que las galer\u00edas participantes est\u00e9n abiertas a su entorno, lo que hace que su visibilidad sea \u00f3ptima desde casi cualquier punto del espacio y conformen duplas de \u2018invitadas\/anfitrionas\u2019 para seguir ampliando las redes que postula el programa desde su inicio. Las galer\u00edas Participan de esta edici\u00f3n GALER\u00cdA DE ARTE LOCAL 15 (Rosario) +\u00a0 CASAGALERIA (Salta), Espacio Barraco (Rosario) +\u00a0 P\u00f3lvora (Buenos Aires), Galer\u00eda Grasa (Buenos Aires) +\u00a0 MCMC \/ Herlitzka (Buenos Aires), Galer\u00eda Chorizo (Resistencia) +\u00a0 MOIRAS (Rosario), Rusia\/Galer\u00eda (Tucum\u00e1n) +\u00a0 Consultorio (Tucum\u00e1n), eSTUDIOG (Rosario) +\u00a0 Hotel Inminnete (C\u00f3rdoba), MINA (C\u00f3rdoba) +\u00a0 Drag\u00f3n y Rosas (C\u00f3rdoba), Jamaica ATR Gallery (Rosario) +\u00a0 Moria Galer\u00eda (Buenos Aires), Gabelich\u00a0 Contempor\u00e1neo (Rosario) +\u00a0 Musgo (Buenos Aires), Subsuelo (Rosario) + Linse Galer\u00eda (Buenos Aires), Diego Obligado Galer\u00eda de Arte (Rosario) +\u00a0 Mar\u00eda Casado Home Gallery (Beccar), Desmayo Galer\u00eda (Rosario) +\u00a0 URRA-HIPHiP (Buenos Aires), C\u00e1lamo cultural y galer\u00eda de arte (San Nicol\u00e1s) +\u00a0 Galer\u00edas Bonaerenses (Coronel Su\u00e1rez, Buenos Aires), CRUDO (Rosario) +\u00a0 Un muro (La Rioja), Sala Peluche (Buenos Aires) + Galer\u00eda CasaBrandon (Buenos Aires). Adem\u00e1s, habr\u00e1 una dupla de galer\u00edas invitadas: SASHA D espacio de arte (C\u00f3rdoba) + ALMAC\u00c9N |arte contempor\u00e1neo| (San Nicol\u00e1s). Mi\u00e9rcoles 18 10 h &#8211; Muestra Lugar: Galer\u00eda Darkhaus (Corrientes 267).\u00a0Inspirada en el brutalismo arquitect\u00f3nico presenta la serie\u00a0Oniria\u00a0de mobiliario. Abierta de lunes a viernes de 10 a 18 h, s\u00e1bados 10 a 13 h. 19 h -Inauguraci\u00f3n Lugar: Galer\u00eda Rivoire (C\u00f3rdoba 954 local 7).\u00a0Muestra de arte\u00a0Palitos chinos. Artista: Luz caprile. T\u00e9cnica: acetatos. Curadur\u00eda y texto: Guillermo Fantoni. Jueves 19 15 a 20 h &#8211;\u00a0MicroFeria Lugar: CEC (Paseo de las Artes y el r\u00edo).\u00a0Abierta al p\u00fablico en general con entrada libre y gratuita. 16 h &#8211; Activaci\u00f3n Lugar: CEC (Paseo de las Artes y el r\u00edo).\u00a0Zona stands.\u00a0ALMAC\u00c9N |arte contempor\u00e1neo| La galer\u00eda presenta su editorial\u00a0dedicada a los libros contempor\u00e1neos con el objetivo de transmitir la importancia del registro escrito en el campo de las artes visuales. 17 h &#8211;\u00a0Visita guiada Lugar: CEC (Paseo de las Artes y el r\u00edo). Punto de encuentro: Auditorio.\u00a0\u00bfQu\u00e9 es MicroFeria?\u00a0Actividad gratuita para el p\u00fablico en general. 19:30 h &#8211;\u00a0Acto de apertura MicroFeria Lugar: CEC (Paseo de las Artes y el r\u00edo).\u00a0Se presentar\u00e1 la programaci\u00f3n para los d\u00edas de feria y se podr\u00e1 disfrutar de un dj set. Viernes 20 11 h &#8211;\u00a0\u00a0Activaci\u00f3n Lugar: Biblioteca y Archivo Am\u00e9rica Elda Nancy (Espa\u00f1a 2045).\u00a0\u00a0La biblioteca festeja 5 a\u00f1os\u00a0con\u00a0La Dealer\u00a0de Santa Fe + la instalaci\u00f3n, ensamble de obras y libros, y lectura perform\u00e1tica + presentaci\u00f3n de una nueva y especial edici\u00f3n de la biblioteca + proyecci\u00f3n de Creadores de Im\u00e1genes Nodo Rosario + talleres + barrita de cerveza. 15 a 20 h &#8211;\u00a0MicroFeria Lugar: CEC (Paseo de las Artes y el r\u00edo).\u00a0Abierta al p\u00fablico en general con entrada libre y gratuita. 15:30 h &#8211; Radio en vivo Lugar: CEC (Paseo de las Artes y el r\u00edo). Cobertura en vivo de lacanciondelpais.com.ar desde Microferia. Bernardo Maison (Perry) y Maite Acosta junto a artistas visuales y galeristas invitados. 16 h &#8211;\u00a0Activaci\u00f3n Lugar: CEC (Paseo de las Artes y el r\u00edo).\u00a0Zona auditorio.\u00a0Peluche presenta su sala\u00a0como espacio\/obra alternativa frente al ataque contra los espacios p\u00fablicos y privados de arte. 17 h &#8211;\u00a0Visita guiada Lugar: CEC (Paseo de las Artes y el r\u00edo). Punto de encuentro: Auditorio.\u00a0\u00bfQu\u00e9 es una feria de arte contempor\u00e1neo?\u00a0Actividad gratuita para el p\u00fablico en general. 18 h &#8211; Charla Lugar: CEC (Paseo de las Artes y el r\u00edo). Zona Auditorio. Siestario. Pabell\u00f3n de Argentina en la Bienal de Venecia 2025. Marco Zampieron y Sof\u00eda Desuque. El pabell\u00f3n se presenta como una oda a la ruptura moment\u00e1nea de la rutina, un refugio donde el tiempo se diluye. Resignifica el valor de la siesta. 19 h &#8211;\u00a0Presentaci\u00f3n de libro Lugar: CEC (Paseo de las Artes y el r\u00edo). Zona Stand de Galer\u00eda Jamaica.\u00a0Perdura en m\u00ed la lejan\u00eda\u00a0sobre la obra de Luis Ouvrard, junto a Calvaresi y T.R.I.P.A. 20 h &#8211;\u00a0Activaci\u00f3n Lugar: Diego Obligado Galer\u00eda de Arte (G\u00fcemes 2255).\u00a0Exposici\u00f3n 1992. Artistas: Andrea Ostera, Anselmo Piccoli, Jorge Vila Ortiz. Curadur\u00eda: Clarisa Appendino 22 h &#8211;\u00a0Activaci\u00f3n Lugar: Subsuelo (Balcarce 238). Presentaci\u00f3n de la Carpeta Gr\u00e1fica Rosa Aragone + Brindis. Entrada libre y gratuita. S\u00e1bado 21 10 h &#8211;\u00a0Activaci\u00f3n Lugar: Galer\u00eda de Arte Local 15 (Pasaje Pan &#8211; C\u00f3rdoba 954).\u00a0Bodeg\u00f3n\u00a0de Juan Balaguer, desayuno y muestra de trastienda. Conversaci\u00f3n con artistas. 11 h &#8211; Activaci\u00f3n Lugar: Galer\u00eda Gabelich Contempor\u00e1neo (San Juan 911). Muestra Una nube rosa de dibujos, artistas varios + brunch. 15 a 20 h &#8211;\u00a0MicroFeria Lugar: CEC (Paseo de las Artes y el r\u00edo).\u00a0Abierta al p\u00fablico en general con entrada libre y gratuita. 16 h &#8211;\u00a0\u00a0Activaci\u00f3n Espacio Sacco Lugar: CEC (Paseo de las Artes y el r\u00edo).\u00a0Mesa de\u00a0estampado en serigraf\u00eda\u00a0(gr\u00e1fica y textil) de la obra de la artista Julia Bartulovich junto al Taller de Grabado I (Comisi\u00f3n A) de la Escuela de Bellas Artes, FHUMyA, UNR. Quienes deseen participar pueden traer una prenda o algo para estampar. Actividad gratuita para el p\u00fablico en general. 17 h &#8211;\u00a0Visita guiada Lugar: CEC (Paseo de las Artes y el r\u00edo). Punto de encuentro: Auditorio.\u00a0\u00bfCu\u00e1nto cuesta una obra?\u00a0Actividad gratuita para el p\u00fablico en general. 18 h &#8211; Entrega de premios Lugar: CEC (Paseo de las Artes y el r\u00edo). Zona Auditorio. Se realizar\u00e1 un acto de entrega de Premio in situ y Premio Pascual. 18 h &#8211; Encuentro de CaFe: Calendario Feria Lugar: CEC (Paseo de las Artes y el r\u00edo).\u00a0Zona auditorio. Representantes de las ferias de arte del pa\u00eds","og_url":"https:\/\/www.cecrosario.gob.ar\/index.php\/events\/novena-edicion-de-microferia-de-arte\/","og_site_name":"CEC","article_publisher":"https:\/\/www.facebook.com\/centrodeexpresionescontemporaneas","article_modified_time":"2025-06-18T19:06:38+00:00","og_image":[{"width":2560,"height":1707,"url":"https:\/\/www.cecrosario.gob.ar\/wp-content\/uploads\/2025\/06\/MicroFeria-011-Guillermo-Turin-Bootello-1-scaled.jpg","type":"image\/jpeg"}],"twitter_card":"summary_large_image","twitter_site":"@CEC_Rosario","twitter_misc":{"Tiempo de lectura":"8 minutos"},"schema":{"@context":"https:\/\/schema.org","@graph":[{"@type":"WebPage","@id":"https:\/\/www.cecrosario.gob.ar\/index.php\/events\/novena-edicion-de-microferia-de-arte\/","url":"https:\/\/www.cecrosario.gob.ar\/index.php\/events\/novena-edicion-de-microferia-de-arte\/","name":"Novena edici\u00f3n de MicroFeria de Arte - CEC","isPartOf":{"@id":"https:\/\/www.cecrosario.gob.ar\/#website"},"primaryImageOfPage":{"@id":"https:\/\/www.cecrosario.gob.ar\/index.php\/events\/novena-edicion-de-microferia-de-arte\/#primaryimage"},"image":{"@id":"https:\/\/www.cecrosario.gob.ar\/index.php\/events\/novena-edicion-de-microferia-de-arte\/#primaryimage"},"thumbnailUrl":"https:\/\/www.cecrosario.gob.ar\/wp-content\/uploads\/2025\/06\/MicroFeria-011-Guillermo-Turin-Bootello-1-scaled.jpg","datePublished":"2025-06-04T18:35:05+00:00","dateModified":"2025-06-18T19:06:38+00:00","breadcrumb":{"@id":"https:\/\/www.cecrosario.gob.ar\/index.php\/events\/novena-edicion-de-microferia-de-arte\/#breadcrumb"},"inLanguage":"es","potentialAction":[{"@type":"ReadAction","target":["https:\/\/www.cecrosario.gob.ar\/index.php\/events\/novena-edicion-de-microferia-de-arte\/"]}]},{"@type":"ImageObject","inLanguage":"es","@id":"https:\/\/www.cecrosario.gob.ar\/index.php\/events\/novena-edicion-de-microferia-de-arte\/#primaryimage","url":"https:\/\/www.cecrosario.gob.ar\/wp-content\/uploads\/2025\/06\/MicroFeria-011-Guillermo-Turin-Bootello-1-scaled.jpg","contentUrl":"https:\/\/www.cecrosario.gob.ar\/wp-content\/uploads\/2025\/06\/MicroFeria-011-Guillermo-Turin-Bootello-1-scaled.jpg","width":2560,"height":1707},{"@type":"BreadcrumbList","@id":"https:\/\/www.cecrosario.gob.ar\/index.php\/events\/novena-edicion-de-microferia-de-arte\/#breadcrumb","itemListElement":[{"@type":"ListItem","position":1,"name":"Portada","item":"https:\/\/www.cecrosario.gob.ar\/"},{"@type":"ListItem","position":2,"name":"Eventos","item":"https:\/\/www.cecrosario.gob.ar\/index.php\/events\/"},{"@type":"ListItem","position":3,"name":"Novena edici\u00f3n de MicroFeria de Arte"}]},{"@type":"WebSite","@id":"https:\/\/www.cecrosario.gob.ar\/#website","url":"https:\/\/www.cecrosario.gob.ar\/","name":"CEC","description":"","publisher":{"@id":"https:\/\/www.cecrosario.gob.ar\/#organization"},"potentialAction":[{"@type":"SearchAction","target":{"@type":"EntryPoint","urlTemplate":"https:\/\/www.cecrosario.gob.ar\/?s={search_term_string}"},"query-input":{"@type":"PropertyValueSpecification","valueRequired":true,"valueName":"search_term_string"}}],"inLanguage":"es"},{"@type":"Organization","@id":"https:\/\/www.cecrosario.gob.ar\/#organization","name":"CEC Rosario","url":"https:\/\/www.cecrosario.gob.ar\/","logo":{"@type":"ImageObject","inLanguage":"es","@id":"https:\/\/www.cecrosario.gob.ar\/#\/schema\/logo\/image\/","url":"https:\/\/www.cecrosario.gob.ar\/wp-content\/uploads\/2021\/08\/cec-01.png","contentUrl":"https:\/\/www.cecrosario.gob.ar\/wp-content\/uploads\/2021\/08\/cec-01.png","width":2000,"height":976,"caption":"CEC Rosario"},"image":{"@id":"https:\/\/www.cecrosario.gob.ar\/#\/schema\/logo\/image\/"},"sameAs":["https:\/\/www.facebook.com\/centrodeexpresionescontemporaneas","https:\/\/x.com\/CEC_Rosario","https:\/\/www.instagram.com\/cec_rosario\/"]}]}},"_links":{"self":[{"href":"https:\/\/www.cecrosario.gob.ar\/index.php\/wp-json\/wp\/v2\/mec-events\/3966","targetHints":{"allow":["GET"]}}],"collection":[{"href":"https:\/\/www.cecrosario.gob.ar\/index.php\/wp-json\/wp\/v2\/mec-events"}],"about":[{"href":"https:\/\/www.cecrosario.gob.ar\/index.php\/wp-json\/wp\/v2\/types\/mec-events"}],"author":[{"embeddable":true,"href":"https:\/\/www.cecrosario.gob.ar\/index.php\/wp-json\/wp\/v2\/users\/3"}],"replies":[{"embeddable":true,"href":"https:\/\/www.cecrosario.gob.ar\/index.php\/wp-json\/wp\/v2\/comments?post=3966"}],"wp:featuredmedia":[{"embeddable":true,"href":"https:\/\/www.cecrosario.gob.ar\/index.php\/wp-json\/wp\/v2\/media\/3967"}],"wp:attachment":[{"href":"https:\/\/www.cecrosario.gob.ar\/index.php\/wp-json\/wp\/v2\/media?parent=3966"}],"wp:term":[{"taxonomy":"post_tag","embeddable":true,"href":"https:\/\/www.cecrosario.gob.ar\/index.php\/wp-json\/wp\/v2\/tags?post=3966"},{"taxonomy":"mec_category","embeddable":true,"href":"https:\/\/www.cecrosario.gob.ar\/index.php\/wp-json\/wp\/v2\/mec_category?post=3966"}],"curies":[{"name":"wp","href":"https:\/\/api.w.org\/{rel}","templated":true}]}}