{"id":2261,"date":"2023-08-22T13:32:30","date_gmt":"2023-08-22T16:32:30","guid":{"rendered":"https:\/\/www.cecrosario.gob.ar\/?post_type=mec-events&#038;p=2261"},"modified":"2023-08-23T14:21:00","modified_gmt":"2023-08-23T17:21:00","slug":"feria-vintage-xxl","status":"publish","type":"mec-events","link":"https:\/\/www.cecrosario.gob.ar\/index.php\/events\/feria-vintage-xxl\/","title":{"rendered":"<b>Feria Vintage XXL<\/b> <br> + M\u00fasica"},"content":{"rendered":"<p>Enorme la feria Vintage de este mes! Las naves de El CEC se llenan de prendas y percheros para ofrecerte una hermosa tarde, acompa\u00f1ada musicalizada por el conocido de casa DJ Hern\u00e1n Altamirano.<\/p>\n<blockquote><p>S\u00e1bado 26 de Agosto de 15:00 a 19:00 hrs<\/p><\/blockquote>\n<p>Los participantes de esta edici\u00f3n:<\/p>\n<ul>\n<li>\u00a0Back to the future<\/li>\n<li>\u00a0Betty &amp; Co<\/li>\n<li>\u00a0A puro vintage<\/li>\n<li>\u00a0Chi Retro<\/li>\n<li>\u00a0Feria movil<\/li>\n<li>\u00a0Akane<\/li>\n<li>\u00a0Domi star<\/li>\n<li>\u00a0JJ americana<\/li>\n<li>\u00a0Skyle<\/li>\n<li>\u00a0Pulsar<\/li>\n<li>\u00a0Mima<\/li>\n<li>\u00a0Chaco<\/li>\n<li>\u00a0Plumeti<\/li>\n<li>\u00a0Yo, nosotres<\/li>\n<li>\u00a0Romance Local<\/li>\n<li>\u00a0Vestite De Rosas<\/li>\n<li>\u00a0Arroparte<\/li>\n<li>\u00a0Vlinder Shop<\/li>\n<li>\u00a0T\u00e9 Rojo Feria<\/li>\n<li>\u00a0Friki cheto<\/li>\n<li>\u00a0Pilcha Squad<\/li>\n<li>\u00a0DramaticaMente<\/li>\n<li>\u00a0Dismorfia<\/li>\n<li>\u00a0Colorado<\/li>\n<li>\u00a0Maitri<\/li>\n<li>\u00a0kombu<\/li>\n<li>\u00a0Gebo<\/li>\n<li>\u00a0Wabi-Wave Tienda<\/li>\n<li>\u00a0Oriana<\/li>\n<li>Portales circular<\/li>\n<\/ul>\n","protected":false},"excerpt":{"rendered":"<p>Enorme la feria Vintage de este mes! Las naves de El CEC se llenan de prendas y percheros para ofrecerte una hermosa tarde, acompa\u00f1ada musicalizada por el conocido de casa DJ Hern\u00e1n Altamirano. S\u00e1bado 26 de Agosto de 15:00 a 19:00 hrs Los participantes de esta edici\u00f3n: \u00a0Back to the future \u00a0Betty &amp; Co \u00a0A puro vintage \u00a0Chi Retro \u00a0Feria movil \u00a0Akane \u00a0Domi star \u00a0JJ americana \u00a0Skyle \u00a0Pulsar \u00a0Mima \u00a0Chaco \u00a0Plumeti \u00a0Yo, nosotres \u00a0Romance Local \u00a0Vestite De Rosas \u00a0Arroparte \u00a0Vlinder Shop \u00a0T\u00e9 Rojo Feria \u00a0Friki cheto \u00a0Pilcha Squad \u00a0DramaticaMente \u00a0Dismorfia \u00a0Colorado \u00a0Maitri \u00a0kombu \u00a0Gebo \u00a0Wabi-Wave Tienda \u00a0Oriana Portales circular<\/p>\n","protected":false},"author":3,"featured_media":2262,"comment_status":"closed","ping_status":"closed","template":"","meta":{"_monsterinsights_skip_tracking":false,"_monsterinsights_sitenote_active":false,"_monsterinsights_sitenote_note":"","_monsterinsights_sitenote_category":0,"site-sidebar-layout":"default","site-content-layout":"default","ast-site-content-layout":"","site-content-style":"default","site-sidebar-style":"default","ast-global-header-display":"","ast-banner-title-visibility":"","ast-main-header-display":"","ast-hfb-above-header-display":"","ast-hfb-below-header-display":"","ast-hfb-mobile-header-display":"","site-post-title":"","ast-breadcrumbs-content":"","ast-featured-img":"","footer-sml-layout":"","theme-transparent-header-meta":"default","adv-header-id-meta":"","stick-header-meta":"","header-above-stick-meta":"","header-main-stick-meta":"","header-below-stick-meta":"","astra-migrate-meta-layouts":"default","ast-page-background-enabled":"default","ast-page-background-meta":{"desktop":{"background-color":"var(--ast-global-color-4)","background-image":"","background-repeat":"repeat","background-position":"center center","background-size":"auto","background-attachment":"scroll","background-type":"","background-media":"","overlay-type":"","overlay-color":"","overlay-opacity":"","overlay-gradient":""},"tablet":{"background-color":"","background-image":"","background-repeat":"repeat","background-position":"center center","background-size":"auto","background-attachment":"scroll","background-type":"","background-media":"","overlay-type":"","overlay-color":"","overlay-opacity":"","overlay-gradient":""},"mobile":{"background-color":"","background-image":"","background-repeat":"repeat","background-position":"center center","background-size":"auto","background-attachment":"scroll","background-type":"","background-media":"","overlay-type":"","overlay-color":"","overlay-opacity":"","overlay-gradient":""}},"ast-content-background-meta":{"desktop":{"background-color":"var(--ast-global-color-5)","background-image":"","background-repeat":"repeat","background-position":"center center","background-size":"auto","background-attachment":"scroll","background-type":"","background-media":"","overlay-type":"","overlay-color":"","overlay-opacity":"","overlay-gradient":""},"tablet":{"background-color":"var(--ast-global-color-5)","background-image":"","background-repeat":"repeat","background-position":"center center","background-size":"auto","background-attachment":"scroll","background-type":"","background-media":"","overlay-type":"","overlay-color":"","overlay-opacity":"","overlay-gradient":""},"mobile":{"background-color":"var(--ast-global-color-5)","background-image":"","background-repeat":"repeat","background-position":"center center","background-size":"auto","background-attachment":"scroll","background-type":"","background-media":"","overlay-type":"","overlay-color":"","overlay-opacity":"","overlay-gradient":""}}},"tags":[],"mec_category":[5,9],"class_list":["post-2261","mec-events","type-mec-events","status-publish","has-post-thumbnail","hentry","mec_category-agenda","mec_category-agenda-destacado"],"yoast_head":"<!-- This site is optimized with the Yoast SEO plugin v27.5 - https:\/\/yoast.com\/product\/yoast-seo-wordpress\/ -->\n<title>Feria Vintage XXL - CEC<\/title>\n<meta name=\"robots\" content=\"index, follow, max-snippet:-1, max-image-preview:large, max-video-preview:-1\" \/>\n<link rel=\"canonical\" href=\"https:\/\/www.cecrosario.gob.ar\/index.php\/events\/feria-vintage-xxl\/\" \/>\n<meta property=\"og:locale\" content=\"es_ES\" \/>\n<meta property=\"og:type\" content=\"article\" \/>\n<meta property=\"og:title\" content=\"Feria Vintage XXL - CEC\" \/>\n<meta property=\"og:description\" content=\"Enorme la feria Vintage de este mes! Las naves de El CEC se llenan de prendas y percheros para ofrecerte una hermosa tarde, acompa\u00f1ada musicalizada por el conocido de casa DJ Hern\u00e1n Altamirano. S\u00e1bado 26 de Agosto de 15:00 a 19:00 hrs Los participantes de esta edici\u00f3n: \u00a0Back to the future \u00a0Betty &amp; Co \u00a0A puro vintage \u00a0Chi Retro \u00a0Feria movil \u00a0Akane \u00a0Domi star \u00a0JJ americana \u00a0Skyle \u00a0Pulsar \u00a0Mima \u00a0Chaco \u00a0Plumeti \u00a0Yo, nosotres \u00a0Romance Local \u00a0Vestite De Rosas \u00a0Arroparte \u00a0Vlinder Shop \u00a0T\u00e9 Rojo Feria \u00a0Friki cheto \u00a0Pilcha Squad \u00a0DramaticaMente \u00a0Dismorfia \u00a0Colorado \u00a0Maitri \u00a0kombu \u00a0Gebo \u00a0Wabi-Wave Tienda \u00a0Oriana Portales circular\" \/>\n<meta property=\"og:url\" content=\"https:\/\/www.cecrosario.gob.ar\/index.php\/events\/feria-vintage-xxl\/\" \/>\n<meta property=\"og:site_name\" content=\"CEC\" \/>\n<meta property=\"article:publisher\" content=\"https:\/\/www.facebook.com\/centrodeexpresionescontemporaneas\" \/>\n<meta property=\"article:modified_time\" content=\"2023-08-23T17:21:00+00:00\" \/>\n<meta property=\"og:image\" content=\"https:\/\/www.cecrosario.gob.ar\/wp-content\/uploads\/2023\/08\/5-scaled.jpg\" \/>\n\t<meta property=\"og:image:width\" content=\"2560\" \/>\n\t<meta property=\"og:image:height\" content=\"1702\" \/>\n\t<meta property=\"og:image:type\" content=\"image\/jpeg\" \/>\n<meta name=\"twitter:card\" content=\"summary_large_image\" \/>\n<meta name=\"twitter:site\" content=\"@CEC_Rosario\" \/>\n<meta name=\"twitter:label1\" content=\"Tiempo de lectura\" \/>\n\t<meta name=\"twitter:data1\" content=\"1 minuto\" \/>\n<script type=\"application\/ld+json\" class=\"yoast-schema-graph\">{\"@context\":\"https:\\\/\\\/schema.org\",\"@graph\":[{\"@type\":\"WebPage\",\"@id\":\"https:\\\/\\\/www.cecrosario.gob.ar\\\/index.php\\\/events\\\/feria-vintage-xxl\\\/\",\"url\":\"https:\\\/\\\/www.cecrosario.gob.ar\\\/index.php\\\/events\\\/feria-vintage-xxl\\\/\",\"name\":\"Feria Vintage XXL - CEC\",\"isPartOf\":{\"@id\":\"https:\\\/\\\/www.cecrosario.gob.ar\\\/#website\"},\"primaryImageOfPage\":{\"@id\":\"https:\\\/\\\/www.cecrosario.gob.ar\\\/index.php\\\/events\\\/feria-vintage-xxl\\\/#primaryimage\"},\"image\":{\"@id\":\"https:\\\/\\\/www.cecrosario.gob.ar\\\/index.php\\\/events\\\/feria-vintage-xxl\\\/#primaryimage\"},\"thumbnailUrl\":\"https:\\\/\\\/www.cecrosario.gob.ar\\\/wp-content\\\/uploads\\\/2023\\\/08\\\/5-scaled.jpg\",\"datePublished\":\"2023-08-22T16:32:30+00:00\",\"dateModified\":\"2023-08-23T17:21:00+00:00\",\"breadcrumb\":{\"@id\":\"https:\\\/\\\/www.cecrosario.gob.ar\\\/index.php\\\/events\\\/feria-vintage-xxl\\\/#breadcrumb\"},\"inLanguage\":\"es\",\"potentialAction\":[{\"@type\":\"ReadAction\",\"target\":[\"https:\\\/\\\/www.cecrosario.gob.ar\\\/index.php\\\/events\\\/feria-vintage-xxl\\\/\"]}]},{\"@type\":\"ImageObject\",\"inLanguage\":\"es\",\"@id\":\"https:\\\/\\\/www.cecrosario.gob.ar\\\/index.php\\\/events\\\/feria-vintage-xxl\\\/#primaryimage\",\"url\":\"https:\\\/\\\/www.cecrosario.gob.ar\\\/wp-content\\\/uploads\\\/2023\\\/08\\\/5-scaled.jpg\",\"contentUrl\":\"https:\\\/\\\/www.cecrosario.gob.ar\\\/wp-content\\\/uploads\\\/2023\\\/08\\\/5-scaled.jpg\",\"width\":2560,\"height\":1702},{\"@type\":\"BreadcrumbList\",\"@id\":\"https:\\\/\\\/www.cecrosario.gob.ar\\\/index.php\\\/events\\\/feria-vintage-xxl\\\/#breadcrumb\",\"itemListElement\":[{\"@type\":\"ListItem\",\"position\":1,\"name\":\"Portada\",\"item\":\"https:\\\/\\\/www.cecrosario.gob.ar\\\/\"},{\"@type\":\"ListItem\",\"position\":2,\"name\":\"Eventos\",\"item\":\"https:\\\/\\\/www.cecrosario.gob.ar\\\/index.php\\\/events\\\/\"},{\"@type\":\"ListItem\",\"position\":3,\"name\":\"Feria Vintage XXL\"}]},{\"@type\":\"WebSite\",\"@id\":\"https:\\\/\\\/www.cecrosario.gob.ar\\\/#website\",\"url\":\"https:\\\/\\\/www.cecrosario.gob.ar\\\/\",\"name\":\"CEC\",\"description\":\"\",\"publisher\":{\"@id\":\"https:\\\/\\\/www.cecrosario.gob.ar\\\/#organization\"},\"potentialAction\":[{\"@type\":\"SearchAction\",\"target\":{\"@type\":\"EntryPoint\",\"urlTemplate\":\"https:\\\/\\\/www.cecrosario.gob.ar\\\/?s={search_term_string}\"},\"query-input\":{\"@type\":\"PropertyValueSpecification\",\"valueRequired\":true,\"valueName\":\"search_term_string\"}}],\"inLanguage\":\"es\"},{\"@type\":\"Organization\",\"@id\":\"https:\\\/\\\/www.cecrosario.gob.ar\\\/#organization\",\"name\":\"CEC Rosario\",\"url\":\"https:\\\/\\\/www.cecrosario.gob.ar\\\/\",\"logo\":{\"@type\":\"ImageObject\",\"inLanguage\":\"es\",\"@id\":\"https:\\\/\\\/www.cecrosario.gob.ar\\\/#\\\/schema\\\/logo\\\/image\\\/\",\"url\":\"https:\\\/\\\/www.cecrosario.gob.ar\\\/wp-content\\\/uploads\\\/2021\\\/08\\\/cec-01.png\",\"contentUrl\":\"https:\\\/\\\/www.cecrosario.gob.ar\\\/wp-content\\\/uploads\\\/2021\\\/08\\\/cec-01.png\",\"width\":2000,\"height\":976,\"caption\":\"CEC Rosario\"},\"image\":{\"@id\":\"https:\\\/\\\/www.cecrosario.gob.ar\\\/#\\\/schema\\\/logo\\\/image\\\/\"},\"sameAs\":[\"https:\\\/\\\/www.facebook.com\\\/centrodeexpresionescontemporaneas\",\"https:\\\/\\\/x.com\\\/CEC_Rosario\",\"https:\\\/\\\/www.instagram.com\\\/cec_rosario\\\/\"]}]}<\/script>\n<!-- \/ Yoast SEO plugin. -->","yoast_head_json":{"title":"Feria Vintage XXL - CEC","robots":{"index":"index","follow":"follow","max-snippet":"max-snippet:-1","max-image-preview":"max-image-preview:large","max-video-preview":"max-video-preview:-1"},"canonical":"https:\/\/www.cecrosario.gob.ar\/index.php\/events\/feria-vintage-xxl\/","og_locale":"es_ES","og_type":"article","og_title":"Feria Vintage XXL - CEC","og_description":"Enorme la feria Vintage de este mes! Las naves de El CEC se llenan de prendas y percheros para ofrecerte una hermosa tarde, acompa\u00f1ada musicalizada por el conocido de casa DJ Hern\u00e1n Altamirano. S\u00e1bado 26 de Agosto de 15:00 a 19:00 hrs Los participantes de esta edici\u00f3n: \u00a0Back to the future \u00a0Betty &amp; Co \u00a0A puro vintage \u00a0Chi Retro \u00a0Feria movil \u00a0Akane \u00a0Domi star \u00a0JJ americana \u00a0Skyle \u00a0Pulsar \u00a0Mima \u00a0Chaco \u00a0Plumeti \u00a0Yo, nosotres \u00a0Romance Local \u00a0Vestite De Rosas \u00a0Arroparte \u00a0Vlinder Shop \u00a0T\u00e9 Rojo Feria \u00a0Friki cheto \u00a0Pilcha Squad \u00a0DramaticaMente \u00a0Dismorfia \u00a0Colorado \u00a0Maitri \u00a0kombu \u00a0Gebo \u00a0Wabi-Wave Tienda \u00a0Oriana Portales circular","og_url":"https:\/\/www.cecrosario.gob.ar\/index.php\/events\/feria-vintage-xxl\/","og_site_name":"CEC","article_publisher":"https:\/\/www.facebook.com\/centrodeexpresionescontemporaneas","article_modified_time":"2023-08-23T17:21:00+00:00","og_image":[{"width":2560,"height":1702,"url":"https:\/\/www.cecrosario.gob.ar\/wp-content\/uploads\/2023\/08\/5-scaled.jpg","type":"image\/jpeg"}],"twitter_card":"summary_large_image","twitter_site":"@CEC_Rosario","twitter_misc":{"Tiempo de lectura":"1 minuto"},"schema":{"@context":"https:\/\/schema.org","@graph":[{"@type":"WebPage","@id":"https:\/\/www.cecrosario.gob.ar\/index.php\/events\/feria-vintage-xxl\/","url":"https:\/\/www.cecrosario.gob.ar\/index.php\/events\/feria-vintage-xxl\/","name":"Feria Vintage XXL - CEC","isPartOf":{"@id":"https:\/\/www.cecrosario.gob.ar\/#website"},"primaryImageOfPage":{"@id":"https:\/\/www.cecrosario.gob.ar\/index.php\/events\/feria-vintage-xxl\/#primaryimage"},"image":{"@id":"https:\/\/www.cecrosario.gob.ar\/index.php\/events\/feria-vintage-xxl\/#primaryimage"},"thumbnailUrl":"https:\/\/www.cecrosario.gob.ar\/wp-content\/uploads\/2023\/08\/5-scaled.jpg","datePublished":"2023-08-22T16:32:30+00:00","dateModified":"2023-08-23T17:21:00+00:00","breadcrumb":{"@id":"https:\/\/www.cecrosario.gob.ar\/index.php\/events\/feria-vintage-xxl\/#breadcrumb"},"inLanguage":"es","potentialAction":[{"@type":"ReadAction","target":["https:\/\/www.cecrosario.gob.ar\/index.php\/events\/feria-vintage-xxl\/"]}]},{"@type":"ImageObject","inLanguage":"es","@id":"https:\/\/www.cecrosario.gob.ar\/index.php\/events\/feria-vintage-xxl\/#primaryimage","url":"https:\/\/www.cecrosario.gob.ar\/wp-content\/uploads\/2023\/08\/5-scaled.jpg","contentUrl":"https:\/\/www.cecrosario.gob.ar\/wp-content\/uploads\/2023\/08\/5-scaled.jpg","width":2560,"height":1702},{"@type":"BreadcrumbList","@id":"https:\/\/www.cecrosario.gob.ar\/index.php\/events\/feria-vintage-xxl\/#breadcrumb","itemListElement":[{"@type":"ListItem","position":1,"name":"Portada","item":"https:\/\/www.cecrosario.gob.ar\/"},{"@type":"ListItem","position":2,"name":"Eventos","item":"https:\/\/www.cecrosario.gob.ar\/index.php\/events\/"},{"@type":"ListItem","position":3,"name":"Feria Vintage XXL"}]},{"@type":"WebSite","@id":"https:\/\/www.cecrosario.gob.ar\/#website","url":"https:\/\/www.cecrosario.gob.ar\/","name":"CEC","description":"","publisher":{"@id":"https:\/\/www.cecrosario.gob.ar\/#organization"},"potentialAction":[{"@type":"SearchAction","target":{"@type":"EntryPoint","urlTemplate":"https:\/\/www.cecrosario.gob.ar\/?s={search_term_string}"},"query-input":{"@type":"PropertyValueSpecification","valueRequired":true,"valueName":"search_term_string"}}],"inLanguage":"es"},{"@type":"Organization","@id":"https:\/\/www.cecrosario.gob.ar\/#organization","name":"CEC Rosario","url":"https:\/\/www.cecrosario.gob.ar\/","logo":{"@type":"ImageObject","inLanguage":"es","@id":"https:\/\/www.cecrosario.gob.ar\/#\/schema\/logo\/image\/","url":"https:\/\/www.cecrosario.gob.ar\/wp-content\/uploads\/2021\/08\/cec-01.png","contentUrl":"https:\/\/www.cecrosario.gob.ar\/wp-content\/uploads\/2021\/08\/cec-01.png","width":2000,"height":976,"caption":"CEC Rosario"},"image":{"@id":"https:\/\/www.cecrosario.gob.ar\/#\/schema\/logo\/image\/"},"sameAs":["https:\/\/www.facebook.com\/centrodeexpresionescontemporaneas","https:\/\/x.com\/CEC_Rosario","https:\/\/www.instagram.com\/cec_rosario\/"]}]}},"_links":{"self":[{"href":"https:\/\/www.cecrosario.gob.ar\/index.php\/wp-json\/wp\/v2\/mec-events\/2261","targetHints":{"allow":["GET"]}}],"collection":[{"href":"https:\/\/www.cecrosario.gob.ar\/index.php\/wp-json\/wp\/v2\/mec-events"}],"about":[{"href":"https:\/\/www.cecrosario.gob.ar\/index.php\/wp-json\/wp\/v2\/types\/mec-events"}],"author":[{"embeddable":true,"href":"https:\/\/www.cecrosario.gob.ar\/index.php\/wp-json\/wp\/v2\/users\/3"}],"replies":[{"embeddable":true,"href":"https:\/\/www.cecrosario.gob.ar\/index.php\/wp-json\/wp\/v2\/comments?post=2261"}],"wp:featuredmedia":[{"embeddable":true,"href":"https:\/\/www.cecrosario.gob.ar\/index.php\/wp-json\/wp\/v2\/media\/2262"}],"wp:attachment":[{"href":"https:\/\/www.cecrosario.gob.ar\/index.php\/wp-json\/wp\/v2\/media?parent=2261"}],"wp:term":[{"taxonomy":"post_tag","embeddable":true,"href":"https:\/\/www.cecrosario.gob.ar\/index.php\/wp-json\/wp\/v2\/tags?post=2261"},{"taxonomy":"mec_category","embeddable":true,"href":"https:\/\/www.cecrosario.gob.ar\/index.php\/wp-json\/wp\/v2\/mec_category?post=2261"}],"curies":[{"name":"wp","href":"https:\/\/api.w.org\/{rel}","templated":true}]}}