{"id":1545,"date":"2022-05-12T17:05:38","date_gmt":"2022-05-12T20:05:38","guid":{"rendered":"https:\/\/www.cecrosario.gob.ar\/?post_type=mec-events&#038;p=1545"},"modified":"2022-05-19T11:37:47","modified_gmt":"2022-05-19T14:37:47","slug":"microferia-de-arte-rosario","status":"publish","type":"mec-events","link":"https:\/\/www.cecrosario.gob.ar\/index.php\/events\/microferia-de-arte-rosario\/","title":{"rendered":"<b>MicroFeria de Arte Rosario<\/b> <br> Sexta edici\u00f3n"},"content":{"rendered":"<p><span style=\"font-family: Georgia, Palatino; font-size: 12pt;\">Llega una nueva edici\u00f3n de MicroFeria de Arte Rosario a El CEC. Del 26 al 28 de mayo de 15hs a 20hs te invitamos a recorrer galer\u00edas de arte de todo el pa\u00eds. Inauguraci\u00f3n Jueves 26 &#8211; 19hs con un recital en vivo de Manu Pir\u00f3.<\/span><\/p>\n<div class=\"panel-separator\"><span style=\"font-size: 12pt; font-family: Georgia, Palatino;\">MicroFeria ofrece un espacio a galer\u00edas de arte que resultaron seleccionadas a trav\u00e9s de esta convocatoria que fue nacional y abierta bajo el eje curatorial<em> Nuevas amistades<\/em>. A su vez, se perfila como un encuentro para repensar distintos aspectos del arte contempor\u00e1neo y continuar impulsando la producci\u00f3n art\u00edstica de Rosario. Cuenta con 15 stands que albergan a 30 galer\u00edas de diferentes lugares del pa\u00eds.<\/span><\/div>\n<div><span style=\"font-family: Georgia, Palatino; font-size: 12pt;\">El objetivo es que las galer\u00edas participantes no est\u00e9n confinadas a un espacio cerrado sino que est\u00e9n abiertas a su entorno, lo que hace que su visibilidad sea \u00f3ptima desde casi cualquier punto del espacio.<\/span><\/div>\n<div><\/div>\n<div>\n<p><span style=\"font-family: Georgia, Palatino; font-size: 12pt;\">En esta edici\u00f3n participan las galer\u00edas:<\/span><\/p>\n<p><span style=\"font-family: Georgia, Palatino; font-size: 12pt;\">&#8211; Ruth Benzacar Galer\u00eda de Arte (Caba) + PM Galer\u00eda (Caba)<\/span><br \/>\n<span style=\"font-family: Georgia, Palatino; font-size: 12pt;\">&#8211; Galer\u00eda Grasa (Caba) + Pionera (Pinamar)<\/span><br \/>\n<span style=\"font-family: Georgia, Palatino; font-size: 12pt;\">&#8211; Ac\u00e9fala (Caba) + La Imagen Accesible (Mendoza)<\/span><br \/>\n<span style=\"font-family: Georgia, Palatino; font-size: 12pt;\">&#8211; Diego Obligado Galer\u00eda de Arte (Rosario) + Piedras (Caba)<\/span><br \/>\n<span style=\"font-family: Georgia, Palatino; font-size: 12pt;\">&#8211; Sputnik (Caba) + Julio Artist-Run Space (Par\u00eds)<\/span><br \/>\n<span style=\"font-family: Georgia, Palatino; font-size: 12pt;\">&#8211; El Mirador (Caba) + Moria Galer\u00eda (Caba)<\/span><br \/>\n<span style=\"font-family: Georgia, Palatino; font-size: 12pt;\">&#8211; Luogo (Rafaela) + Fulana (Taf\u00ed Viejo, Tucum\u00e1n)<\/span><br \/>\n<span style=\"font-family: Georgia, Palatino; font-size: 12pt;\">&#8211; Esaa (Unquillo, C\u00f3rdoba) + Abre (C\u00f3rdoba)<\/span><br \/>\n<span style=\"font-family: Georgia, Palatino; font-size: 12pt;\">&#8211; Mar\u00eda Casado (Beccar, Bs As) + Remota (Salta)<\/span><br \/>\n<span style=\"font-family: Georgia, Palatino; font-size: 12pt;\">&#8211; Subsuelo (Rosario) + Miranda Bosch Gallery (Caba)<\/span><br \/>\n<span style=\"font-family: Georgia, Palatino; font-size: 12pt;\">&#8211; Sat\u00e9lite (C\u00f3rdoba) + La Arte contempor\u00e1nea (Salta)<\/span><br \/>\n<span style=\"font-family: Georgia, Palatino; font-size: 12pt;\">&#8211; Herlitzka+Faria (Caba) + Hache (Caba)<\/span><br \/>\n<span style=\"font-family: Georgia, Palatino; font-size: 12pt;\">&#8211; Crudo (Rosario) + Quimera (Caba)<\/span><br \/>\n<span style=\"font-family: Georgia, Palatino; font-size: 12pt;\">&#8211; Desmayo (Rosario) + Rivoire (Rosario)<\/span><br \/>\n<span style=\"font-family: Georgia, Palatino; font-size: 12pt;\">&#8211; eSTUDIOG (Rosario) + Selvanegra (Caba)<\/span><\/p>\n<\/div>\n<div><\/div>\n<div><\/div>\n<div><\/div>\n<div class=\"panel-pane pane-entity-field pane-node-field-texto actividadesdetail mb30\">\n<div class=\"contenedor-paginas-relacionadas\">\n<div class=\"pane-content\">\n<blockquote><p><strong><span style=\"font-size: 16px; font-family: Georgia, Palatino;\">Del 26 al 28 de mayo. Entrada libre y gratuita.<\/span><\/strong><\/p><\/blockquote>\n<div class=\"field field-name-field-texto field-type-text-long field-label-hidden\">\n<div class=\"field-items\">\n<div class=\"field-item even\">\n<p>&nbsp;<\/p>\n<p><span style=\"font-family: Georgia, Palatino; font-size: 12pt;\"><strong>PROGRAMACI\u00d3N<\/strong><\/span><\/p>\n<p><span style=\"font-family: Georgia, Palatino; font-size: 12pt;\"><strong>Jueves 26 de mayo<\/strong><\/span><\/p>\n<p><span style=\"font-family: Georgia, Palatino; font-size: 12pt;\">15 hs | CEC<\/span><br \/>\n<span style=\"font-family: Georgia, Palatino; font-size: 12pt;\">Apertura | MicroFeria de Arte Rosario 2022<\/span><\/p>\n<p><span style=\"font-family: Georgia, Palatino; font-size: 12pt;\">19 hs | CEC<\/span><br \/>\n<span style=\"font-family: Georgia, Palatino; font-size: 12pt;\">Acto de apertura MicroFeria de Arte Rosario 2022 + <\/span><span style=\"font-family: Georgia, Palatino; font-size: 12pt;\">Recital de Manu Pir\u00f3<\/span><\/p>\n<p><span style=\"font-family: Georgia, Palatino; font-size: 12pt;\"><strong>Viernes 27 de mayo<\/strong><\/span><\/p>\n<p><span style=\"font-family: Georgia, Palatino; font-size: 12pt;\">15 hs | CEC<\/span><br \/>\n<span style=\"font-family: Georgia, Palatino; font-size: 12pt;\">Apertura | MicroFeria de Arte Rosario 2022<\/span><\/p>\n<p><span style=\"font-family: Georgia, Palatino; font-size: 12pt;\">15 hs | Galp\u00f3n 11<\/span><br \/>\n<span style=\"font-family: Georgia, Palatino; font-size: 12pt;\">Apertura Tinta Papel Ribera<\/span><\/p>\n<p><span style=\"font-family: Georgia, Palatino; font-size: 12pt;\">18 hs | CEC Vinilo Caf\u00e9<\/span><br \/>\n<em>Amistad con intereses:<\/em> Estrategias de integraci\u00f3n al circuito del arte<br \/>\nConversan: Ana Let\u00edcia Fialho (Ana Let\u00edcia Fialho, s\u00f3cia directora de Al\u00e9m Consultor\u00eda em Cultura, investigadora experta en el mercado de arte, consultora de inteligencia comercial para la Plataforma Latitude: Programa de Promoci\u00f3n de las Galer\u00edas Brasile\u00f1as en el Exterior), Violeta Quesada (MERIDIANO: C\u00e1mara Argentina de Galer\u00edas de Arte Contempor\u00e1neo), Diego Obligado (GIRO: circuito de galer\u00edas Rosario) y Roberto Echen (Curador MicroFeria de Arte Rosario).<\/p>\n<p><span style=\"font-family: Georgia, Palatino; font-size: 12pt;\">19 hs | CEC Vinilo Caf\u00e9<\/span><br \/>\n<span style=\"font-family: Georgia, Palatino; font-size: 12pt;\"><em>Historia de una ida y varias vueltas.<\/em> Charla perform\u00e1tica por Facundo Diaz<\/span><br \/>\n<span style=\"font-family: Georgia, Palatino; font-size: 12pt;\">Es una charla que habla sobre los viajes de Facundo Diaz como artista y gestor por diferentes ciudades del pa\u00eds durante el per\u00edodo 2015 &#8211; 2022 dando cuenta desde sus experiencias atravesadas por el arte, la gesti\u00f3n y la poes\u00eda sobre las redes afectivas, diferentes escenas, busc\u00e1ndole sentido a trav\u00e9s de las pr\u00e1cticas a la historia del arte m\u00e1s reciente.<\/span><\/p>\n<\/div>\n<\/div>\n<\/div>\n<\/div>\n<\/div>\n<\/div>\n<p><span style=\"font-family: Georgia, Palatino; font-size: 12pt;\"><strong>S\u00e1bado\u00a028 de mayo<\/strong><\/span><\/p>\n<ul>\n<li><span style=\"font-family: Georgia, Palatino; font-size: 12pt;\">15 hs | CEC &#8211; Apertura | MicroFeria de Arte Rosario 2022<\/span><\/li>\n<li><span style=\"font-family: Georgia, Palatino; font-size: 12pt;\">15 hs | Galp\u00f3n 11 &#8211; Apertura Tinta Papel Ribera<\/span><\/li>\n<\/ul>\n<div class=\"panel-pane pane-entity-field pane-node-field-texto actividadesdetail mb30\">\n<div class=\"contenedor-paginas-relacionadas\">\n<p>&nbsp;<\/p>\n<p>&nbsp;<\/p>\n<\/div>\n<\/div>\n<p>&nbsp;<\/p>\n<p>&nbsp;<\/p>\n","protected":false},"excerpt":{"rendered":"<p>Llega una nueva edici\u00f3n de MicroFeria de Arte Rosario a El CEC. Del 26 al 28 de mayo de 15hs a 20hs te invitamos a recorrer galer\u00edas de arte de todo el pa\u00eds. Inauguraci\u00f3n Jueves 26 &#8211; 19hs con un recital en vivo de Manu Pir\u00f3. MicroFeria ofrece un espacio a galer\u00edas de arte que resultaron seleccionadas a trav\u00e9s de esta convocatoria que fue nacional y abierta bajo el eje curatorial Nuevas amistades. A su vez, se perfila como un encuentro para repensar distintos aspectos del arte contempor\u00e1neo y continuar impulsando la producci\u00f3n art\u00edstica de Rosario. Cuenta con 15 stands que albergan a 30 galer\u00edas de diferentes lugares del pa\u00eds. El objetivo es que las galer\u00edas participantes no est\u00e9n confinadas a un espacio cerrado sino que est\u00e9n abiertas a su entorno, lo que hace que su visibilidad sea \u00f3ptima desde casi cualquier punto del espacio. En esta edici\u00f3n participan las galer\u00edas: &#8211; Ruth Benzacar Galer\u00eda de Arte (Caba) + PM Galer\u00eda (Caba) &#8211; Galer\u00eda Grasa (Caba) + Pionera (Pinamar) &#8211; Ac\u00e9fala (Caba) + La Imagen Accesible (Mendoza) &#8211; Diego Obligado Galer\u00eda de Arte (Rosario) + Piedras (Caba) &#8211; Sputnik (Caba) + Julio Artist-Run Space (Par\u00eds) &#8211; El Mirador (Caba) + Moria Galer\u00eda (Caba) &#8211; Luogo (Rafaela) + Fulana (Taf\u00ed Viejo, Tucum\u00e1n) &#8211; Esaa (Unquillo, C\u00f3rdoba) + Abre (C\u00f3rdoba) &#8211; Mar\u00eda Casado (Beccar, Bs As) + Remota (Salta) &#8211; Subsuelo (Rosario) + Miranda Bosch Gallery (Caba) &#8211; Sat\u00e9lite (C\u00f3rdoba) + La Arte contempor\u00e1nea (Salta) &#8211; Herlitzka+Faria (Caba) + Hache (Caba) &#8211; Crudo (Rosario) + Quimera (Caba) &#8211; Desmayo (Rosario) + Rivoire (Rosario) &#8211; eSTUDIOG (Rosario) + Selvanegra (Caba) Del 26 al 28 de mayo. Entrada libre y gratuita. &nbsp; PROGRAMACI\u00d3N Jueves 26 de mayo 15 hs | CEC Apertura | MicroFeria de Arte Rosario 2022 19 hs | CEC Acto de apertura MicroFeria de Arte Rosario 2022 + Recital de Manu Pir\u00f3 Viernes 27 de mayo 15 hs | CEC Apertura | MicroFeria de Arte Rosario 2022 15 hs | Galp\u00f3n 11 Apertura Tinta Papel Ribera 18 hs | CEC Vinilo Caf\u00e9 Amistad con intereses: Estrategias de integraci\u00f3n al circuito del arte Conversan: Ana Let\u00edcia Fialho (Ana Let\u00edcia Fialho, s\u00f3cia directora de Al\u00e9m Consultor\u00eda em Cultura, investigadora experta en el mercado de arte, consultora de inteligencia comercial para la Plataforma Latitude: Programa de Promoci\u00f3n de las Galer\u00edas Brasile\u00f1as en el Exterior), Violeta Quesada (MERIDIANO: C\u00e1mara Argentina de Galer\u00edas de Arte Contempor\u00e1neo), Diego Obligado (GIRO: circuito de galer\u00edas Rosario) y Roberto Echen (Curador MicroFeria de Arte Rosario). 19 hs | CEC Vinilo Caf\u00e9 Historia de una ida y varias vueltas. Charla perform\u00e1tica por Facundo Diaz Es una charla que habla sobre los viajes de Facundo Diaz como artista y gestor por diferentes ciudades del pa\u00eds durante el per\u00edodo 2015 &#8211; 2022 dando cuenta desde sus experiencias atravesadas por el arte, la gesti\u00f3n y la poes\u00eda sobre las redes afectivas, diferentes escenas, busc\u00e1ndole sentido a trav\u00e9s de las pr\u00e1cticas a la historia del arte m\u00e1s reciente. S\u00e1bado\u00a028 de mayo 15 hs | CEC &#8211; Apertura | MicroFeria de Arte Rosario 2022 15 hs | Galp\u00f3n 11 &#8211; Apertura Tinta Papel Ribera &nbsp; &nbsp; &nbsp; &nbsp;<\/p>\n","protected":false},"author":3,"featured_media":1546,"comment_status":"closed","ping_status":"closed","template":"","meta":{"_monsterinsights_skip_tracking":false,"_monsterinsights_sitenote_active":false,"_monsterinsights_sitenote_note":"","_monsterinsights_sitenote_category":0,"site-sidebar-layout":"default","site-content-layout":"default","ast-site-content-layout":"","site-content-style":"default","site-sidebar-style":"default","ast-global-header-display":"","ast-banner-title-visibility":"","ast-main-header-display":"","ast-hfb-above-header-display":"","ast-hfb-below-header-display":"","ast-hfb-mobile-header-display":"","site-post-title":"","ast-breadcrumbs-content":"","ast-featured-img":"","footer-sml-layout":"","theme-transparent-header-meta":"default","adv-header-id-meta":"","stick-header-meta":"","header-above-stick-meta":"","header-main-stick-meta":"","header-below-stick-meta":"","astra-migrate-meta-layouts":"default","ast-page-background-enabled":"default","ast-page-background-meta":{"desktop":{"background-color":"var(--ast-global-color-4)","background-image":"","background-repeat":"repeat","background-position":"center center","background-size":"auto","background-attachment":"scroll","background-type":"","background-media":"","overlay-type":"","overlay-color":"","overlay-opacity":"","overlay-gradient":""},"tablet":{"background-color":"","background-image":"","background-repeat":"repeat","background-position":"center center","background-size":"auto","background-attachment":"scroll","background-type":"","background-media":"","overlay-type":"","overlay-color":"","overlay-opacity":"","overlay-gradient":""},"mobile":{"background-color":"","background-image":"","background-repeat":"repeat","background-position":"center center","background-size":"auto","background-attachment":"scroll","background-type":"","background-media":"","overlay-type":"","overlay-color":"","overlay-opacity":"","overlay-gradient":""}},"ast-content-background-meta":{"desktop":{"background-color":"var(--ast-global-color-5)","background-image":"","background-repeat":"repeat","background-position":"center center","background-size":"auto","background-attachment":"scroll","background-type":"","background-media":"","overlay-type":"","overlay-color":"","overlay-opacity":"","overlay-gradient":""},"tablet":{"background-color":"var(--ast-global-color-5)","background-image":"","background-repeat":"repeat","background-position":"center center","background-size":"auto","background-attachment":"scroll","background-type":"","background-media":"","overlay-type":"","overlay-color":"","overlay-opacity":"","overlay-gradient":""},"mobile":{"background-color":"var(--ast-global-color-5)","background-image":"","background-repeat":"repeat","background-position":"center center","background-size":"auto","background-attachment":"scroll","background-type":"","background-media":"","overlay-type":"","overlay-color":"","overlay-opacity":"","overlay-gradient":""}}},"tags":[],"mec_category":[5,6],"class_list":["post-1545","mec-events","type-mec-events","status-publish","has-post-thumbnail","hentry","mec_category-agenda","mec_category-destacado"],"yoast_head":"<!-- This site is optimized with the Yoast SEO plugin v27.4 - https:\/\/yoast.com\/product\/yoast-seo-wordpress\/ -->\n<title>MicroFeria de Arte Rosario - CEC<\/title>\n<meta name=\"robots\" content=\"index, follow, max-snippet:-1, max-image-preview:large, max-video-preview:-1\" \/>\n<link rel=\"canonical\" href=\"https:\/\/www.cecrosario.gob.ar\/index.php\/events\/microferia-de-arte-rosario\/\" \/>\n<meta property=\"og:locale\" content=\"es_ES\" \/>\n<meta property=\"og:type\" content=\"article\" \/>\n<meta property=\"og:title\" content=\"MicroFeria de Arte Rosario - CEC\" \/>\n<meta property=\"og:description\" content=\"Llega una nueva edici\u00f3n de MicroFeria de Arte Rosario a El CEC. Del 26 al 28 de mayo de 15hs a 20hs te invitamos a recorrer galer\u00edas de arte de todo el pa\u00eds. Inauguraci\u00f3n Jueves 26 &#8211; 19hs con un recital en vivo de Manu Pir\u00f3. MicroFeria ofrece un espacio a galer\u00edas de arte que resultaron seleccionadas a trav\u00e9s de esta convocatoria que fue nacional y abierta bajo el eje curatorial Nuevas amistades. A su vez, se perfila como un encuentro para repensar distintos aspectos del arte contempor\u00e1neo y continuar impulsando la producci\u00f3n art\u00edstica de Rosario. Cuenta con 15 stands que albergan a 30 galer\u00edas de diferentes lugares del pa\u00eds. El objetivo es que las galer\u00edas participantes no est\u00e9n confinadas a un espacio cerrado sino que est\u00e9n abiertas a su entorno, lo que hace que su visibilidad sea \u00f3ptima desde casi cualquier punto del espacio. En esta edici\u00f3n participan las galer\u00edas: &#8211; Ruth Benzacar Galer\u00eda de Arte (Caba) + PM Galer\u00eda (Caba) &#8211; Galer\u00eda Grasa (Caba) + Pionera (Pinamar) &#8211; Ac\u00e9fala (Caba) + La Imagen Accesible (Mendoza) &#8211; Diego Obligado Galer\u00eda de Arte (Rosario) + Piedras (Caba) &#8211; Sputnik (Caba) + Julio Artist-Run Space (Par\u00eds) &#8211; El Mirador (Caba) + Moria Galer\u00eda (Caba) &#8211; Luogo (Rafaela) + Fulana (Taf\u00ed Viejo, Tucum\u00e1n) &#8211; Esaa (Unquillo, C\u00f3rdoba) + Abre (C\u00f3rdoba) &#8211; Mar\u00eda Casado (Beccar, Bs As) + Remota (Salta) &#8211; Subsuelo (Rosario) + Miranda Bosch Gallery (Caba) &#8211; Sat\u00e9lite (C\u00f3rdoba) + La Arte contempor\u00e1nea (Salta) &#8211; Herlitzka+Faria (Caba) + Hache (Caba) &#8211; Crudo (Rosario) + Quimera (Caba) &#8211; Desmayo (Rosario) + Rivoire (Rosario) &#8211; eSTUDIOG (Rosario) + Selvanegra (Caba) Del 26 al 28 de mayo. Entrada libre y gratuita. &nbsp; PROGRAMACI\u00d3N Jueves 26 de mayo 15 hs | CEC Apertura | MicroFeria de Arte Rosario 2022 19 hs | CEC Acto de apertura MicroFeria de Arte Rosario 2022 + Recital de Manu Pir\u00f3 Viernes 27 de mayo 15 hs | CEC Apertura | MicroFeria de Arte Rosario 2022 15 hs | Galp\u00f3n 11 Apertura Tinta Papel Ribera 18 hs | CEC Vinilo Caf\u00e9 Amistad con intereses: Estrategias de integraci\u00f3n al circuito del arte Conversan: Ana Let\u00edcia Fialho (Ana Let\u00edcia Fialho, s\u00f3cia directora de Al\u00e9m Consultor\u00eda em Cultura, investigadora experta en el mercado de arte, consultora de inteligencia comercial para la Plataforma Latitude: Programa de Promoci\u00f3n de las Galer\u00edas Brasile\u00f1as en el Exterior), Violeta Quesada (MERIDIANO: C\u00e1mara Argentina de Galer\u00edas de Arte Contempor\u00e1neo), Diego Obligado (GIRO: circuito de galer\u00edas Rosario) y Roberto Echen (Curador MicroFeria de Arte Rosario). 19 hs | CEC Vinilo Caf\u00e9 Historia de una ida y varias vueltas. Charla perform\u00e1tica por Facundo Diaz Es una charla que habla sobre los viajes de Facundo Diaz como artista y gestor por diferentes ciudades del pa\u00eds durante el per\u00edodo 2015 &#8211; 2022 dando cuenta desde sus experiencias atravesadas por el arte, la gesti\u00f3n y la poes\u00eda sobre las redes afectivas, diferentes escenas, busc\u00e1ndole sentido a trav\u00e9s de las pr\u00e1cticas a la historia del arte m\u00e1s reciente. S\u00e1bado\u00a028 de mayo 15 hs | CEC &#8211; Apertura | MicroFeria de Arte Rosario 2022 15 hs | Galp\u00f3n 11 &#8211; Apertura Tinta Papel Ribera &nbsp; &nbsp; &nbsp; &nbsp;\" \/>\n<meta property=\"og:url\" content=\"https:\/\/www.cecrosario.gob.ar\/index.php\/events\/microferia-de-arte-rosario\/\" \/>\n<meta property=\"og:site_name\" content=\"CEC\" \/>\n<meta property=\"article:publisher\" content=\"https:\/\/www.facebook.com\/centrodeexpresionescontemporaneas\" \/>\n<meta property=\"article:modified_time\" content=\"2022-05-19T14:37:47+00:00\" \/>\n<meta property=\"og:image\" content=\"https:\/\/www.cecrosario.gob.ar\/wp-content\/uploads\/2022\/05\/arte-scaled.jpg\" \/>\n\t<meta property=\"og:image:width\" content=\"2560\" \/>\n\t<meta property=\"og:image:height\" content=\"1707\" \/>\n\t<meta property=\"og:image:type\" content=\"image\/jpeg\" \/>\n<meta name=\"twitter:card\" content=\"summary_large_image\" \/>\n<meta name=\"twitter:site\" content=\"@CEC_Rosario\" \/>\n<meta name=\"twitter:label1\" content=\"Tiempo de lectura\" \/>\n\t<meta name=\"twitter:data1\" content=\"3 minutos\" \/>\n<script type=\"application\/ld+json\" class=\"yoast-schema-graph\">{\"@context\":\"https:\\\/\\\/schema.org\",\"@graph\":[{\"@type\":\"WebPage\",\"@id\":\"https:\\\/\\\/www.cecrosario.gob.ar\\\/index.php\\\/events\\\/microferia-de-arte-rosario\\\/\",\"url\":\"https:\\\/\\\/www.cecrosario.gob.ar\\\/index.php\\\/events\\\/microferia-de-arte-rosario\\\/\",\"name\":\"MicroFeria de Arte Rosario - CEC\",\"isPartOf\":{\"@id\":\"https:\\\/\\\/www.cecrosario.gob.ar\\\/#website\"},\"primaryImageOfPage\":{\"@id\":\"https:\\\/\\\/www.cecrosario.gob.ar\\\/index.php\\\/events\\\/microferia-de-arte-rosario\\\/#primaryimage\"},\"image\":{\"@id\":\"https:\\\/\\\/www.cecrosario.gob.ar\\\/index.php\\\/events\\\/microferia-de-arte-rosario\\\/#primaryimage\"},\"thumbnailUrl\":\"https:\\\/\\\/www.cecrosario.gob.ar\\\/wp-content\\\/uploads\\\/2022\\\/05\\\/arte-scaled.jpg\",\"datePublished\":\"2022-05-12T20:05:38+00:00\",\"dateModified\":\"2022-05-19T14:37:47+00:00\",\"breadcrumb\":{\"@id\":\"https:\\\/\\\/www.cecrosario.gob.ar\\\/index.php\\\/events\\\/microferia-de-arte-rosario\\\/#breadcrumb\"},\"inLanguage\":\"es\",\"potentialAction\":[{\"@type\":\"ReadAction\",\"target\":[\"https:\\\/\\\/www.cecrosario.gob.ar\\\/index.php\\\/events\\\/microferia-de-arte-rosario\\\/\"]}]},{\"@type\":\"ImageObject\",\"inLanguage\":\"es\",\"@id\":\"https:\\\/\\\/www.cecrosario.gob.ar\\\/index.php\\\/events\\\/microferia-de-arte-rosario\\\/#primaryimage\",\"url\":\"https:\\\/\\\/www.cecrosario.gob.ar\\\/wp-content\\\/uploads\\\/2022\\\/05\\\/arte-scaled.jpg\",\"contentUrl\":\"https:\\\/\\\/www.cecrosario.gob.ar\\\/wp-content\\\/uploads\\\/2022\\\/05\\\/arte-scaled.jpg\",\"width\":2560,\"height\":1707},{\"@type\":\"BreadcrumbList\",\"@id\":\"https:\\\/\\\/www.cecrosario.gob.ar\\\/index.php\\\/events\\\/microferia-de-arte-rosario\\\/#breadcrumb\",\"itemListElement\":[{\"@type\":\"ListItem\",\"position\":1,\"name\":\"Portada\",\"item\":\"https:\\\/\\\/www.cecrosario.gob.ar\\\/\"},{\"@type\":\"ListItem\",\"position\":2,\"name\":\"Eventos\",\"item\":\"https:\\\/\\\/www.cecrosario.gob.ar\\\/index.php\\\/events\\\/\"},{\"@type\":\"ListItem\",\"position\":3,\"name\":\"MicroFeria de Arte Rosario\"}]},{\"@type\":\"WebSite\",\"@id\":\"https:\\\/\\\/www.cecrosario.gob.ar\\\/#website\",\"url\":\"https:\\\/\\\/www.cecrosario.gob.ar\\\/\",\"name\":\"CEC\",\"description\":\"\",\"publisher\":{\"@id\":\"https:\\\/\\\/www.cecrosario.gob.ar\\\/#organization\"},\"potentialAction\":[{\"@type\":\"SearchAction\",\"target\":{\"@type\":\"EntryPoint\",\"urlTemplate\":\"https:\\\/\\\/www.cecrosario.gob.ar\\\/?s={search_term_string}\"},\"query-input\":{\"@type\":\"PropertyValueSpecification\",\"valueRequired\":true,\"valueName\":\"search_term_string\"}}],\"inLanguage\":\"es\"},{\"@type\":\"Organization\",\"@id\":\"https:\\\/\\\/www.cecrosario.gob.ar\\\/#organization\",\"name\":\"CEC Rosario\",\"url\":\"https:\\\/\\\/www.cecrosario.gob.ar\\\/\",\"logo\":{\"@type\":\"ImageObject\",\"inLanguage\":\"es\",\"@id\":\"https:\\\/\\\/www.cecrosario.gob.ar\\\/#\\\/schema\\\/logo\\\/image\\\/\",\"url\":\"https:\\\/\\\/www.cecrosario.gob.ar\\\/wp-content\\\/uploads\\\/2021\\\/08\\\/cec-01.png\",\"contentUrl\":\"https:\\\/\\\/www.cecrosario.gob.ar\\\/wp-content\\\/uploads\\\/2021\\\/08\\\/cec-01.png\",\"width\":2000,\"height\":976,\"caption\":\"CEC Rosario\"},\"image\":{\"@id\":\"https:\\\/\\\/www.cecrosario.gob.ar\\\/#\\\/schema\\\/logo\\\/image\\\/\"},\"sameAs\":[\"https:\\\/\\\/www.facebook.com\\\/centrodeexpresionescontemporaneas\",\"https:\\\/\\\/x.com\\\/CEC_Rosario\",\"https:\\\/\\\/www.instagram.com\\\/cec_rosario\\\/\"]}]}<\/script>\n<!-- \/ Yoast SEO plugin. -->","yoast_head_json":{"title":"MicroFeria de Arte Rosario - CEC","robots":{"index":"index","follow":"follow","max-snippet":"max-snippet:-1","max-image-preview":"max-image-preview:large","max-video-preview":"max-video-preview:-1"},"canonical":"https:\/\/www.cecrosario.gob.ar\/index.php\/events\/microferia-de-arte-rosario\/","og_locale":"es_ES","og_type":"article","og_title":"MicroFeria de Arte Rosario - CEC","og_description":"Llega una nueva edici\u00f3n de MicroFeria de Arte Rosario a El CEC. Del 26 al 28 de mayo de 15hs a 20hs te invitamos a recorrer galer\u00edas de arte de todo el pa\u00eds. Inauguraci\u00f3n Jueves 26 &#8211; 19hs con un recital en vivo de Manu Pir\u00f3. MicroFeria ofrece un espacio a galer\u00edas de arte que resultaron seleccionadas a trav\u00e9s de esta convocatoria que fue nacional y abierta bajo el eje curatorial Nuevas amistades. A su vez, se perfila como un encuentro para repensar distintos aspectos del arte contempor\u00e1neo y continuar impulsando la producci\u00f3n art\u00edstica de Rosario. Cuenta con 15 stands que albergan a 30 galer\u00edas de diferentes lugares del pa\u00eds. El objetivo es que las galer\u00edas participantes no est\u00e9n confinadas a un espacio cerrado sino que est\u00e9n abiertas a su entorno, lo que hace que su visibilidad sea \u00f3ptima desde casi cualquier punto del espacio. En esta edici\u00f3n participan las galer\u00edas: &#8211; Ruth Benzacar Galer\u00eda de Arte (Caba) + PM Galer\u00eda (Caba) &#8211; Galer\u00eda Grasa (Caba) + Pionera (Pinamar) &#8211; Ac\u00e9fala (Caba) + La Imagen Accesible (Mendoza) &#8211; Diego Obligado Galer\u00eda de Arte (Rosario) + Piedras (Caba) &#8211; Sputnik (Caba) + Julio Artist-Run Space (Par\u00eds) &#8211; El Mirador (Caba) + Moria Galer\u00eda (Caba) &#8211; Luogo (Rafaela) + Fulana (Taf\u00ed Viejo, Tucum\u00e1n) &#8211; Esaa (Unquillo, C\u00f3rdoba) + Abre (C\u00f3rdoba) &#8211; Mar\u00eda Casado (Beccar, Bs As) + Remota (Salta) &#8211; Subsuelo (Rosario) + Miranda Bosch Gallery (Caba) &#8211; Sat\u00e9lite (C\u00f3rdoba) + La Arte contempor\u00e1nea (Salta) &#8211; Herlitzka+Faria (Caba) + Hache (Caba) &#8211; Crudo (Rosario) + Quimera (Caba) &#8211; Desmayo (Rosario) + Rivoire (Rosario) &#8211; eSTUDIOG (Rosario) + Selvanegra (Caba) Del 26 al 28 de mayo. Entrada libre y gratuita. &nbsp; PROGRAMACI\u00d3N Jueves 26 de mayo 15 hs | CEC Apertura | MicroFeria de Arte Rosario 2022 19 hs | CEC Acto de apertura MicroFeria de Arte Rosario 2022 + Recital de Manu Pir\u00f3 Viernes 27 de mayo 15 hs | CEC Apertura | MicroFeria de Arte Rosario 2022 15 hs | Galp\u00f3n 11 Apertura Tinta Papel Ribera 18 hs | CEC Vinilo Caf\u00e9 Amistad con intereses: Estrategias de integraci\u00f3n al circuito del arte Conversan: Ana Let\u00edcia Fialho (Ana Let\u00edcia Fialho, s\u00f3cia directora de Al\u00e9m Consultor\u00eda em Cultura, investigadora experta en el mercado de arte, consultora de inteligencia comercial para la Plataforma Latitude: Programa de Promoci\u00f3n de las Galer\u00edas Brasile\u00f1as en el Exterior), Violeta Quesada (MERIDIANO: C\u00e1mara Argentina de Galer\u00edas de Arte Contempor\u00e1neo), Diego Obligado (GIRO: circuito de galer\u00edas Rosario) y Roberto Echen (Curador MicroFeria de Arte Rosario). 19 hs | CEC Vinilo Caf\u00e9 Historia de una ida y varias vueltas. Charla perform\u00e1tica por Facundo Diaz Es una charla que habla sobre los viajes de Facundo Diaz como artista y gestor por diferentes ciudades del pa\u00eds durante el per\u00edodo 2015 &#8211; 2022 dando cuenta desde sus experiencias atravesadas por el arte, la gesti\u00f3n y la poes\u00eda sobre las redes afectivas, diferentes escenas, busc\u00e1ndole sentido a trav\u00e9s de las pr\u00e1cticas a la historia del arte m\u00e1s reciente. S\u00e1bado\u00a028 de mayo 15 hs | CEC &#8211; Apertura | MicroFeria de Arte Rosario 2022 15 hs | Galp\u00f3n 11 &#8211; Apertura Tinta Papel Ribera &nbsp; &nbsp; &nbsp; &nbsp;","og_url":"https:\/\/www.cecrosario.gob.ar\/index.php\/events\/microferia-de-arte-rosario\/","og_site_name":"CEC","article_publisher":"https:\/\/www.facebook.com\/centrodeexpresionescontemporaneas","article_modified_time":"2022-05-19T14:37:47+00:00","og_image":[{"width":2560,"height":1707,"url":"https:\/\/www.cecrosario.gob.ar\/wp-content\/uploads\/2022\/05\/arte-scaled.jpg","type":"image\/jpeg"}],"twitter_card":"summary_large_image","twitter_site":"@CEC_Rosario","twitter_misc":{"Tiempo de lectura":"3 minutos"},"schema":{"@context":"https:\/\/schema.org","@graph":[{"@type":"WebPage","@id":"https:\/\/www.cecrosario.gob.ar\/index.php\/events\/microferia-de-arte-rosario\/","url":"https:\/\/www.cecrosario.gob.ar\/index.php\/events\/microferia-de-arte-rosario\/","name":"MicroFeria de Arte Rosario - CEC","isPartOf":{"@id":"https:\/\/www.cecrosario.gob.ar\/#website"},"primaryImageOfPage":{"@id":"https:\/\/www.cecrosario.gob.ar\/index.php\/events\/microferia-de-arte-rosario\/#primaryimage"},"image":{"@id":"https:\/\/www.cecrosario.gob.ar\/index.php\/events\/microferia-de-arte-rosario\/#primaryimage"},"thumbnailUrl":"https:\/\/www.cecrosario.gob.ar\/wp-content\/uploads\/2022\/05\/arte-scaled.jpg","datePublished":"2022-05-12T20:05:38+00:00","dateModified":"2022-05-19T14:37:47+00:00","breadcrumb":{"@id":"https:\/\/www.cecrosario.gob.ar\/index.php\/events\/microferia-de-arte-rosario\/#breadcrumb"},"inLanguage":"es","potentialAction":[{"@type":"ReadAction","target":["https:\/\/www.cecrosario.gob.ar\/index.php\/events\/microferia-de-arte-rosario\/"]}]},{"@type":"ImageObject","inLanguage":"es","@id":"https:\/\/www.cecrosario.gob.ar\/index.php\/events\/microferia-de-arte-rosario\/#primaryimage","url":"https:\/\/www.cecrosario.gob.ar\/wp-content\/uploads\/2022\/05\/arte-scaled.jpg","contentUrl":"https:\/\/www.cecrosario.gob.ar\/wp-content\/uploads\/2022\/05\/arte-scaled.jpg","width":2560,"height":1707},{"@type":"BreadcrumbList","@id":"https:\/\/www.cecrosario.gob.ar\/index.php\/events\/microferia-de-arte-rosario\/#breadcrumb","itemListElement":[{"@type":"ListItem","position":1,"name":"Portada","item":"https:\/\/www.cecrosario.gob.ar\/"},{"@type":"ListItem","position":2,"name":"Eventos","item":"https:\/\/www.cecrosario.gob.ar\/index.php\/events\/"},{"@type":"ListItem","position":3,"name":"MicroFeria de Arte Rosario"}]},{"@type":"WebSite","@id":"https:\/\/www.cecrosario.gob.ar\/#website","url":"https:\/\/www.cecrosario.gob.ar\/","name":"CEC","description":"","publisher":{"@id":"https:\/\/www.cecrosario.gob.ar\/#organization"},"potentialAction":[{"@type":"SearchAction","target":{"@type":"EntryPoint","urlTemplate":"https:\/\/www.cecrosario.gob.ar\/?s={search_term_string}"},"query-input":{"@type":"PropertyValueSpecification","valueRequired":true,"valueName":"search_term_string"}}],"inLanguage":"es"},{"@type":"Organization","@id":"https:\/\/www.cecrosario.gob.ar\/#organization","name":"CEC Rosario","url":"https:\/\/www.cecrosario.gob.ar\/","logo":{"@type":"ImageObject","inLanguage":"es","@id":"https:\/\/www.cecrosario.gob.ar\/#\/schema\/logo\/image\/","url":"https:\/\/www.cecrosario.gob.ar\/wp-content\/uploads\/2021\/08\/cec-01.png","contentUrl":"https:\/\/www.cecrosario.gob.ar\/wp-content\/uploads\/2021\/08\/cec-01.png","width":2000,"height":976,"caption":"CEC Rosario"},"image":{"@id":"https:\/\/www.cecrosario.gob.ar\/#\/schema\/logo\/image\/"},"sameAs":["https:\/\/www.facebook.com\/centrodeexpresionescontemporaneas","https:\/\/x.com\/CEC_Rosario","https:\/\/www.instagram.com\/cec_rosario\/"]}]}},"_links":{"self":[{"href":"https:\/\/www.cecrosario.gob.ar\/index.php\/wp-json\/wp\/v2\/mec-events\/1545","targetHints":{"allow":["GET"]}}],"collection":[{"href":"https:\/\/www.cecrosario.gob.ar\/index.php\/wp-json\/wp\/v2\/mec-events"}],"about":[{"href":"https:\/\/www.cecrosario.gob.ar\/index.php\/wp-json\/wp\/v2\/types\/mec-events"}],"author":[{"embeddable":true,"href":"https:\/\/www.cecrosario.gob.ar\/index.php\/wp-json\/wp\/v2\/users\/3"}],"replies":[{"embeddable":true,"href":"https:\/\/www.cecrosario.gob.ar\/index.php\/wp-json\/wp\/v2\/comments?post=1545"}],"wp:featuredmedia":[{"embeddable":true,"href":"https:\/\/www.cecrosario.gob.ar\/index.php\/wp-json\/wp\/v2\/media\/1546"}],"wp:attachment":[{"href":"https:\/\/www.cecrosario.gob.ar\/index.php\/wp-json\/wp\/v2\/media?parent=1545"}],"wp:term":[{"taxonomy":"post_tag","embeddable":true,"href":"https:\/\/www.cecrosario.gob.ar\/index.php\/wp-json\/wp\/v2\/tags?post=1545"},{"taxonomy":"mec_category","embeddable":true,"href":"https:\/\/www.cecrosario.gob.ar\/index.php\/wp-json\/wp\/v2\/mec_category?post=1545"}],"curies":[{"name":"wp","href":"https:\/\/api.w.org\/{rel}","templated":true}]}}